 {"id":88,"date":"2015-02-26T22:05:11","date_gmt":"2015-02-26T22:05:11","guid":{"rendered":"http:\/\/www4.uma.pt\/cierl\/?page_id=88"},"modified":"2017-03-22T17:24:54","modified_gmt":"2017-03-22T17:24:54","slug":"coloquio-international-insula","status":"publish","type":"page","link":"https:\/\/cierl.uma.pt\/?page_id=88","title":{"rendered":"Col\u00f3quios Internacionais INSULA"},"content":{"rendered":"<p>&nbsp;<\/p>\n<p style=\"text-align: center;\"><a href=\"http:\/\/www4.uma.pt\/cierl\/wp-content\/uploads\/2015\/04\/IN_SU_LA.jpg\" rel=\"attachment wp-att-1574\"><img loading=\"lazy\" decoding=\"async\" class=\"alignnone wp-image-1574\" src=\"http:\/\/www4.uma.pt\/cierl\/wp-content\/uploads\/2015\/04\/IN_SU_LA-300x68.jpg\" alt=\"IN_SU_LA\" width=\"400\" height=\"90\" srcset=\"https:\/\/cierl.uma.pt\/wp-content\/uploads\/2015\/04\/IN_SU_LA-300x68.jpg 300w, https:\/\/cierl.uma.pt\/wp-content\/uploads\/2015\/04\/IN_SU_LA-1024x231.jpg 1024w, https:\/\/cierl.uma.pt\/wp-content\/uploads\/2015\/04\/IN_SU_LA.jpg 1240w\" sizes=\"auto, (max-width: 400px) 100vw, 400px\" \/><\/a><\/p>\n<h6 style=\"text-align: center;\"><span style=\"color: #014673;\">[design\u00a0\u00a9 Filipe Gomes]<\/span><\/h6>\n<p style=\"text-align: justify;\"><span style=\"color: #014673;\">Os Col\u00f3quios Internacionais INSULA constituem um ciclo de encontros acad\u00e9micos e culturais de \u00e2mbito internacional e multidisciplinar, promovido pelo UMa-CIERL na ilha da Madeira.<\/span><\/p>\n<p style=\"text-align: justify;\"><span style=\"color: #014673;\">Com uma regularidade anual, os Col\u00f3quios Internacionais INSULA privilegiar\u00e3o a \u00e1rea multidisciplinar dos Estudos Insulares, embora n\u00e3o se pretenda que o seu alcance tem\u00e1tico e disciplinar se esgote a\u00ed. A proposta do t\u00edtulo INSULA foi tamb\u00e9m orientada pelo valor metaf\u00f3rico que o lexema ILHA pode assumir: o de espa\u00e7os, fen\u00f3menos e\/ou discursos perif\u00e9ricos, relativamente a outros espa\u00e7os, fen\u00f3menos e\/ou discursos que, num dado contexto, assumem maior poder e visibilidade.<\/span><\/p>\n<p style=\"text-align: justify;\"><span style=\"color: #014673;\">O UMa-CIERL, enquanto centro de investiga\u00e7\u00e3o que come\u00e7a a dar os primeiros passos e que se situa numa regi\u00e3o europeia ultraperif\u00e9rica, procura, assim, demarcar a sua presen\u00e7a no sistema acad\u00e9mico regional, nacional e internacional, ao apostar na inova\u00e7\u00e3o (novos temas e problem\u00e1ticas; novas metodologias e perspectivas de abordagem) e\/ou em quest\u00f5es e discursos alternativos aos que dominam, hoje, nas Academias. Neste sentido, os Col\u00f3quios Internacionais INSULA prop\u00f5em-se como encontros dispon\u00edveis\u00a0para a experimenta\u00e7\u00e3o, debate e divulga\u00e7\u00e3o dessas propostas perif\u00e9ricas e inovadoras.<\/span><\/p>\n<p style=\"text-align: justify;\"><span style=\"color: #014673;\">Cada edi\u00e7\u00e3o dos Col\u00f3quios Internacionais INSULA seleccionar\u00e1 um tema central, de acordo com efem\u00e9rides ou quest\u00f5es\/objectos de estudo que assumam valor estrat\u00e9gico para o UMa-CIERL. Tendo em considera\u00e7\u00e3o os temas seleccionados, as v\u00e1rias Comiss\u00f5es Organizadoras desses encontros procurar\u00e3o encontrar parceiros regionais, nacionais e\/ou internacionais interessados e dispon\u00edveis para colaborarem na organiza\u00e7\u00e3o de cada um dos Col\u00f3quios Internacionais INSULA.<\/span><\/p>\n<h4><span style=\"color: #a7332f;\"><a style=\"color: #a7332f;\" href=\"http:\/\/www4.uma.pt\/cierl\/?page_id=1909\"><strong>III\u00a0<\/strong><strong>Col\u00f3quio Internacional INSULA. Para al\u00e9m de\u00a0Natureza &amp; Artif\u00edcio<\/strong><\/a><\/span><\/h4>\n<table style=\"width: 825px;\">\n<tbody>\n<tr>\n<td style=\"text-align: center; width: 179.367px;\"><a href=\"http:\/\/www4.uma.pt\/cierl\/wp-content\/uploads\/2015\/02\/insulaIII_Juliano.png\"><img loading=\"lazy\" decoding=\"async\" class=\"alignnone size-medium wp-image-4707\" src=\"http:\/\/www4.uma.pt\/cierl\/wp-content\/uploads\/2015\/02\/insulaIII_Juliano-258x300.png\" alt=\"\" width=\"258\" height=\"300\" srcset=\"https:\/\/cierl.uma.pt\/wp-content\/uploads\/2015\/02\/insulaIII_Juliano-258x300.png 258w, https:\/\/cierl.uma.pt\/wp-content\/uploads\/2015\/02\/insulaIII_Juliano.png 318w\" sizes=\"auto, (max-width: 258px) 100vw, 258px\" \/><\/a><\/td>\n<td style=\"width: 604.633px;\"><span style=\"color: #333333;\"><strong><a style=\"color: #333333;\" href=\"http:\/\/www4.uma.pt\/cierl\/?page_id=1916\">Convite \u00e0 participa\u00e7\u00e3o<\/a><\/strong><\/span><\/p>\n<p><span style=\"color: #a7332f;\">Funchal \u00a0| \u00a0UMa-CIERL<\/span><\/p>\n<h5><span style=\"color: #333333;\">8 a 12 de Novembro de 2017<\/span><\/h5>\n<h5><span style=\"color: #a7332f;\">Submiss\u00e3o de propostas at\u00e9<strong><span style=\"text-decoration: underline;\"><span style=\"text-decoration: underline;\"><span style=\"text-decoration: underline;\"> 30 de Maio\u00a0 <\/span><\/span>de 2017<\/span><\/strong><\/span><\/h5>\n<\/td>\n<\/tr>\n<\/tbody>\n<\/table>\n<h5 class=\"p1\"><\/h5>\n<h4 class=\"p1\"><a href=\"http:\/\/www4.uma.pt\/cierl\/?page_id=1855\"><strong>II Col\u00f3quio Internacional INSULA &#8211;<\/strong><strong>\u00a0\u00a0<span style=\"color: #ca2b2a;\">A Grande Guerra e os Espa\u00e7os Insulares<\/span><\/strong><\/a><\/h4>\n<h4><a href=\"http:\/\/www4.uma.pt\/cierl\/?page_id=1720\"><strong><img loading=\"lazy\" decoding=\"async\" class=\"alignleft wp-image-1701\" src=\"http:\/\/www4.uma.pt\/cierl\/wp-content\/uploads\/2015\/02\/II-Insula.png\" alt=\"II Insula\" width=\"150\" height=\"141\" \/><\/strong><\/a><a href=\"http:\/\/www4.uma.pt\/cierl\/?page_id=2537\"><span style=\"color: #000000;\"><strong>CONVITE \u00c0 PARTICIPA\u00c7\u00c3O<\/strong><\/span><\/a><\/h4>\n<p><span style=\"color: #ca2b2a;\">Funchal \u00a0| \u00a0UMa-CIERL<\/span><\/p>\n<h5><strong>1, 2 e 3 de Dezembro de 2016<\/strong><\/h5>\n<h5><span style=\"color: #ca2b2a;\">Submiss\u00e3o de propostas at\u00e9<strong>\u00a0<span style=\"text-decoration: underline;\"><span style=\"color: #000000; text-decoration: underline;\"><del>30 de Maio<\/del>\u00a0<span style=\"color: #ca2b2a; text-decoration: underline;\"> 30 de Junho <\/span><\/span>de 2016<\/span><\/strong><\/span><\/h5>\n<h5><\/h5>\n<h4 class=\"p1\"><a href=\"http:\/\/www4.uma.pt\/cierl\/?page_id=1838\"><strong><span style=\"color: #014673;\">I Col\u00f3quio Internacional INSULA<\/span> &#8211;<\/strong><strong>\u00a0\u00a0<\/strong><span style=\"color: #157cc0;\"><strong>Discursos Perif\u00e9ricos da(s) Modernidade(s)<\/strong><\/span><\/a><\/h4>\n<p><a href=\"%20http:\/\/www4.uma.pt\/cierl\/?page_id=1723\"><br \/>\n<\/a><a href=\"%20http:\/\/www4.uma.pt\/cierl\/?page_id=1723\"><img loading=\"lazy\" decoding=\"async\" class=\"alignleft wp-image-80\" src=\"http:\/\/www4.uma.pt\/cierl\/wp-content\/uploads\/2015\/02\/Logo2-300x300.png\" alt=\"Logo2\" width=\"150\" height=\"150\" srcset=\"https:\/\/cierl.uma.pt\/wp-content\/uploads\/2015\/02\/Logo2-300x300.png 300w, https:\/\/cierl.uma.pt\/wp-content\/uploads\/2015\/02\/Logo2-150x150.png 150w, https:\/\/cierl.uma.pt\/wp-content\/uploads\/2015\/02\/Logo2.png 600w\" sizes=\"auto, (max-width: 150px) 100vw, 150px\" \/><\/a><\/p>\n<h5 class=\"p5\">\u00a0<span style=\"color: #014673;\"><strong><a style=\"color: #014673;\" href=\"http:\/\/www4.uma.pt\/cierl\/?page_id=1840\">CONVITE \u00c0 PARTICIPA\u00c7\u00c3O<\/a><\/strong><\/span><\/h5>\n<p class=\"p5\"><span class=\"s2\" style=\"color: #157cc0;\">Funchal<span class=\"Apple-converted-space\">\u00a0 <\/span>|<span class=\"Apple-converted-space\">\u00a0 <\/span>UMa-CIERL<\/span><\/p>\n<h5 class=\"p5\"><strong><span class=\"s2\" style=\"color: #014673;\">19, 20 e 21 de Novembro de 2015<\/span><\/strong><\/h5>\n<p class=\"p10\"><span class=\"s2\"><br \/>\n<\/span><\/p>\n<p class=\"p10\"><span style=\"color: #014673;\"><b>Patrocinadores de v\u00e1rias edi\u00e7\u00f5es:<\/b><\/span><\/p>\n<p class=\"p10\"><a href=\"http:\/\/www4.uma.pt\/cierl\/wp-content\/uploads\/2016\/02\/CMF-e1456776101229.jpg\" rel=\"attachment wp-att-2139\"><img loading=\"lazy\" decoding=\"async\" class=\"alignnone wp-image-2139\" src=\"http:\/\/www4.uma.pt\/cierl\/wp-content\/uploads\/2016\/02\/CMF-e1456776101229.jpg\" alt=\"CMF\" width=\"167\" height=\"147\" \/><\/a><a href=\"http:\/\/www4.uma.pt\/cierl\/wp-content\/uploads\/2016\/02\/Belmond-Reids-Palace-e1466515029121.png\" rel=\"attachment wp-att-3015\"><img loading=\"lazy\" decoding=\"async\" class=\"alignnone wp-image-3015\" src=\"http:\/\/www4.uma.pt\/cierl\/wp-content\/uploads\/2016\/02\/Belmond-Reids-Palace-264x300.png\" alt=\"Belmond Reid's Palace\" width=\"171\" height=\"194\" \/><\/a><a href=\"http:\/\/www4.uma.pt\/cierl\/wp-content\/uploads\/2016\/06\/FOUR-VIEWS.png\"><img loading=\"lazy\" decoding=\"async\" class=\"alignnone wp-image-4264\" src=\"http:\/\/www4.uma.pt\/cierl\/wp-content\/uploads\/2016\/06\/FOUR-VIEWS-300x179.png\" alt=\"\" width=\"203\" height=\"121\" srcset=\"https:\/\/cierl.uma.pt\/wp-content\/uploads\/2016\/06\/FOUR-VIEWS-300x179.png 300w, https:\/\/cierl.uma.pt\/wp-content\/uploads\/2016\/06\/FOUR-VIEWS.png 409w\" sizes=\"auto, (max-width: 203px) 100vw, 203px\" \/><\/a><\/p>\n<h3 class=\"p2\"><a href=\"http:\/\/www4.uma.pt\/cierl\/wp-content\/uploads\/2015\/02\/rodape.png\"><img loading=\"lazy\" decoding=\"async\" class=\"alignnone size-large wp-image-131\" src=\"http:\/\/www4.uma.pt\/cierl\/wp-content\/uploads\/2015\/02\/rodape-1024x333.png\" alt=\"rodape\" width=\"1024\" height=\"333\" srcset=\"https:\/\/cierl.uma.pt\/wp-content\/uploads\/2015\/02\/rodape-1024x333.png 1024w, https:\/\/cierl.uma.pt\/wp-content\/uploads\/2015\/02\/rodape-300x97.png 300w, https:\/\/cierl.uma.pt\/wp-content\/uploads\/2015\/02\/rodape.png 1230w\" sizes=\"auto, (max-width: 1024px) 100vw, 1024px\" \/><\/a><\/h3>\n","protected":false},"excerpt":{"rendered":"<p>&nbsp; [design\u00a0\u00a9 Filipe Gomes] Os Col\u00f3quios Internacionais INSULA constituem um ciclo de encontros acad\u00e9micos e culturais de \u00e2mbito internacional e multidisciplinar, promovido pelo UMa-CIERL na ilha da Madeira. Com uma regularidade anual, os Col\u00f3quios Internacionais INSULA privilegiar\u00e3o a \u00e1rea multidisciplinar dos Estudos Insulares, embora n\u00e3o se pretenda que o seu alcance tem\u00e1tico e disciplinar se &#8230; <a title=\"Col\u00f3quios Internacionais INSULA\" class=\"read-more\" href=\"https:\/\/cierl.uma.pt\/?page_id=88\" aria-label=\"More on Col\u00f3quios Internacionais INSULA\">Read more<\/a><\/p>\n","protected":false},"author":3,"featured_media":0,"parent":0,"menu_order":0,"comment_status":"closed","ping_status":"closed","template":"","meta":{"footnotes":""},"language":[6],"class_list":{"0":"post-88","1":"page","2":"type-page","3":"status-publish","5":"language-pt_pt"},"_links":{"self":[{"href":"https:\/\/cierl.uma.pt\/index.php?rest_route=\/wp\/v2\/pages\/88","targetHints":{"allow":["GET"]}}],"collection":[{"href":"https:\/\/cierl.uma.pt\/index.php?rest_route=\/wp\/v2\/pages"}],"about":[{"href":"https:\/\/cierl.uma.pt\/index.php?rest_route=\/wp\/v2\/types\/page"}],"author":[{"embeddable":true,"href":"https:\/\/cierl.uma.pt\/index.php?rest_route=\/wp\/v2\/users\/3"}],"replies":[{"embeddable":true,"href":"https:\/\/cierl.uma.pt\/index.php?rest_route=%2Fwp%2Fv2%2Fcomments&post=88"}],"version-history":[{"count":105,"href":"https:\/\/cierl.uma.pt\/index.php?rest_route=\/wp\/v2\/pages\/88\/revisions"}],"predecessor-version":[{"id":4722,"href":"https:\/\/cierl.uma.pt\/index.php?rest_route=\/wp\/v2\/pages\/88\/revisions\/4722"}],"wp:attachment":[{"href":"https:\/\/cierl.uma.pt\/index.php?rest_route=%2Fwp%2Fv2%2Fmedia&parent=88"}],"wp:term":[{"taxonomy":"language","embeddable":true,"href":"https:\/\/cierl.uma.pt\/index.php?rest_route=%2Fwp%2Fv2%2Flanguage&post=88"}],"curies":[{"name":"wp","href":"https:\/\/api.w.org\/{rel}","templated":true}]}}