 {"id":487,"date":"2015-04-07T10:47:36","date_gmt":"2015-04-07T10:47:36","guid":{"rendered":"http:\/\/www4.uma.pt\/cierl\/?page_id=487"},"modified":"2023-11-20T15:16:50","modified_gmt":"2023-11-20T15:16:50","slug":"teresa-norton-dias","status":"publish","type":"page","link":"https:\/\/cierl.uma.pt\/?page_id=487","title":{"rendered":"Teresa Norton Dias"},"content":{"rendered":"<p><span style=\"color: #003366;\"><strong>Teresa<\/strong> Maria de Moura Portugal <strong>Norton<\/strong> <strong>Dias<\/strong>. Nascida em Beira, Mo\u00e7ambique, faz a sua forma\u00e7\u00e3o acad\u00e9mica e art\u00edstica entre aquela ex-col\u00f3nia portuguesa, Portugal Continental e Insular e Londres, em Inglaterra. Incentivada pela sua m\u00e3e, cedo descobre a sua voca\u00e7\u00e3o para a dan\u00e7a, estudos que a levam at\u00e9 aquele pa\u00eds anglo-sax\u00f3nico (como bolseira da ent\u00e3o Secretaria de Estado da Cultura) e em <em>tourne\u00e9<\/em> pela Europa, tendo para o efeito interrompido os seus estudos acad\u00e9micos no primeiro ano de licenciatura, retomados aquando do seu regresso e j\u00e1 em 1988. Quebradas as expetativas de uma carreira na investiga\u00e7\u00e3o, ambi\u00e7\u00e3o que estimulara no seu percurso acad\u00e9mico da licenciatura em Hist\u00f3ria, variante de Hist\u00f3ria da Arte, pela Universidade de Lisboa, embarca de forma empreendedora numa aventura empresarial que deixa em 2000, quando da sua ida para o Funchal, na ilha da Madeira, para integrar um novo projeto no Ensino Profissional e Art\u00edstico e a dire\u00e7\u00e3o art\u00edstica da Companhia de Bailado da Madeira no Conservat\u00f3rio-Escola Profissional das Artes da Madeira-Eng.\u00ba Luiz Peter Clode. Em 2001 inicia a sua colabora\u00e7\u00e3o com a Escola Profissional Atl\u00e2ntico no Funchal e, em 2003, funda a Associa\u00e7\u00e3o Art\u00edstica de Educa\u00e7\u00e3o pela Arte na Madeira e o seu n\u00facleo art\u00edstico <em>Trans(form)art,<\/em> a cuja dire\u00e7\u00e3o preside at\u00e9 \u00e0 sua extin\u00e7\u00e3o a 31 de dezembro de 2012sua extin\u00e7\u00e3o, em dezembro de 2012. Em 2004 integra os quadros da Universidade da Madeira e \u00e0 luz dos novos estatutos, dirigir o Gabinete de Apoio ao Conselho Geral e ao Provedor do Est, cuja carreira abra\u00e7ou como T\u00e9cnica Superior. Rm 2010 eingressouou no ensino universit\u00e1rio, nno 2\u00ba Ciclo em Rela\u00e7\u00f5es Interculturais, pela Universidade Aberta, que concluiu com a defesa da disserta\u00e7\u00e3o intitulada \u201cImigra\u00e7\u00e3o Qualificada: o caso dos profissionais de m\u00fasica cl\u00e1ssica oriundos da Ucr\u00e2nia na Orquestra Cl\u00e1ssica da Madeira\u201d. \u00c9 doutorada em Rela\u00e7\u00f5es Interculturais pela mesma Universidade. \u00c9, desde 2011, investigadora do CEMRI\/UAb \u2013 GI Media e Media\u00e7\u00f5es Culturais. Em 2013 foi convidada para integrar a equipa de investigadores colaboradores do CLEPUL-P\u00f3lo Madeira. Ainda em 2013 integra a equipa de investigadores do projeto multidisciplinar \u201c(Des)Mem\u00f3ria de desastre? Cultura e perigos naturais, cat\u00e1strofe e resili\u00eancia. Madeira, um caso de estudo\u201d (CECC-UCP\/CIERL-UMa). Desde 2014 que colabora com o CIERL-UMa. As suas principais \u00e1reas de interesse s\u00e3o as migra\u00e7\u00f5es e os fen\u00f3menos interculturais, a antropologia visual, media e media\u00e7\u00e3o cultural, arte e educa\u00e7\u00e3o, corpo e movimento.<\/span><\/p>\n","protected":false},"excerpt":{"rendered":"<p>Teresa Maria de Moura Portugal Norton Dias. Nascida em Beira, Mo\u00e7ambique, faz a sua forma\u00e7\u00e3o acad\u00e9mica e art\u00edstica entre aquela ex-col\u00f3nia portuguesa, Portugal Continental e Insular e Londres, em Inglaterra. Incentivada pela sua m\u00e3e, cedo descobre a sua voca\u00e7\u00e3o para a dan\u00e7a, estudos que a levam at\u00e9 aquele pa\u00eds anglo-sax\u00f3nico (como bolseira da ent\u00e3o Secretaria &#8230; <a title=\"Teresa Norton Dias\" class=\"read-more\" href=\"https:\/\/cierl.uma.pt\/?page_id=487\" aria-label=\"More on Teresa Norton Dias\">Read more<\/a><\/p>\n","protected":false},"author":4,"featured_media":321,"parent":181,"menu_order":0,"comment_status":"closed","ping_status":"open","template":"","meta":{"footnotes":""},"language":[6],"class_list":{"0":"post-487","1":"page","2":"type-page","3":"status-publish","4":"has-post-thumbnail","6":"language-pt_pt"},"_links":{"self":[{"href":"https:\/\/cierl.uma.pt\/index.php?rest_route=\/wp\/v2\/pages\/487","targetHints":{"allow":["GET"]}}],"collection":[{"href":"https:\/\/cierl.uma.pt\/index.php?rest_route=\/wp\/v2\/pages"}],"about":[{"href":"https:\/\/cierl.uma.pt\/index.php?rest_route=\/wp\/v2\/types\/page"}],"author":[{"embeddable":true,"href":"https:\/\/cierl.uma.pt\/index.php?rest_route=\/wp\/v2\/users\/4"}],"replies":[{"embeddable":true,"href":"https:\/\/cierl.uma.pt\/index.php?rest_route=%2Fwp%2Fv2%2Fcomments&post=487"}],"version-history":[{"count":3,"href":"https:\/\/cierl.uma.pt\/index.php?rest_route=\/wp\/v2\/pages\/487\/revisions"}],"predecessor-version":[{"id":30152,"href":"https:\/\/cierl.uma.pt\/index.php?rest_route=\/wp\/v2\/pages\/487\/revisions\/30152"}],"up":[{"embeddable":true,"href":"https:\/\/cierl.uma.pt\/index.php?rest_route=\/wp\/v2\/pages\/181"}],"wp:featuredmedia":[{"embeddable":true,"href":"https:\/\/cierl.uma.pt\/index.php?rest_route=\/wp\/v2\/media\/321"}],"wp:attachment":[{"href":"https:\/\/cierl.uma.pt\/index.php?rest_route=%2Fwp%2Fv2%2Fmedia&parent=487"}],"wp:term":[{"taxonomy":"language","embeddable":true,"href":"https:\/\/cierl.uma.pt\/index.php?rest_route=%2Fwp%2Fv2%2Flanguage&post=487"}],"curies":[{"name":"wp","href":"https:\/\/api.w.org\/{rel}","templated":true}]}}