 {"id":439,"date":"2015-04-07T09:22:07","date_gmt":"2015-04-07T09:22:07","guid":{"rendered":"http:\/\/www4.uma.pt\/cierl\/?page_id=439"},"modified":"2017-01-30T16:53:52","modified_gmt":"2017-01-30T16:53:52","slug":"localizacao-e-acolhimento","status":"publish","type":"page","link":"https:\/\/cierl.uma.pt\/?page_id=439","title":{"rendered":"Localiza\u00e7\u00e3o e acolhimento"},"content":{"rendered":"<p><strong>LOCALIZA\u00c7\u00c3O<\/strong><\/p>\n<p>O encontro acad\u00e9mico <strong>ter\u00e1 lugar na Universidade da Madeira.<\/strong><\/p>\n<p><iframe loading=\"lazy\" width=\"1200\" height=\"675\" src=\"https:\/\/www.youtube.com\/embed\/VSJLexhBn-Y?feature=oembed\" frameborder=\"0\" allowfullscreen><\/iframe><\/p>\n<p>O arquip\u00e9lago da Madeira encontra-se situado no oceano Atl\u00e2ntico, distando 500 km da costa africana e 1000 km do continente europeu, ou seja a 1H30 minutos de voo a partir da cidade de Lisboa.<\/p>\n<p><img decoding=\"async\" class=\"aligncenter\" src=\"http:\/\/www4.uma.pt\/dmd\/wp-content\/uploads\/2013\/06\/Mapa-Madeira_Atl\u00e2ntico.jpg\" alt=\"\" \/><\/p>\n<p><iframe loading=\"lazy\" width=\"1200\" height=\"675\" src=\"https:\/\/www.youtube.com\/embed\/KCcoKK1K2Y8?feature=oembed\" frameborder=\"0\" allowfullscreen><\/iframe><\/p>\n<p><strong>Como chegar<\/strong>:<\/p>\n<p>Um voo para a Madeira dura cerca de 1h30 a partir dos aeroportos portugueses e um pouco mais de 3 horas, aproximadamente, desde os principais aeroportos do centro da Europa. Os voos entre a Madeira e o Porto Santo s\u00e3o feitos em 15 minutos. S\u00e3o muitas as liga\u00e7\u00f5es e ofertas especiais em diversas companhias a\u00e9reas com liga\u00e7\u00f5es regulares, companhias a\u00e9reas charter e companhias a\u00e9reas de baixo custo \u201d LowCost\u201d.<\/p>\n<p><strong>\u00a0*********************************************************************************<\/strong><\/p>\n<p><strong>ALOJAMENTO<\/strong><\/p>\n<p>Com uma longa tradi\u00e7\u00e3o na actividade tur\u00edstica, a cidade do Funchal apresenta uma enorme e variad\u00edssima oferta de alojamentos.<\/p>\n<p>O m\u00eas de Outubro n\u00e3o corresponde a uma \u00e9poca de grande aflu\u00eancia tur\u00edstica \u00e0 ilha.<\/p>\n<p>Indicamos aqui alguns hot\u00e9is\/resid\u00eancias com os quais a Comiss\u00e3o Organizadora do I Col\u00f3quio Internacional \u201c(Des)Mem\u00f3ria de desastre\u201d negociou taxas de alojamento especiais para os participantes no encontro:<\/p>\n<ol>\n<li>\u00a0<strong>Resid\u00eancia Universit\u00e1ria Nossa Senhora das Vit\u00f3rias:<\/strong><\/li>\n<\/ol>\n<p><img decoding=\"async\" src=\"http:\/\/www4.uma.pt\/dmd\/wp-content\/uploads\/2013\/06\/Resid\u00eancia-Universit\u00e1ria.jpg\" alt=\"\" \/><\/p>\n<p><a href=\"http:\/\/residencia.sasuma.pt\/pt.php\">http:\/\/residencia.sasuma.pt\/pt.php<\/a><\/p>\n<p>e-mail:\u00a0residencia@sasuma.pt<\/p>\n<p>telefone:\u00a0+351 291 201 817<\/p>\n<p style=\"padding-left: 30px;\">2. \u00a0 <strong>Belmond Reid\u2019s Palace:\u00a0<\/strong><\/p>\n<p style=\"padding-left: 30px; text-align: left;\"><a href=\"http:\/\/www4.uma.pt\/cierl\/wp-content\/uploads\/2015\/04\/5_estrelas.png\"><img loading=\"lazy\" decoding=\"async\" class=\" size-full wp-image-1485 alignleft\" src=\"http:\/\/www4.uma.pt\/cierl\/wp-content\/uploads\/2015\/04\/5_estrelas.png\" alt=\"5_estrelas\" width=\"148\" height=\"37\" \/><\/a><\/p>\n<p>&nbsp;<\/p>\n<p><a href=\"http:\/\/www4.uma.pt\/cierl\/wp-content\/uploads\/2015\/04\/omad_1366x400_exterior05.jpg\"><img loading=\"lazy\" decoding=\"async\" class=\" wp-image-1479 alignleft\" src=\"http:\/\/www4.uma.pt\/cierl\/wp-content\/uploads\/2015\/04\/omad_1366x400_exterior05-1024x300.jpg\" alt=\"omad_1366x400_exterior05\" width=\"425\" height=\"124\" srcset=\"https:\/\/cierl.uma.pt\/wp-content\/uploads\/2015\/04\/omad_1366x400_exterior05-1024x300.jpg 1024w, https:\/\/cierl.uma.pt\/wp-content\/uploads\/2015\/04\/omad_1366x400_exterior05-300x88.jpg 300w, https:\/\/cierl.uma.pt\/wp-content\/uploads\/2015\/04\/omad_1366x400_exterior05.jpg 1366w\" sizes=\"auto, (max-width: 425px) 100vw, 425px\" \/><\/a><\/p>\n<p>&nbsp;<\/p>\n<p>&nbsp;<\/p>\n<p>&nbsp;<\/p>\n<p>&nbsp;<\/p>\n<p><a href=\"http:\/\/www.belmond.com\/reids-palace-madeira\/\" target=\"_blank\" rel=\"nofollow\">http:\/\/www.belmond.com\/reids-palace-madeira\/<\/a><\/p>\n<p>email:\u00a0\u00a0<a href=\"mailto:reservations.rds@belmond.com\">reservations.rds@belmond.com<\/a><\/p>\n<p>telefone:\u00a0+351 291 71 71 71<\/p>\n<p>&nbsp;<\/p>\n<p><strong>3. Four Views Ba\u00eda Hotel:<\/strong><\/p>\n<p><a href=\"http:\/\/www4.uma.pt\/cierl\/wp-content\/uploads\/2015\/04\/4_estrelas.png\"><img loading=\"lazy\" decoding=\"async\" class=\"alignnone size-full wp-image-1484\" src=\"http:\/\/www4.uma.pt\/cierl\/wp-content\/uploads\/2015\/04\/4_estrelas.png\" alt=\"4_estrelas\" width=\"148\" height=\"37\" \/><\/a><\/p>\n<p><a href=\"http:\/\/www4.uma.pt\/cierl\/wp-content\/uploads\/2015\/04\/hotel-four-views-baia-PF21884_3.jpg\"><img loading=\"lazy\" decoding=\"async\" class=\"alignnone size-medium wp-image-1692\" src=\"http:\/\/www4.uma.pt\/cierl\/wp-content\/uploads\/2015\/04\/hotel-four-views-baia-PF21884_3-300x225.jpg\" alt=\"hotel-four-views-baia-PF21884_3\" width=\"300\" height=\"225\" srcset=\"https:\/\/cierl.uma.pt\/wp-content\/uploads\/2015\/04\/hotel-four-views-baia-PF21884_3-300x225.jpg 300w, https:\/\/cierl.uma.pt\/wp-content\/uploads\/2015\/04\/hotel-four-views-baia-PF21884_3.jpg 333w\" sizes=\"auto, (max-width: 300px) 100vw, 300px\" \/><\/a><\/p>\n<p><a href=\"http:\/\/www.fourviewshotels.com\/four-views-baia\/sobre-o-hotel\">http:\/\/www.fourviewshotels.com\/four-views-baia\/sobre-o-hotel<\/a><\/p>\n<p><strong>Contacto Geral<\/strong><br \/>\nTel: (+351) 291 700 200<br \/>\nFax: (+351) 291 700 219<br \/>\nEmail: geral@fourviewshotels.com<\/p>\n<p>****************************************************<\/p>\n<p>&nbsp;<\/p>\n<p><strong>O QUE FAZER NA MADEIRA?<\/strong><\/p>\n<p>Palco de um clima ameno durante todo o ano, a ilha da Madeira permite a pr\u00e1tica de alguns desportos n\u00e1uticos como o surf, o windsurf, o mergulho, a vela, a canoagem ou o esqui aqu\u00e1tico. Os passeios de barco e a observa\u00e7\u00e3o de cet\u00e1ceos tamb\u00e9m est\u00e3o dispon\u00edveis, durante quase todo o ano.<\/p>\n<p>A orografia, a natureza e a exuber\u00e2ncia da paisagem fazem com que esta ilha seja o cen\u00e1rio ideal para a observa\u00e7\u00e3o de aves, o canyoning, a orienta\u00e7\u00e3o, os passeios a p\u00e9, o jeep safari e o golfe.<\/p>\n<p><strong>A visitar:<\/strong><\/p>\n<p>\u00bb <a href=\"http:\/\/www.visitmadeira.pt\/?s=menu&amp;e=\/madeira\/passeios-a-pe&amp;i=por\">Passeios a p\u00e9 nas levadas e veredas<\/a>;<\/p>\n<p>\u00bb <a href=\"http:\/\/santanamadeirabiosfera.com\/pt\/2012-04-08-23-20-15\/pedestrianismo\">Percursos da Biosfera<\/a>;<\/p>\n<p>\u00bb <a href=\"http:\/\/www.sra.pt\/jarbot\/\">Jardim Bot\u00e2nico da Madeira<\/a>;<\/p>\n<p>\u00bb <a href=\"http:\/\/www.montepalace.com\/index.php?lang=pt\">Jardim Tropical Monte Palace<\/a>;<\/p>\n<p>\u00bb Roseiral da Quinta do Arco<\/p>\n<p>\u00bb Jardim Municipal<\/p>\n<p>\u00bb\u00a0<a href=\"http:\/\/www.macfunchal.blogspot.pt\/\">Museu de Arte Contempor\u00e2nea do Funchal<\/a><\/p>\n<p>\u00bb\u00a0<a href=\"http:\/\/www.museuartesacrafunchal.org\/homepage.html\">Museu de Arte Sacra do Funchal<\/a><\/p>\n<p>\u00bb Museu de Hist\u00f3ria Natural:<\/p>\n<p>\u00bb <a href=\"http:\/\/www.museuquintadascruzes.com\/pt-PT\/Museu\/ContentList.aspx\">Museu da Quinta das Cruzes<\/a>;<\/p>\n<p>\u00bb <a href=\"http:\/\/www.photographiamuseuvicentes.com.pt\/\">Photografia Museu Vicentes<\/a>;<\/p>\n<p>\u00bb <a href=\"http:\/\/www.blandyswinelodge.com\/\">Museu da Madeira Wine<\/a>;<\/p>\n<p>\u00bb <a href=\"http:\/\/www1.cm-funchal.pt\/index.php?option=com_content&amp;view=article&amp;id=225&amp;Itemid=283\">N\u00facleo Museol\u00f3gico da Cidade do A\u00e7\u00facar<\/a>;<\/p>\n<p>\u00bb <a href=\"http:\/\/www.museudabaleia.org\/\">Museu da Baleia<\/a>;<\/p>\n<p>\u00bb <a href=\"http:\/\/www.imc-ip.pt\/pt-PT\/rpm\/museus_rpm\/direc_regional_madeira\/ContentDetail.aspx?id=1280\">Museu Etnogr\u00e1fico da Madeira<\/a>;<\/p>\n<p>\u00bb <a href=\"http:\/\/www.sociedadesdedesenvolvimento.com\/centro-das-artes.html\">Centro das Artes \u201cCasa das Mudas\u201d<\/a>;<\/p>\n<p>\u00bb<a href=\"http:\/\/www1.cm-funchal.pt\/index.php?option=com_content&amp;view=article&amp;id=63&amp;Itemid=196\"> Mercado dos Lavradores<\/a>;<\/p>\n<p>\u00bb <a href=\"http:\/\/www.storycentre.com\/\">Madeira Story Centre<\/a>;<\/p>\n<p>\u00bb \u2018Zona Velha\u2019 do Funchal, onde, para al\u00e9m do centro hist\u00f3rico da cidade, se pode conhecer o projecto de arte p\u00fablica\u00a0<em><a href=\"http:\/\/www.arteportasabertas.com\/\">artE de pOrtas abErtas<\/a>;<\/em><\/p>\n<p><strong>+ info<\/strong>.:<\/p>\n<p>*site\u00a0oficial do <a href=\"http:\/\/www.visitmadeira.pt\/?s=menu&amp;e=\/madeira\">Turismo da Madeira<\/a>;<\/p>\n<p>*<a href=\"http:\/\/cultura.madeira-edu.pt\/agendacultural\/Semparent\/tabid\/1110\/language\/pt-PT\/Default.aspx\">agenda cultural<\/a>.<\/p>\n","protected":false},"excerpt":{"rendered":"<p>LOCALIZA\u00c7\u00c3O O encontro acad\u00e9mico ter\u00e1 lugar na Universidade da Madeira. O arquip\u00e9lago da Madeira encontra-se situado no oceano Atl\u00e2ntico, distando 500 km da costa africana e 1000 km do continente europeu, ou seja a 1H30 minutos de voo a partir da cidade de Lisboa. Como chegar: Um voo para a Madeira dura cerca de 1h30 &#8230; <a title=\"Localiza\u00e7\u00e3o e acolhimento\" class=\"read-more\" href=\"https:\/\/cierl.uma.pt\/?page_id=439\" aria-label=\"More on Localiza\u00e7\u00e3o e acolhimento\">Read more<\/a><\/p>\n","protected":false},"author":4,"featured_media":0,"parent":88,"menu_order":0,"comment_status":"closed","ping_status":"open","template":"","meta":{"footnotes":""},"language":[6],"class_list":{"0":"post-439","1":"page","2":"type-page","3":"status-publish","5":"language-pt_pt"},"_links":{"self":[{"href":"https:\/\/cierl.uma.pt\/index.php?rest_route=\/wp\/v2\/pages\/439","targetHints":{"allow":["GET"]}}],"collection":[{"href":"https:\/\/cierl.uma.pt\/index.php?rest_route=\/wp\/v2\/pages"}],"about":[{"href":"https:\/\/cierl.uma.pt\/index.php?rest_route=\/wp\/v2\/types\/page"}],"author":[{"embeddable":true,"href":"https:\/\/cierl.uma.pt\/index.php?rest_route=\/wp\/v2\/users\/4"}],"replies":[{"embeddable":true,"href":"https:\/\/cierl.uma.pt\/index.php?rest_route=%2Fwp%2Fv2%2Fcomments&post=439"}],"version-history":[{"count":24,"href":"https:\/\/cierl.uma.pt\/index.php?rest_route=\/wp\/v2\/pages\/439\/revisions"}],"predecessor-version":[{"id":4637,"href":"https:\/\/cierl.uma.pt\/index.php?rest_route=\/wp\/v2\/pages\/439\/revisions\/4637"}],"up":[{"embeddable":true,"href":"https:\/\/cierl.uma.pt\/index.php?rest_route=\/wp\/v2\/pages\/88"}],"wp:attachment":[{"href":"https:\/\/cierl.uma.pt\/index.php?rest_route=%2Fwp%2Fv2%2Fmedia&parent=439"}],"wp:term":[{"taxonomy":"language","embeddable":true,"href":"https:\/\/cierl.uma.pt\/index.php?rest_route=%2Fwp%2Fv2%2Flanguage&post=439"}],"curies":[{"name":"wp","href":"https:\/\/api.w.org\/{rel}","templated":true}]}}