 {"id":427,"date":"2015-04-07T09:17:11","date_gmt":"2015-04-07T09:17:11","guid":{"rendered":"http:\/\/www4.uma.pt\/cierl\/?page_id=427"},"modified":"2019-06-10T08:22:02","modified_gmt":"2019-06-10T08:22:02","slug":"formacao","status":"publish","type":"page","link":"https:\/\/cierl.uma.pt\/?page_id=427","title":{"rendered":"Forma\u00e7\u00e3o"},"content":{"rendered":"<h4 style=\"text-align: center;\"><a href=\"http:\/\/www4.uma.pt\/cierl\/wp-content\/uploads\/2015\/04\/CIERL_amarelo.png\" rel=\"attachment wp-att-1382\"><img loading=\"lazy\" decoding=\"async\" class=\"alignnone wp-image-1382\" src=\"http:\/\/www4.uma.pt\/cierl\/wp-content\/uploads\/2015\/04\/CIERL_amarelo-300x158.png\" alt=\"CIERL_amarelo\" width=\"200\" height=\"105\" srcset=\"https:\/\/cierl.uma.pt\/wp-content\/uploads\/2015\/04\/CIERL_amarelo-300x158.png 300w, https:\/\/cierl.uma.pt\/wp-content\/uploads\/2015\/04\/CIERL_amarelo.png 342w\" sizes=\"auto, (max-width: 200px) 100vw, 200px\" \/><\/a><\/h4>\n<h3 style=\"text-align: center;\">PROGRAMAS DE FORMA\u00c7\u00c3O DO UMa-CIERL<\/h3>\n<p style=\"text-align: center;\"><span style=\"color: #ffffff;\">\u00a0<\/span><\/p>\n<table style=\"width: 900px;\" border=\"0\">\n<tbody>\n<tr>\n<td style=\"text-align: left;\" valign=\"top\">\n<h5><a href=\"http:\/\/www4.uma.pt\/cierl\/?page_id=1371\">CURSOS LIVRES E DE P\u00d3S-GRADUA\u00c7\u00c3O, SEMIN\u00c1RIOS E <em>WORKSHOPS <\/em>DO UMa-CIERL<\/a><\/h5>\n<h6 style=\"text-align: justify;\"><strong>Coordenador<\/strong>: (a indicar futuramente)<\/h6>\n<h6 style=\"text-align: justify;\">Programa formativo mulltidisciplinar e plurianual do UMa-CIERL, mas com calendariza\u00e7\u00e3o revista anualmente. Tem como objectivo principal a divulga\u00e7\u00e3o do trabalho acad\u00e9mico desenvolvido pelos investigadores do centro.<\/h6>\n<h6 style=\"text-align: justify;\" align=\"JUSTIFY\">Os interessados em promover alguma ac\u00e7\u00e3o no \u00e2mbito deste programa dever\u00e3o enviar as suas propostas para a caixa de correio eletr\u00f3nico do UMa-CIERL:\u00a0<a>cierl@mail.uma.pt<\/a> .<\/h6>\n<\/td>\n<td style=\"width: 50%;\" valign=\"top\">\n<h5><span style=\"color: #403b3b;\"><strong><a href=\"http:\/\/www4.uma.pt\/cierl\/wp-content\/uploads\/2015\/02\/07.png\" rel=\"attachment wp-att-130\"><img loading=\"lazy\" decoding=\"async\" class=\"alignnone wp-image-130\" src=\"http:\/\/www4.uma.pt\/cierl\/wp-content\/uploads\/2015\/02\/07.png\" alt=\"07\" width=\"16\" height=\"16\" \/><\/a>\u00a0<a href=\"http:\/\/www4.uma.pt\/cierl\/?page_id=4980&amp;preview=true\">Programa \u00a0EM LEG\u00cdTIMA DEFESA<\/a><\/strong><\/span><\/h5>\n<h5><strong><span style=\"color: #575454;\">Autoria e coordena\u00e7\u00e3o<\/span>:<\/strong>\u00a0N\u00facleo de Investiga\u00e7\u00e3o\u00a0<a href=\"http:\/\/www4.uma.pt\/cierl\/?page_id=362\">\u00a0Tratu\u00e1rio. Percursos para a Hist\u00f3ria da Cultura Madeirense<\/a><\/h5>\n<h5><strong><span style=\"color: #808080;\">Formador(es): V\u00e1rios<\/span><\/strong><\/h5>\n<ul>\n<li style=\"text-align: justify;\">\n<h5>2.\u00aa edi\u00e7\u00e3o &#8211; \u00a02017\/2019 -Em Leg\u00edtima Defesa. Encontros com Literatura e Cinema na Madeira<\/h5>\n<ul>\n<li>\n<h5><a href=\"http:\/\/www4.uma.pt\/cierl\/?page_id=29857\" target=\"_blank\" rel=\"noopener\">Semin\u00e1rio \u201cLiteratura &amp; Cinema\u201d (Jun\/Jul. 2019)<\/a><\/h5>\n<\/li>\n<li>\n<h5><a href=\"https:\/\/www.facebook.com\/events\/686329208243310\/\" target=\"_blank\" rel=\"noopener\">V\u00edrg\u00edlio Teixeira. Col\u00f3quio Comemorativo do Centen\u00e1rio do seu Nascimento\u00a0<\/a>(26.10.2017)<\/h5>\n<\/li>\n<\/ul>\n<\/li>\n<li><a href=\"http:\/\/www4.uma.pt\/cierl\/?page_id=2429\">1.\u00aa edi\u00e7\u00e3o &#8211; Mar\u00e7o a Maio de 2016<\/a><\/li>\n<\/ul>\n<h5>\u00a0<strong style=\"font-family: inherit; font-size: inherit;\"><a href=\"http:\/\/www4.uma.pt\/cierl\/wp-content\/uploads\/2015\/02\/07.png\" rel=\"attachment wp-att-130\"><img loading=\"lazy\" decoding=\"async\" class=\"alignnone wp-image-130\" src=\"http:\/\/www4.uma.pt\/cierl\/wp-content\/uploads\/2015\/02\/07.png\" alt=\"07\" width=\"16\" height=\"16\" \/><\/a><\/strong><strong style=\"font-family: inherit; font-size: inherit;\">\u00a0<a href=\"http:\/\/www4.uma.pt\/cierl\/?page_id=4141\">Semin\u00e1rio &#8220;THE MAP OF A WOMAN. The topography of selfhood in the work of Mary Rose Callaghan, Emma Donoghue, Mary Dorcey, Deirdre MAdden and Mary Morrissy &#8211; Zuzanna Sanches (ULICES-CEAUL)<\/a><\/strong><\/h5>\n<h5 style=\"font-family: inherit;\"><\/h5>\n<\/td>\n<\/tr>\n<tr>\n<td style=\"text-align: left;\" valign=\"top\">\n<h5>\u00a0<a href=\"http:\/\/www4.uma.pt\/cierl\/?page_id=1375\" target=\"_blank\" rel=\"noopener\">LIFE &amp; CULTURE \u2013 INTERDISCIPLINARY OPEN COURSES PROGRAMME<\/a><span style=\"color: #ffffff;\">.<\/span><\/h5>\n<h6><strong>Coordenadora<\/strong>: Ana Salgueiro<\/h6>\n<h6 style=\"text-align: justify;\" align=\"JUSTIFY\">Programa de forma\u00e7\u00e3o multidisciplinar e plurianual, promovido pelo projeto <strong><a href=\"http:\/\/www4.uma.pt\/cierl\/?page_id=369\">HumanCultTransform_ ClimateChange<\/a>,<\/strong> cuja calendariza\u00e7\u00e3o ser\u00e1 definida e revista anualmente.<\/h6>\n<h6 style=\"text-align: justify;\" align=\"JUSTIFY\">A oferta formativa a integrar neste programa\u00a0procurar\u00e1 contribuir para o debate e constru\u00e7\u00e3o de respostas sustent\u00e1veis relativamente a problemas detectados no sistema eco-sociocultural do arquip\u00e9lago da Madeira. O seu principal objectivo \u00e9 contribuir para uma maior implica\u00e7\u00e3o do trabalho acad\u00e9mico desenvolvido no \u00e2mbito do UMa-CIERL na gest\u00e3o dos problemas quotidianos\u00a0identificados junto das comunidades do arquip\u00e9lago da Madeira.<\/h6>\n<h6 style=\"text-align: justify;\">Os interessados em propor algum curso livre\/curso de p\u00f3s-gradua\u00e7\u00e3o\/workshop\/semin\u00e1rio no \u00e2mbito deste programa dever\u00e3o enviar a sua proposta para\u00a0a coordena\u00e7\u00e3o do\u00a0programa LIFE &amp; CULTURE:\u00a0<a>anasalgueiro@staff.uma.pt<\/a> .<\/h6>\n<\/td>\n<td style=\"text-align: left;\" valign=\"top\">\n<div class=\"ecxMsoNormal\" style=\"text-align: justify;\">\n<h5><strong><span lang=\"EN-US\">Workshop CIERL-UMa. <\/span><span lang=\"EN-US\">Living in this World: Cultural Citizenship, Natural Disasters &amp; Arts <\/span><\/strong><\/h5>\n<h5><strong><span lang=\"EN-US\"><span style=\"color: #808080;\">Foramdora: Ana Salgueiro<\/span><\/span><\/strong><\/h5>\n<ul>\n<li>\n<h6>Sess\u00e3o I &#8211; Escola Profissional de S\u00e3o\u00a0 Martinho | 27 abril de 2015 | 16:50-18:15<\/h6>\n<\/li>\n<li>\n<h6>Sess\u00e3o II &#8211; Conservat\u00f3rio-Escola das Artes Eng.\u00ba Luiz Peter Clode | 30 abril de 2015 | 9:35-11:00<\/h6>\n<\/li>\n<\/ul>\n<\/div>\n<h5>\u00a0<strong><span lang=\"EN-US\">Workshop CIERL-UMa. <\/span><span lang=\"EN-US\">Living in this World: Cultural Citizenship &amp; Natural Disasters <span style=\"color: #808080;\">(Ana Salgueiro)<\/span><\/span><\/strong><\/h5>\n<ul>\n<li>\n<h6>Sess\u00e3o I &#8211; Escola Profissional Crist\u00f3v\u00e3o Colombo | 27 de abril de 2015 | 10.50-12.50<\/h6>\n<\/li>\n<li>\n<h6>Sess\u00e3o II &#8211; <em>Campus <\/em>da Penteada, Universidade da Madeira |29 de abril de 2015 | 14.00-17.00<\/h6>\n<\/li>\n<\/ul>\n<\/td>\n<\/tr>\n<tr>\n<td style=\"text-align: left;\" valign=\"top\">\u00a0<a href=\"http:\/\/www4.uma.pt\/cierl\/?page_id=1377\">ACTIVIDADES FORMATIVAS V\u00c1RIAS<\/a><\/p>\n<h6><strong>Coordenadores v\u00e1rios<\/strong><\/h6>\n<\/td>\n<td style=\"text-align: left;\" valign=\"top\">\n<h5><strong>Finissage | Conversa &#8211; &#8220;Natureza, arte e espiritualidade: percorrer a obra de Domingas Pita a partir de uma composi\u00e7\u00e3o floral&#8221;<\/strong><strong> <span style=\"color: #808080;\">(Martinho Mendes)<\/span><\/strong><\/h5>\n<ul>\n<li>\n<h6>Galeria de Arte Francisco Franco &#8211; 16 de abril de 2015 | 15h<\/h6>\n<\/li>\n<\/ul>\n<\/td>\n<\/tr>\n<\/tbody>\n<\/table>\n","protected":false},"excerpt":{"rendered":"<p>PROGRAMAS DE FORMA\u00c7\u00c3O DO UMa-CIERL \u00a0 CURSOS LIVRES E DE P\u00d3S-GRADUA\u00c7\u00c3O, SEMIN\u00c1RIOS E WORKSHOPS DO UMa-CIERL Coordenador: (a indicar futuramente) Programa formativo mulltidisciplinar e plurianual do UMa-CIERL, mas com calendariza\u00e7\u00e3o revista anualmente. Tem como objectivo principal a divulga\u00e7\u00e3o do trabalho acad\u00e9mico desenvolvido pelos investigadores do centro. Os interessados em promover alguma ac\u00e7\u00e3o no \u00e2mbito deste &#8230; <a title=\"Forma\u00e7\u00e3o\" class=\"read-more\" href=\"https:\/\/cierl.uma.pt\/?page_id=427\" aria-label=\"More on Forma\u00e7\u00e3o\">Read more<\/a><\/p>\n","protected":false},"author":4,"featured_media":0,"parent":0,"menu_order":0,"comment_status":"closed","ping_status":"open","template":"","meta":{"footnotes":""},"language":[6],"class_list":{"0":"post-427","1":"page","2":"type-page","3":"status-publish","5":"language-pt_pt"},"_links":{"self":[{"href":"https:\/\/cierl.uma.pt\/index.php?rest_route=\/wp\/v2\/pages\/427","targetHints":{"allow":["GET"]}}],"collection":[{"href":"https:\/\/cierl.uma.pt\/index.php?rest_route=\/wp\/v2\/pages"}],"about":[{"href":"https:\/\/cierl.uma.pt\/index.php?rest_route=\/wp\/v2\/types\/page"}],"author":[{"embeddable":true,"href":"https:\/\/cierl.uma.pt\/index.php?rest_route=\/wp\/v2\/users\/4"}],"replies":[{"embeddable":true,"href":"https:\/\/cierl.uma.pt\/index.php?rest_route=%2Fwp%2Fv2%2Fcomments&post=427"}],"version-history":[{"count":120,"href":"https:\/\/cierl.uma.pt\/index.php?rest_route=\/wp\/v2\/pages\/427\/revisions"}],"predecessor-version":[{"id":29914,"href":"https:\/\/cierl.uma.pt\/index.php?rest_route=\/wp\/v2\/pages\/427\/revisions\/29914"}],"wp:attachment":[{"href":"https:\/\/cierl.uma.pt\/index.php?rest_route=%2Fwp%2Fv2%2Fmedia&parent=427"}],"wp:term":[{"taxonomy":"language","embeddable":true,"href":"https:\/\/cierl.uma.pt\/index.php?rest_route=%2Fwp%2Fv2%2Flanguage&post=427"}],"curies":[{"name":"wp","href":"https:\/\/api.w.org\/{rel}","templated":true}]}}