 {"id":4186,"date":"2016-10-10T13:54:34","date_gmt":"2016-10-10T13:54:34","guid":{"rendered":"http:\/\/www4.uma.pt\/cierl\/?page_id=4186"},"modified":"2016-10-10T13:54:34","modified_gmt":"2016-10-10T13:54:34","slug":"marco-aveiro","status":"publish","type":"page","link":"https:\/\/cierl.uma.pt\/?page_id=4186","title":{"rendered":"Marco Aveiro"},"content":{"rendered":"<table>\n<tbody>\n<tr>\n<td><span style=\"color: #003366;\"><b>Marco\u00a0Aveiro<\/b>\u00a0\u00e9 Mestre em Estudos Lingu\u00edsticos e Culturais pela Universidade da Madeira e Licenciado em Terap\u00eautica da Fala. Possui ainda Certificado de Compet\u00eancias Pedag\u00f3gicas, pela Dire\u00e7\u00e3o Regional de Qualifica\u00e7\u00e3o Profissional.<br \/>\nTerapeuta da Fala no Servi\u00e7o de Sa\u00fade da Regi\u00e3o Aut\u00f3noma da Madeira (SESARAM, E.P.E.) e em contexto privado. Possui C\u00e9dula Profissional atribu\u00edda pela Administra\u00e7\u00e3o Central do Sistema de Sa\u00fade. Atualmente, \u00e9 Coordenador da Delega\u00e7\u00e3o da Madeira da Associa\u00e7\u00e3o Portuguesa de Terapeutas da Fala (APTF).<br \/>\nAluno de M\u00e9rito no ano letivo de 2014\/2015\u00a0do 2\u00ba Ciclo em Estudos Lingu\u00edsticos e Culturais,\u00a0terminado com m\u00e9dia de 18 valores. Disserta\u00e7\u00e3o intitulada: &#8220;Capacidades Lingu\u00edsticas em crian\u00e7as em idade escolar (5 anos e 7 meses &#8211;\u00a010 anos) no concelho do Funchal&#8221;, terminada\u00a0com 19 valores.<br \/>\nOs seus\u00a0principais interesses de investiga\u00e7\u00e3o remetem para a Lingu\u00edstica, Sociolingu\u00edstica, Comunica\u00e7\u00e3o, Desenvolvimento Infantil, Perturba\u00e7\u00f5es da Linguagem\/Fala,\u00a0Sa\u00fade e Educa\u00e7\u00e3o.<\/span><\/td>\n<td><strong>Nuno Martins <\/strong>is a<\/td>\n<\/tr>\n<\/tbody>\n<\/table>\n","protected":false},"excerpt":{"rendered":"<p>Marco\u00a0Aveiro\u00a0\u00e9 Mestre em Estudos Lingu\u00edsticos e Culturais pela Universidade da Madeira e Licenciado em Terap\u00eautica da Fala. Possui ainda Certificado de Compet\u00eancias Pedag\u00f3gicas, pela Dire\u00e7\u00e3o Regional de Qualifica\u00e7\u00e3o Profissional. Terapeuta da Fala no Servi\u00e7o de Sa\u00fade da Regi\u00e3o Aut\u00f3noma da Madeira (SESARAM, E.P.E.) e em contexto privado. Possui C\u00e9dula Profissional atribu\u00edda pela Administra\u00e7\u00e3o Central do &#8230; <a title=\"Marco Aveiro\" class=\"read-more\" href=\"https:\/\/cierl.uma.pt\/?page_id=4186\" aria-label=\"More on Marco Aveiro\">Read more<\/a><\/p>\n","protected":false},"author":101012,"featured_media":4177,"parent":181,"menu_order":0,"comment_status":"closed","ping_status":"closed","template":"","meta":{"footnotes":""},"language":[],"class_list":["post-4186","page","type-page","status-publish","has-post-thumbnail"],"_links":{"self":[{"href":"https:\/\/cierl.uma.pt\/index.php?rest_route=\/wp\/v2\/pages\/4186","targetHints":{"allow":["GET"]}}],"collection":[{"href":"https:\/\/cierl.uma.pt\/index.php?rest_route=\/wp\/v2\/pages"}],"about":[{"href":"https:\/\/cierl.uma.pt\/index.php?rest_route=\/wp\/v2\/types\/page"}],"author":[{"embeddable":true,"href":"https:\/\/cierl.uma.pt\/index.php?rest_route=\/wp\/v2\/users\/101012"}],"replies":[{"embeddable":true,"href":"https:\/\/cierl.uma.pt\/index.php?rest_route=%2Fwp%2Fv2%2Fcomments&post=4186"}],"version-history":[{"count":4,"href":"https:\/\/cierl.uma.pt\/index.php?rest_route=\/wp\/v2\/pages\/4186\/revisions"}],"predecessor-version":[{"id":4190,"href":"https:\/\/cierl.uma.pt\/index.php?rest_route=\/wp\/v2\/pages\/4186\/revisions\/4190"}],"up":[{"embeddable":true,"href":"https:\/\/cierl.uma.pt\/index.php?rest_route=\/wp\/v2\/pages\/181"}],"wp:featuredmedia":[{"embeddable":true,"href":"https:\/\/cierl.uma.pt\/index.php?rest_route=\/wp\/v2\/media\/4177"}],"wp:attachment":[{"href":"https:\/\/cierl.uma.pt\/index.php?rest_route=%2Fwp%2Fv2%2Fmedia&parent=4186"}],"wp:term":[{"taxonomy":"language","embeddable":true,"href":"https:\/\/cierl.uma.pt\/index.php?rest_route=%2Fwp%2Fv2%2Flanguage&post=4186"}],"curies":[{"name":"wp","href":"https:\/\/api.w.org\/{rel}","templated":true}]}}