 {"id":4075,"date":"2016-09-29T13:29:02","date_gmt":"2016-09-29T13:29:02","guid":{"rendered":"http:\/\/www4.uma.pt\/cierl\/?page_id=4075"},"modified":"2017-03-27T19:19:14","modified_gmt":"2017-03-27T19:19:14","slug":"landscape-research-group-uma-cierl","status":"publish","type":"page","link":"https:\/\/cierl.uma.pt\/?page_id=4075","title":{"rendered":"UMa Landscape Research Group | CIERL"},"content":{"rendered":"<h2><span style=\"color: #1e4d06;\"><span style=\"color: #1e4d06;\">UMa Landscape Research Group | CIERL<\/span><\/span><\/h2>\n<p>&nbsp;<\/p>\n<p><span style=\"color: #0f2902;\"><strong>Coordination:\u00a0<\/strong><\/span><\/p>\n<ul>\n<li><strong><span style=\"color: #1e4d06;\"><a style=\"color: #1e4d06;\" href=\"http:\/\/www4.uma.pt\/cierl\/?page_id=1112\">Duarte Santo<\/a>\u00a0<\/span><\/strong><span style=\"color: #1e4d06;\">(Arquitectura Paisag\u00edstica; Estudos de Turismo)<\/span><\/li>\n<\/ul>\n<p><strong>Research Team<\/strong><span style=\"color: #0f2902;\"><strong>:<\/strong><\/span><\/p>\n<ul>\n<li><span style=\"color: #1e4d06;\"><strong><a style=\"color: #1e4d06;\" href=\"http:\/\/www4.uma.pt\/cierl\/?page_id=469\">Ana Isabel Moniz <\/a><\/strong>(Estudos Liter\u00e1rios)<\/span><\/li>\n<li><span style=\"color: #1e4d06;\"><strong><a style=\"color: #1e4d06;\" href=\"http:\/\/www4.uma.pt\/cierl\/?page_id=483\">Ana Paula Almeida<\/a><\/strong> (Hist\u00f3ria; Estudos de Cinema)<\/span><\/li>\n<li><span style=\"color: #1e4d06;\"><strong><a style=\"color: #1e4d06;\" href=\"http:\/\/www4.uma.pt\/cierl\/?page_id=485\">Ana Salgueiro<\/a><\/strong> (Estudos de Cultura; Estudos de Desastre)<\/span><\/li>\n<li><span style=\"color: #1e4d06;\"><strong><a style=\"color: #1e4d06;\" href=\"http:\/\/www4.uma.pt\/cierl\/?page_id=471\">Anne Martina Emonts <\/a><\/strong>(Estudos de Cultura; Estudos Liter\u00e1rios)<\/span><\/li>\n<li><span style=\"color: #1e4d06;\">Carmen Diego (Sociologia; Estudos de Desastre)<\/span><\/li>\n<li><span style=\"color: #1e4d06;\">Cristina Martins (Hist\u00f3ria; Estudos Regionais e Locais -Emigra\u00e7\u00e3o)<\/span><\/li>\n<li><span style=\"color: #1e4d06;\">Duarte Santo (Arquitectura; Estudos de Turismo)<\/span><\/li>\n<li>Eduardo Pires (Estudos Liter\u00e1rios)<\/li>\n<li>Emanuel Gaspar (Hist\u00f3ria da Arte e Patrim\u00f3nio)<\/li>\n<li><span style=\"color: #1e4d06;\"><strong><a style=\"color: #1e4d06;\" href=\"http:\/\/www4.uma.pt\/cierl\/?page_id=511\">Filipa Fernandes<\/a> <\/strong>(Antropologia; Estudos de Turismo)<\/span><\/li>\n<li><span style=\"color: #1e4d06;\"><strong><a style=\"color: #1e4d06;\" href=\"http:\/\/www4.uma.pt\/cierl\/?page_id=473\">Helena Rebelo<\/a><\/strong> (Estudos Lingu\u00edsticos)<\/span><\/li>\n<li><span style=\"color: #1e4d06;\">Hugo Olim (Estudos Art\u00edsticos &#8211; Cinema e Multim\u00e9dia)<\/span><\/li>\n<li><span style=\"color: #1e4d06;\"><a style=\"color: #1e4d06;\" href=\"http:\/\/www4.uma.pt\/cierl\/?page_id=2594\"><strong>Isabel Santa Clara<\/strong> <\/a>(Estudos Art\u00edsticos &#8211; Artes Visuais)<\/span><\/li>\n<li><span style=\"color: #1e4d06;\">Lucilina Freitas (Estudos Art\u00edsticos-Artes Visuais\/Arte em Espa\u00e7o P\u00fablico\/Educa\u00e7\u00e3o Art\u00edstica)<\/span><\/li>\n<li><span style=\"color: #1e4d06;\"><strong><a style=\"color: #1e4d06;\" href=\"http:\/\/www4.uma.pt\/cierl\/?page_id=505\">Maria Teresa Nascimento<\/a> <\/strong>(Estudos Liter\u00e1rios; Estudos de Cultura)<\/span><\/li>\n<li><span style=\"color: #1e4d06;\"><strong><a style=\"color: #1e4d06;\" href=\"http:\/\/www4.uma.pt\/cierl\/?page_id=612\">Martinho Mendes<\/a><\/strong> (Estudos Art\u00edsticos &#8211; Artes Visuais\/Museologia\/Educa\u00e7\u00e3o Art\u00edstica)<\/span><\/li>\n<li><span style=\"color: #1e4d06;\"><strong><a style=\"color: #1e4d06;\" href=\"http:\/\/www4.uma.pt\/cierl\/?page_id=479\">Naidea Nunes<\/a><\/strong> (Estudos Lingu\u00edsticos)<\/span><\/li>\n<li><span style=\"color: #1e4d06;\"><strong><a style=\"color: #1e4d06;\" href=\"http:\/\/www4.uma.pt\/cierl\/?page_id=2251\">Paulo Esteireiro<\/a><\/strong> (Estudos Art\u00edsticos &#8211; Musicologia\/Educa\u00e7\u00e3o Art\u00edstica)<\/span><\/li>\n<li><span style=\"color: #1e4d06;\"><strong><a style=\"color: #1e4d06;\" href=\"http:\/\/www4.uma.pt\/cierl\/?page_id=1106\">Rita Rodrigues<\/a><\/strong> (Hist\u00f3ria da Arte; Estudos de Cultura; Estudos Art\u00edsticos)<\/span><\/li>\n<li><span style=\"color: #1e4d06;\">Rui Campos Matos (Arquitectura)<\/span><\/li>\n<\/ul>\n<p><strong><span style=\"color: #081701;\"><span style=\"color: #0f2902;\">Activities | Projects:<\/span> <\/span><\/strong><\/p>\n<ul style=\"list-style-type: circle;\">\n<li style=\"text-align: justify;\"><span style=\"color: #1e4d06;\">Colabora\u00e7\u00e3o na constitui\u00e7\u00e3o do <strong>Observat\u00f3rio da Paisagem da Madeira, <\/strong>em parceria com a <strong>Delega\u00e7\u00e3o da Madeira da Ordem dos Arquitectos<\/strong>, a <strong>Secretaria Regional do Ambiente e dos Recursos Naturais<\/strong> e a <strong>Associa\u00e7\u00e3o Insular de Geografia<\/strong>.<\/span><\/li>\n<li style=\"text-align: justify;\"><span style=\"color: #1e4d06;\">Participa\u00e7\u00e3o na Comiss\u00e3o Organizadora do <strong><a style=\"color: #1e4d06;\" href=\"http:\/\/www4.uma.pt\/cierl\/?page_id=1909\">III Col\u00f3quio Internacional INSULA. Para al\u00e9m de Natureza e Artif\u00edcio + <span style=\"color: #003366;\">III Island Cities &amp; Urban Archipelagos International Conference<\/span><\/a>\u00a0<\/strong>(8 a 12 de Novembro de 2017 | Funchal)<\/span><\/li>\n<\/ul>\n<h6>(\u00a9 photos by Jos\u00e9 Zyberchema e Filipe Gomes)<\/h6>\n","protected":false},"excerpt":{"rendered":"<p>UMa Landscape Research Group | CIERL &nbsp; Coordination:\u00a0 Duarte Santo\u00a0(Arquitectura Paisag\u00edstica; Estudos de Turismo) Research Team: Ana Isabel Moniz (Estudos Liter\u00e1rios) Ana Paula Almeida (Hist\u00f3ria; Estudos de Cinema) Ana Salgueiro (Estudos de Cultura; Estudos de Desastre) Anne Martina Emonts (Estudos de Cultura; Estudos Liter\u00e1rios) Carmen Diego (Sociologia; Estudos de Desastre) Cristina Martins (Hist\u00f3ria; Estudos Regionais &#8230; <a title=\"UMa Landscape Research Group | CIERL\" class=\"read-more\" href=\"https:\/\/cierl.uma.pt\/?page_id=4075\" aria-label=\"More on UMa Landscape Research Group | CIERL\">Read more<\/a><\/p>\n","protected":false},"author":6,"featured_media":2414,"parent":0,"menu_order":0,"comment_status":"closed","ping_status":"open","template":"","meta":{"footnotes":""},"language":[5],"class_list":{"0":"post-4075","1":"page","2":"type-page","3":"status-publish","4":"has-post-thumbnail","6":"language-en_us"},"_links":{"self":[{"href":"https:\/\/cierl.uma.pt\/index.php?rest_route=\/wp\/v2\/pages\/4075","targetHints":{"allow":["GET"]}}],"collection":[{"href":"https:\/\/cierl.uma.pt\/index.php?rest_route=\/wp\/v2\/pages"}],"about":[{"href":"https:\/\/cierl.uma.pt\/index.php?rest_route=\/wp\/v2\/types\/page"}],"author":[{"embeddable":true,"href":"https:\/\/cierl.uma.pt\/index.php?rest_route=\/wp\/v2\/users\/6"}],"replies":[{"embeddable":true,"href":"https:\/\/cierl.uma.pt\/index.php?rest_route=%2Fwp%2Fv2%2Fcomments&post=4075"}],"version-history":[{"count":5,"href":"https:\/\/cierl.uma.pt\/index.php?rest_route=\/wp\/v2\/pages\/4075\/revisions"}],"predecessor-version":[{"id":4759,"href":"https:\/\/cierl.uma.pt\/index.php?rest_route=\/wp\/v2\/pages\/4075\/revisions\/4759"}],"wp:featuredmedia":[{"embeddable":true,"href":"https:\/\/cierl.uma.pt\/index.php?rest_route=\/wp\/v2\/media\/2414"}],"wp:attachment":[{"href":"https:\/\/cierl.uma.pt\/index.php?rest_route=%2Fwp%2Fv2%2Fmedia&parent=4075"}],"wp:term":[{"taxonomy":"language","embeddable":true,"href":"https:\/\/cierl.uma.pt\/index.php?rest_route=%2Fwp%2Fv2%2Flanguage&post=4075"}],"curies":[{"name":"wp","href":"https:\/\/api.w.org\/{rel}","templated":true}]}}