 {"id":362,"date":"2015-03-27T15:44:56","date_gmt":"2015-03-27T15:44:56","guid":{"rendered":"http:\/\/www4.uma.pt\/cierl\/?page_id=362"},"modified":"2019-08-24T19:20:09","modified_gmt":"2019-08-24T19:20:09","slug":"tratuario-percursos-para-a-historia-da-cultura-madeirense","status":"publish","type":"page","link":"https:\/\/cierl.uma.pt\/?page_id=362","title":{"rendered":"NIT &#8211; TRATU\u00c1RIO. Percursos para a Hist\u00f3ria da Cultura Madeirense"},"content":{"rendered":"<p>&nbsp;<\/p>\n<table style=\"width: 1096px;\">\n<tbody>\n<tr>\n<td style=\"width: 469.597px;\">\n<h6 style=\"text-align: center;\">N\u00facleo de Investiga\u00e7\u00e3o<\/h6>\n<h2 style=\"text-align: center;\">TRATU\u00c1RIO<\/h2>\n<h2 style=\"text-align: center;\">Percursos para a Hist\u00f3ria da Cultura Madeirense<\/h2>\n<p><img loading=\"lazy\" decoding=\"async\" class=\"wp-image-1275 aligncenter\" src=\"http:\/\/www4.uma.pt\/cierl\/wp-content\/uploads\/2015\/03\/TRATU\u00c1RIO-175x300.png\" alt=\"TRATU\u00c1RIO\" width=\"145\" height=\"249\" srcset=\"https:\/\/cierl.uma.pt\/wp-content\/uploads\/2015\/03\/TRATU\u00c1RIO-175x300.png 175w, https:\/\/cierl.uma.pt\/wp-content\/uploads\/2015\/03\/TRATU\u00c1RIO.png 333w\" sizes=\"auto, (max-width: 145px) 100vw, 145px\" \/><\/p>\n<h6 style=\"text-align: center;\">Design \u00a9 Filipe Gomes<\/h6>\n<p>&nbsp;<\/p>\n<p>&nbsp;<\/p>\n<p><strong>Autoria:<\/strong>\u00a0<a href=\"http:\/\/www4.uma.pt\/cierl\/?page_id=485\">Ana Salgueiro<\/a> e <a href=\"http:\/\/www4.uma.pt\/cierl\/?page_id=513\">Paulo Miguel Rodrigues<\/a><\/p>\n<p><strong>Coordena\u00e7\u00e3o:\u00a0<\/strong><a href=\"http:\/\/www4.uma.pt\/cierl\/?page_id=485\">Ana Salgueiro<\/a><\/p>\n<p><strong>Institui\u00e7\u00e3o de acolhimento:<\/strong> UMa-CIERL<\/td>\n<td style=\"width: 589.403px;\">\u00a0<strong>Investigadores residentes:<\/strong><\/p>\n<ul>\n<li><a href=\"http:\/\/www4.uma.pt\/cierl\/?page_id=483\">Ana Paula Almeida<\/a>;<\/li>\n<li><a href=\"http:\/\/www4.uma.pt\/cierl\/?page_id=485\">Ana Salgueiro<\/a>;<\/li>\n<li><a href=\"http:\/\/www4.uma.pt\/cierl\/?page_id=513\">Paulo Miguel Rodrigues<\/a>;<\/li>\n<li><a href=\"http:\/\/www4.uma.pt\/cierl\/?page_id=744\">Rui Guilherme Silva<\/a><\/li>\n<li>outros ainda a confirmar<\/li>\n<\/ul>\n<\/td>\n<\/tr>\n<tr>\n<td style=\"width: 469.597px;\"><strong>Institui\u00e7\u00f5es parceiras\u00a0de forma continuada:<\/strong><\/p>\n<ul>\n<li><a href=\"http:\/\/www.cm-funchal.pt\/index.php?option=com_content&amp;view=article&amp;id=436&amp;Itemid=87\">C\u00e2mara Municipal do Funchal<\/a><\/li>\n<li><a href=\"http:\/\/abm.madeira.gov.pt\/pt\/inicio\/\">Arquivo Regional e Biblioteca P\u00fablica da Madeira\/DRC\/SRETC<\/a><\/li>\n<li><a href=\"http:\/\/cda.uma.pt\/\">CDA &#8211; Centro de Desenvolvimento Acad\u00e9mico da UMa<\/a><\/li>\n<li><a href=\"http:\/\/aauma.uma.pt\/\">Imprensa Acad\u00e9mica\/AAUMa<\/a><\/li>\n<\/ul>\n<\/td>\n<td style=\"width: 589.403px;\">\n<h6><\/h6>\n<h6><strong>Nota:<\/strong>\u00a0O NIT\u00a0 (ainda enquanto projecto) foi apoiado pela\u00a0<a href=\"http:\/\/www.madeira.gov.pt\/sre\">Secretaria Regional da Educa\u00e7\u00e3o<\/a>\u00a0durante os anos lectivos de 2014\/15, 2015\/2016 e 2016\/2017 (neste \u00faltimo caso, apenas durante o m\u00eas de Setembro), mediante concess\u00e3o de destacamento da co-autora e coordenadora do projecto para o UMa-CIERL. A 6 de outubro de 2017, a Secretaria Regional de Educa\u00e7\u00e3o revogou a concess\u00e3o de destacamento autorizada no m\u00eas anterior, deixando, assim, de ser institui\u00e7\u00e3o parceira do UMa-CIERL no \u00e2mbito do Projeto TRATU\u00c1RIO.<\/h6>\n<\/td>\n<\/tr>\n<tr>\n<td style=\"width: 469.597px;\"><strong>Institui\u00e7\u00f5es parceiras de forma pontual:<\/strong><\/p>\n<ul>\n<li><a href=\"http:\/\/www.contigoteatro.com\/\">Associa\u00e7\u00e3o Contigo Teatro<\/a>;<\/li>\n<li><a href=\"http:\/\/xarabanda.pt\/\">Associa\u00e7\u00e3o Musical e Cultural Xarabanda<\/a><\/li>\n<li><a href=\"https:\/\/www.facebook.com\/cculturasantacruz\/\" target=\"_blank\" rel=\"noopener\">Casa da Cultura de Santa Cruz &#8211; Quinta do Revoredo<\/a><\/li>\n<li><a href=\"https:\/\/www.facebook.com\/cmfredericofreitas\/\" target=\"_blank\" rel=\"noopener\">Casa-Museu Frederico de Freitas<\/a>\u00a0\/ SRTC-DRC<\/li>\n<li><a href=\"https:\/\/fch.lisboa.ucp.pt\/docentes-conhecimento\/centros-de-estudos\/centro-de-estudos-de-comunicacao-e-cultura\/investigacao\/grupos-de-investigacao\/literature-and-global-contemporary-lagc\" target=\"_blank\" rel=\"noopener\">CECC-UCP | Centro de Estudos de Comunica\u00e7\u00e3o e Cultura da Universidade Cat\u00f3lica portuguesa\u00a0<\/a><\/li>\n<li><a href=\"https:\/\/www.facebook.com\/CCJohnDosPasssos\/\" target=\"_blank\" rel=\"noopener\">Centro Cultura John dos Passos<\/a> \/ SRTC-DRC<\/li>\n<li><a href=\"http:\/\/www.pontadosol.com\/events-hotel\/\" target=\"_blank\" rel=\"noopener\">Estalagem da Ponta do Sol<\/a><\/li>\n<li><a href=\"https:\/\/www.funchaljazzfestival.org\/\" target=\"_blank\" rel=\"noopener\">Funchal Jazz Festival<\/a><\/li>\n<li><a style=\"font-family: inherit; font-size: inherit;\" href=\"https:\/\/www.islanddynamics.org\/\" target=\"_blank\" rel=\"noopener\">Island Dynamics<\/a><\/li>\n<li><a href=\"https:\/\/www.facebook.com\/groups\/399768997497467\/\" target=\"_blank\" rel=\"noopener\">LEAI | Laborat\u00f3rio Experimental de Arte Interm\u00e9dia<\/a> da Universidade da Madeira<\/li>\n<li><a href=\"https:\/\/www2.mmu.ac.uk\/\" target=\"_blank\" rel=\"noopener\">Manchester Metropolitan University<\/a><\/li>\n<\/ul>\n<\/td>\n<td style=\"width: 589.403px;\">\n<ul>\n<li>\u00a0<a href=\"https:\/\/www.facebook.com\/MUDASmuseu\/?ref=ts&amp;fref=ts\">MUDAS. Museu de Arte Contempor\u00e2nea da Madeira<\/a>\/ SRTC\/DRC<\/li>\n<li><a href=\"https:\/\/www.facebook.com\/MuseuHenriqueeFranciscoFranco\">Museu Henrique e Francisco Franco<\/a>\/ CMF<\/li>\n<li><a href=\"https:\/\/www.nwfa.mmu.ac.uk\/\" target=\"_blank\" rel=\"noopener\">North West Film Archive<\/a><\/li>\n<li><a href=\"https:\/\/www.facebook.com\/Plano-Nacional-de-Cinema-Escola-Secund%C3%A1ria-Franscisco-Franco-2127755950877118\/?modal=admin_todo_tour\" target=\"_blank\" rel=\"noopener\">Plano Nacional de Cinema | Escola Secund\u00e1ria de Francisco Franco<\/a><\/li>\n<li><a href=\"http:\/\/www.porta33.com\/\" target=\"_blank\" rel=\"noopener\">Porta 33<\/a><\/li>\n<li>\u00a0<a href=\"http:\/\/wamae.pt\/projectos\/lugar-place\/\">ProjetoPLACE<\/a><\/li>\n<li><a href=\"https:\/\/www.facebook.com\/ScreeningsFunchal\/\" target=\"_blank\" rel=\"noopener\">Screenings Funchal<\/a><\/li>\n<li><a href=\"http:\/\/translocal.cm-funchal.pt\/\" target=\"_blank\" rel=\"noopener\">TRANSLOCAL <\/a>\/ UMa-CIERL &amp; CMF<\/li>\n<li><a href=\"http:\/\/teatro.cm-funchal.pt\/\">Teatro Municipal Baltasar Dias<\/a>\/CMF<\/li>\n<li><a href=\"https:\/\/www.facebook.com\/emlegitimadefesa\/?fref=ts\">V\u00e9rtice- Em leg\u00edtima defesa da poesia insular<\/a>;<\/li>\n<li><a href=\"http:\/\/wamae.pt\/projectos\/lugar-place\/place-in-legitima-defesa-2016\/\">WAM\u00c3E<\/a><\/li>\n<\/ul>\n<\/td>\n<\/tr>\n<tr>\n<td style=\"width: 1059px;\" colspan=\"2\"><strong>Sinopse:<\/strong>\u00a0<strong>TRATU\u00c1RIO. PERCURSOS PARA A HIST\u00d3RIA DA CULTURA MADEIRENSE<\/strong> \u00e9 um n\u00facleo de investiga\u00e7\u00e3o, desenvolvido a partir do anterior projecto de investiga\u00e7\u00e3o hom\u00f3nimo<strong>.<\/strong><\/p>\n<p style=\"text-align: justify;\">Este n\u00facleo de investiga\u00e7\u00e3o assume como objectivos:\u00a0(1) promover a divulga\u00e7\u00e3o e o estudo de autores\/textos\/fen\u00f3menos culturais\u00a0dispersos ou in\u00e9ditos que, sendo hoje praticamente desconhecidos, se revestem de import\u00e2ncia significativa\u00a0no \u00e2mbito\u00a0da cultura madeirense;\u00a0(2) contribuir para a reflex\u00e3o em torno do Plano Regional de Leitura e para a discuss\u00e3o e\u00a0renova\u00e7\u00e3o do c\u00e2none\u00a0(liter\u00e1rio, art\u00edstico e cultural)\u00a0legitimado no sistema eco-sociocultural do arquip\u00e9lago;\u00a0(3) criar e desenvolver a colec\u00e7\u00e3o editorial <em>Tratu\u00e1rio. Percursos para a Hist\u00f3ria da Cultura Madeirense<\/em>, como forma de promover a divulga\u00e7\u00e3o e o estudo de textos, autores e fen\u00f3menos culturais\u00a0relevantes para o sistema eco-sociocultural da Madeira;\u00a0(4) estimular e apoiar a produ\u00e7\u00e3o acad\u00e9mica sobre autores, textos e fen\u00f3menos culturais\u00a0do sistema eco-sociocultural madeirense.<\/p>\n<p style=\"text-align: justify;\">Este n\u00facleo de investiga\u00e7\u00e3o estrutura-se, assim, em seis linhas de ac\u00e7\u00e3o, orientadas para a promo\u00e7\u00e3o e\/ou coordena\u00e7\u00e3o de:<\/p>\n<p style=\"text-align: justify;\">(a) a colec\u00e7\u00e3o <a href=\"http:\/\/www4.uma.pt\/cierl\/?page_id=288\"><em>Tratu\u00e1rio. Percursos para a Hist\u00f3ria da Cultura Madeirense<\/em><\/a>;<\/p>\n<p style=\"text-align: justify;\">b) a s\u00e9rie de <a href=\"http:\/\/www4.uma.pt\/cierl\/?page_id=88\">Col\u00f3quios Internacionais INSULA<\/a>, encontros acad\u00e9micos transversais a todas as \u00e1reas do UMa-CIERL, com uma regularidade anual, sendo que cada edi\u00e7\u00e3o deste col\u00f3quio assumir\u00e1 uma tem\u00e1tica espec\u00edfica a definir pelas respectivas Comiss\u00f5es Organizadoras;<\/p>\n<p style=\"text-align: justify;\">(c) o projeto plurianual e interistitucional <a href=\"http:\/\/www4.uma.pt\/cierl\/?page_id=29988&amp;fbclid=IwAR1GofpCIoBagaBs269JCzs1vuH1pR85iv1PU1qqt4QHSiQWup9yvbuCLYE\" target=\"_blank\" rel=\"noopener\">ENCONTROS DE CINEMA PORTUGU\u00caS MANUEL LUIZ VIEIRA<\/a>;<\/p>\n<p style=\"text-align: justify;\">(d) o <a href=\"http:\/\/www4.uma.pt\/cierl\/?page_id=4980&amp;preview=true\">Programa Formativo EM LEG\u00cdTIMA DEFESA<\/a>, com v\u00e1rias edi\u00e7\u00f5es, cada uma subordinada a uma tem\u00e1tica ou a \u00e1rea(s) cultural(is) espec\u00edfica(s), \u00a0destinadas a diversos sectores da comunidade insular da Madeira;<\/p>\n<p style=\"text-align: justify;\">(e) eventos de divulga\u00e7\u00e3o cultural e de apoio \u00e0 cria\u00e7\u00e3o art\u00edstica;<\/p>\n<p style=\"text-align: justify;\">\u00a0(f) produ\u00e7\u00e3o cient\u00edfica sobre o sistema cultural madeirense.<\/p>\n<p style=\"text-align: justify;\">A coordena\u00e7\u00e3o do projecto est\u00e1 permanentemente aberta \u00e0 recep\u00e7\u00e3o de propostas quer na \u00e1rea de investiga\u00e7\u00e3o, quer nas \u00e1reas da forma\u00e7\u00e3o, divulga\u00e7\u00e3o cient\u00edfica, publica\u00e7\u00e3o e dinamiza\u00e7\u00e3o cultural.<\/p>\n<\/td>\n<\/tr>\n<tr>\n<td style=\"width: 469.597px;\">\u00a0<strong>Programas\/Ac\u00e7\u00f5es Formativos:<\/strong><\/p>\n<p>2017\/2019<\/p>\n<ul>\n<li>Em Leg\u00edtima Defesa. Encontros com Literatura e Cinema na Madeira\n<ul>\n<li><a href=\"http:\/\/www4.uma.pt\/cierl\/?page_id=29857\" target=\"_blank\" rel=\"noopener\">Semin\u00e1rio &#8220;Literatura &amp; Cinema&#8221; (Jun\/Jul. 2019)<\/a><\/li>\n<li><a href=\"https:\/\/www.facebook.com\/events\/686329208243310\/\" target=\"_blank\" rel=\"noopener\">V\u00edrg\u00edlio Teixeira. Col\u00f3quio Comemorativo do Centen\u00e1rio do seu Nascimento <\/a>(26.10.2017)<\/li>\n<\/ul>\n<\/li>\n<\/ul>\n<p>2016<\/p>\n<ul>\n<li style=\"text-align: justify;\"><a href=\"http:\/\/www4.uma.pt\/cierl\/?page_id=2429\">Em Leg\u00edtima Defesa. Encontros com Poesia, M\u00fasica e outras Artes na Madeira<\/a><\/li>\n<\/ul>\n<p>2015<\/p>\n<ul>\n<li style=\"text-align: justify;\">\n<p class=\"entry-title\"><a href=\"http:\/\/www4.uma.pt\/cierl\/?p=810\">Workshop CIERL-UMa \u2013 Living in this World: Cultural Citizenship &amp; Natural Disasters<\/a><\/p>\n<\/li>\n<\/ul>\n<p>&nbsp;<\/td>\n<td style=\"width: 589.403px;\">\u00a0<strong>Encontros acad\u00e9micos e de divulga\u00e7\u00e3o cient\u00edfica:<\/strong><\/p>\n<p>2017<\/p>\n<ul>\n<li><a href=\"https:\/\/www.facebook.com\/events\/686329208243310\/\" target=\"_blank\" rel=\"noopener\">V\u00edrg\u00edlio Teixeira. Col\u00f3quio Comemorativo do Centen\u00e1rio do seu Nascimento<\/a> (co-organiza\u00e7\u00e3o)<\/li>\n<li>\u00a0<a href=\"http:\/\/www4.uma.pt\/cierl\/?page_id=1909\">III Col\u00f3quio Internacional INSULA. Para al\u00e9m de Natureza\/Artif\u00edcio<\/a><\/li>\n<li><a href=\"http:\/\/www4.uma.pt\/cierl\/?page_id=3875\">Confer\u00eancias\/Comunica\u00e7\u00f5es V\u00e1rias<\/a><\/li>\n<\/ul>\n<p>2016<\/p>\n<ul>\n<li><a href=\"http:\/\/www4.uma.pt\/cierl\/?page_id=4346\" target=\"_blank\" rel=\"noopener\">Congresso Internacional Herberto Helder &#8211; a vida inteira para fundar um poema<\/a>\u00a0(co-organiza\u00e7\u00e3o)<\/li>\n<li>\u00a0<a href=\"http:\/\/www4.uma.pt\/cierl\/?page_id=1855\">II Col\u00f3quio Internacional INSULA. A Grande Guerra e os Espa\u00e7os Insulares<\/a><\/li>\n<li>\u00a0<a href=\"http:\/\/www4.uma.pt\/cierl\/?page_id=3845\">II Jornada UMa-CIERL. Turismo e Culturas Insulares<\/a><\/li>\n<\/ul>\n<ul>\n<li><a href=\"http:\/\/www4.uma.pt\/cierl\/?page_id=3875\">Confer\u00eancias\/Comunica\u00e7\u00f5es V\u00e1rias<\/a><\/li>\n<\/ul>\n<div><\/div>\n<p>2015<\/p>\n<ul>\n<li>\u00a0\u00a0<a href=\"http:\/\/www4.uma.pt\/cierl\/?page_id=1838\">I Col\u00f3quio Internacional INSULA. Discursos Perif\u00e9ricos da(s) Modernidade(s)<\/a><\/li>\n<\/ul>\n<\/td>\n<\/tr>\n<tr>\n<td style=\"width: 469.597px;\"><strong>Publica\u00e7\u00f5es:<\/strong><\/p>\n<ul>\n<li><a href=\"http:\/\/www4.uma.pt\/cierl\/?page_id=288\">Colec\u00e7\u00e3o Tratu\u00e1rio<\/a><\/li>\n<li><a href=\"http:\/\/www4.uma.pt\/cierl\/?page_id=3862\">Bibliografia de Trabalho sobre o Sistema Cultural Madeirense &#8211; publica\u00e7\u00f5es no \u00e2mbito do projeto<\/a><\/li>\n<\/ul>\n<h6><\/h6>\n<\/td>\n<td style=\"width: 589.403px;\"><strong>Projectos espec\u00edficos:\u00a0<\/strong><\/p>\n<ul>\n<li>Encontros de Cinema Portugu\u00eas Manuel Luiz Vieira<\/li>\n<li>outros em prepara\u00e7\u00e3o<\/li>\n<\/ul>\n<p><strong>Ac\u00e7\u00f5es de dinamiza\u00e7\u00e3o cultural e apoio \u00e0 cria\u00e7\u00e3o art\u00edstica:<\/strong><\/p>\n<div><a href=\"http:\/\/www4.uma.pt\/cierl\/wp-content\/uploads\/2015\/03\/PLACE-TRATU\u00c1RIO.jpg\" rel=\"attachment wp-att-3978\"><img loading=\"lazy\" decoding=\"async\" class=\"alignnone wp-image-3978\" src=\"http:\/\/www4.uma.pt\/cierl\/wp-content\/uploads\/2015\/03\/PLACE-TRATU\u00c1RIO-300x212.jpg\" alt=\"place-tratuario\" width=\"47\" height=\"33\" srcset=\"https:\/\/cierl.uma.pt\/wp-content\/uploads\/2015\/03\/PLACE-TRATU\u00c1RIO-300x212.jpg 300w, https:\/\/cierl.uma.pt\/wp-content\/uploads\/2015\/03\/PLACE-TRATU\u00c1RIO-768x543.jpg 768w, https:\/\/cierl.uma.pt\/wp-content\/uploads\/2015\/03\/PLACE-TRATU\u00c1RIO-1024x724.jpg 1024w, https:\/\/cierl.uma.pt\/wp-content\/uploads\/2015\/03\/PLACE-TRATU\u00c1RIO.jpg 2048w\" sizes=\"auto, (max-width: 47px) 100vw, 47px\" \/><\/a>\u00a0<a href=\"http:\/\/www.place-projects.com\/place--tratuario.html\">Iniciativa PLACE | TRATU\u00c1RIO &#8211; Resid\u00eancia art\u00edstica e <em>performance<\/em>,<\/a> Abril de 2016<\/div>\n<\/td>\n<\/tr>\n<\/tbody>\n<\/table>\n<p>&nbsp;<\/p>\n","protected":false},"excerpt":{"rendered":"<p>&nbsp; N\u00facleo de Investiga\u00e7\u00e3o TRATU\u00c1RIO Percursos para a Hist\u00f3ria da Cultura Madeirense Design \u00a9 Filipe Gomes &nbsp; &nbsp; Autoria:\u00a0Ana Salgueiro e Paulo Miguel Rodrigues Coordena\u00e7\u00e3o:\u00a0Ana Salgueiro Institui\u00e7\u00e3o de acolhimento: UMa-CIERL \u00a0Investigadores residentes: Ana Paula Almeida; Ana Salgueiro; Paulo Miguel Rodrigues; Rui Guilherme Silva outros ainda a confirmar Institui\u00e7\u00f5es parceiras\u00a0de forma continuada: C\u00e2mara Municipal do Funchal &#8230; <a title=\"NIT &#8211; TRATU\u00c1RIO. Percursos para a Hist\u00f3ria da Cultura Madeirense\" class=\"read-more\" href=\"https:\/\/cierl.uma.pt\/?page_id=362\" aria-label=\"More on NIT &#8211; TRATU\u00c1RIO. Percursos para a Hist\u00f3ria da Cultura Madeirense\">Read more<\/a><\/p>\n","protected":false},"author":4,"featured_media":0,"parent":177,"menu_order":0,"comment_status":"closed","ping_status":"open","template":"","meta":{"footnotes":""},"language":[6],"class_list":{"0":"post-362","1":"page","2":"type-page","3":"status-publish","5":"language-pt_pt"},"_links":{"self":[{"href":"https:\/\/cierl.uma.pt\/index.php?rest_route=\/wp\/v2\/pages\/362","targetHints":{"allow":["GET"]}}],"collection":[{"href":"https:\/\/cierl.uma.pt\/index.php?rest_route=\/wp\/v2\/pages"}],"about":[{"href":"https:\/\/cierl.uma.pt\/index.php?rest_route=\/wp\/v2\/types\/page"}],"author":[{"embeddable":true,"href":"https:\/\/cierl.uma.pt\/index.php?rest_route=\/wp\/v2\/users\/4"}],"replies":[{"embeddable":true,"href":"https:\/\/cierl.uma.pt\/index.php?rest_route=%2Fwp%2Fv2%2Fcomments&post=362"}],"version-history":[{"count":69,"href":"https:\/\/cierl.uma.pt\/index.php?rest_route=\/wp\/v2\/pages\/362\/revisions"}],"predecessor-version":[{"id":29996,"href":"https:\/\/cierl.uma.pt\/index.php?rest_route=\/wp\/v2\/pages\/362\/revisions\/29996"}],"up":[{"embeddable":true,"href":"https:\/\/cierl.uma.pt\/index.php?rest_route=\/wp\/v2\/pages\/177"}],"wp:attachment":[{"href":"https:\/\/cierl.uma.pt\/index.php?rest_route=%2Fwp%2Fv2%2Fmedia&parent=362"}],"wp:term":[{"taxonomy":"language","embeddable":true,"href":"https:\/\/cierl.uma.pt\/index.php?rest_route=%2Fwp%2Fv2%2Flanguage&post=362"}],"curies":[{"name":"wp","href":"https:\/\/api.w.org\/{rel}","templated":true}]}}