 {"id":333,"date":"2015-03-27T10:48:08","date_gmt":"2015-03-27T10:48:08","guid":{"rendered":"http:\/\/www4.uma.pt\/cierl\/?page_id=333"},"modified":"2016-09-28T12:54:04","modified_gmt":"2016-09-28T12:54:04","slug":"desmemoria-de-desastre-cultura-e-perigos-naturais-madeira-um-caso-de-estudo","status":"publish","type":"page","link":"https:\/\/cierl.uma.pt\/?page_id=333","title":{"rendered":"(Des)Mem\u00f3ria de desastre?"},"content":{"rendered":"<p><strong>(Des)Mem\u00f3ria de desastre? Cultura e perigos naturais. Madeira, um caso de estudo<\/strong><\/p>\n<p>&nbsp;<\/p>\n<p><strong><img loading=\"lazy\" decoding=\"async\" class=\" wp-image-41 size-thumbnail aligncenter\" src=\"http:\/\/www4.uma.pt\/cierl\/wp-content\/uploads\/2014\/11\/dmdm-150x150.png\" alt=\"dmdm\" width=\"150\" height=\"150\" srcset=\"https:\/\/cierl.uma.pt\/wp-content\/uploads\/2014\/11\/dmdm-150x150.png 150w, https:\/\/cierl.uma.pt\/wp-content\/uploads\/2014\/11\/dmdm-300x300.png 300w, https:\/\/cierl.uma.pt\/wp-content\/uploads\/2014\/11\/dmdm.png 814w\" sizes=\"auto, (max-width: 150px) 100vw, 150px\" \/>Autoria e Coordena\u00e7\u00e3o Geral:<\/strong> Ana Salgueiro (CECC-UCP; CIERL-UMa)<br \/>\n<strong>Institui\u00e7\u00f5es de Acolhimento:<\/strong> CECC-UCP e CIERL-UMa<br \/>\n<strong>Equipa de Investigadores:<\/strong> Ana Paula Almeida, Ana Salgueiro, Anne Martina\u00a0Emonts, Diana Gon\u00e7alves, Duarte da Encarna\u00e7\u00e3o, F\u00e1bia Camacho, Filipa Fernandes, Il\u00eddio\u00a0Sousa, Maria Jo\u00e3o Beja, Martinho P. Mendes, Odeta Pereira, Paulo Miguel Rodrigues,\u00a0Sara Bonati, Teresa Norton Dias, Virg\u00edlio Baltasar, V. Nuno Martins.<br \/>\n<strong>Datas:<\/strong>\u00a0Set. 2012\/ Dez. 2014<br \/>\n<strong>Sinopse:<\/strong> O projecto DMDM tem um\u00a0s\u00edtio em linha, onde se encontram\u00a0publicadas informa\u00e7\u00f5es sobre trabalhos\u00a0desenvolvidos pela sua equipa de\u00a0investigadores e por agentes culturais\u00a0diversos que t\u00eam colaborado com o\u00a0projecto:<br \/>\n<a href=\"http:\/\/dmdm.uma.pt\/\">http:\/\/dmdm.uma.pt\/<\/a><\/p>\n<p>&nbsp;<\/p>\n<p><strong>Produ\u00e7\u00e3o cient\u00edfica e pr\u00e9mio\u00a0atribu\u00eddo:<\/strong><\/p>\n<p>05 de Fevereiro 2015 \u2013 A comunica\u00e7\u00e3o \u201cLiteracia da Paisagem e do Risco: Educa\u00e7\u00e3o e Participa\u00e7\u00e3o\u00a0Local na Reinven\u00e7\u00e3o de uma Democracia Glocal\u201d, de autoria de Ana Salgueiro e Sara Bonati, foi\u00a0apresentada, em Lisboa (Universidade Nova de Lisboa), no XII CONLAB. 1.\u00ba Congresso da Associa\u00e7\u00e3o\u00a0Internacional de Ci\u00eancias Sociais e Humanas em L\u00edngua Portuguesa.<\/p>\n<p>Este trabalho, desenvolvido no \u00e2mbito do projeto DMDM, foi galardoado com a atribui\u00e7\u00e3o do\u00a0Pr\u00e9mio Excelente Comunica\u00e7\u00e3o \u2013 IPPS-Montepio Ant\u00f3nio Dornelas. A vers\u00e3o escrita da comunica\u00e7\u00e3o\u00a0premiada encontra-se dispon\u00edvel para leitura aqui:\u00a0<a href=\"http:\/\/dmdm.uma.pt\/?p=1831\">http:\/\/dmdm.uma.pt\/?p=1831<\/a><\/p>\n<p>No link que se segue encontra-se a bibliografia da produ\u00e7\u00e3o cientifica do DMDM:\u00a0<a href=\"http:\/\/dmdm.uma.pt\/wp-content\/uploads\/2014\/08\/Bibliografia-produ%C3%A7%C3%A3o-cient%C3%ADfica-DMDM-1.pdf\">http:\/\/dmdm.uma.pt\/wp-content\/uploads\/2014\/08\/Bibliografia-produ%C3%A7%C3%A3o-cient%C3%ADfica-DMDM-1.pdf<\/a><\/p>\n<p>&nbsp;<\/p>\n","protected":false},"excerpt":{"rendered":"<p>(Des)Mem\u00f3ria de desastre? Cultura e perigos naturais. Madeira, um caso de estudo &nbsp; Autoria e Coordena\u00e7\u00e3o Geral: Ana Salgueiro (CECC-UCP; CIERL-UMa) Institui\u00e7\u00f5es de Acolhimento: CECC-UCP e CIERL-UMa Equipa de Investigadores: Ana Paula Almeida, Ana Salgueiro, Anne Martina\u00a0Emonts, Diana Gon\u00e7alves, Duarte da Encarna\u00e7\u00e3o, F\u00e1bia Camacho, Filipa Fernandes, Il\u00eddio\u00a0Sousa, Maria Jo\u00e3o Beja, Martinho P. Mendes, Odeta Pereira, &#8230; <a title=\"(Des)Mem\u00f3ria de desastre?\" class=\"read-more\" href=\"https:\/\/cierl.uma.pt\/?page_id=333\" aria-label=\"More on (Des)Mem\u00f3ria de desastre?\">Read more<\/a><\/p>\n","protected":false},"author":4,"featured_media":0,"parent":177,"menu_order":0,"comment_status":"closed","ping_status":"open","template":"","meta":{"footnotes":""},"language":[6],"class_list":{"0":"post-333","1":"page","2":"type-page","3":"status-publish","5":"language-pt_pt"},"_links":{"self":[{"href":"https:\/\/cierl.uma.pt\/index.php?rest_route=\/wp\/v2\/pages\/333","targetHints":{"allow":["GET"]}}],"collection":[{"href":"https:\/\/cierl.uma.pt\/index.php?rest_route=\/wp\/v2\/pages"}],"about":[{"href":"https:\/\/cierl.uma.pt\/index.php?rest_route=\/wp\/v2\/types\/page"}],"author":[{"embeddable":true,"href":"https:\/\/cierl.uma.pt\/index.php?rest_route=\/wp\/v2\/users\/4"}],"replies":[{"embeddable":true,"href":"https:\/\/cierl.uma.pt\/index.php?rest_route=%2Fwp%2Fv2%2Fcomments&post=333"}],"version-history":[{"count":7,"href":"https:\/\/cierl.uma.pt\/index.php?rest_route=\/wp\/v2\/pages\/333\/revisions"}],"predecessor-version":[{"id":1281,"href":"https:\/\/cierl.uma.pt\/index.php?rest_route=\/wp\/v2\/pages\/333\/revisions\/1281"}],"up":[{"embeddable":true,"href":"https:\/\/cierl.uma.pt\/index.php?rest_route=\/wp\/v2\/pages\/177"}],"wp:attachment":[{"href":"https:\/\/cierl.uma.pt\/index.php?rest_route=%2Fwp%2Fv2%2Fmedia&parent=333"}],"wp:term":[{"taxonomy":"language","embeddable":true,"href":"https:\/\/cierl.uma.pt\/index.php?rest_route=%2Fwp%2Fv2%2Flanguage&post=333"}],"curies":[{"name":"wp","href":"https:\/\/api.w.org\/{rel}","templated":true}]}}