 {"id":3033,"date":"2016-06-27T09:07:21","date_gmt":"2016-06-27T09:07:21","guid":{"rendered":"http:\/\/www4.uma.pt\/cierl\/?page_id=3033"},"modified":"2017-08-30T17:07:14","modified_gmt":"2017-08-30T17:07:14","slug":"grupo-paisagem-uma-cierl","status":"publish","type":"page","link":"https:\/\/cierl.uma.pt\/?page_id=3033","title":{"rendered":"UMa Paisagem CIERL &#8211; Grupo de Trabalho"},"content":{"rendered":"<h2 style=\"text-align: right;\"><\/h2>\n<h2 style=\"text-align: right;\"><strong>UMa Paisagem CIERL &#8211; Grupo de Trabalho<\/strong><\/h2>\n<p style=\"text-align: justify;\"><strong>UMa Paisagem CIERL<\/strong>, grupo de trabalho do Centro de Investiga\u00e7\u00e3o em Estudos Regionais e Locais da Universidade da Madeira, apresenta-se como uma plataforma interdisciplinar, cujo prop\u00f3sito \u00e9 propiciar um espa\u00e7o de debate pluricultural, livre, aberto e criativo, com foco numa agenda complexa da Paisagem. Em particular, tem como caso de estudo privilegiado o territ\u00f3rio do arquip\u00e9lago da Madeira, aportando uma vis\u00e3o alternativa, inovadora e rigorosa, no contexto local, nacional e internacional.<\/p>\n<h3><strong>Que Paisagem(s)?<\/strong><\/h3>\n<p style=\"text-align: justify;\">O conceito de paisagem revela-se complexo e vari\u00e1vel, acomodando e admitindo um espectro amplo de defini\u00e7\u00f5es e aproxima\u00e7\u00f5es disciplinares. Poder\u00e1 entender-se desde \u00e2mbitos t\u00e3o distintos como disciplinas art\u00edsticas (Pintura, M\u00fasica, Literatura, etc.), disciplinas anal\u00edticas (Geografia, Sociologia, etc.) ou t\u00e9cnico-cient\u00edficas (Economia, Planeamento Territorial, Arquitetura, etc.).<\/p>\n<p style=\"text-align: justify;\">A considera\u00e7\u00e3o da Paisagem de forma independente da sua qualidade est\u00e9tica (no\u00e7\u00e3o coloquial de Paisagem), confere ao territ\u00f3rio o elemento imprescind\u00edvel da percep\u00e7\u00e3o humana, individual e social (ou coletiva).<\/p>\n<p style=\"text-align: justify;\">Distanciando-se do conceito rom\u00e2ntico da Paisagem, intimamente relacionado com o sublime e a natureza em estado bruto, amea\u00e7ada pelos avan\u00e7os da revolu\u00e7\u00e3o industrial inicialmente e, mais recentemente, com a revolu\u00e7\u00e3o digital, na contemporaneidade a paisagem assume outros valores, chegando mesmo a prescindir da dimens\u00e3o natural. Em espa\u00e7os urbanos, invertem-se os pap\u00e9is, e ser\u00e1 o constru\u00eddo que emoldurar\u00e1 o(s) fragmento(s) do \u201cnatural\u201d, ambos, afinal, produtos da a\u00e7\u00e3o humana.<\/p>\n<p style=\"text-align: justify;\">Por conseguinte, a paisagem incluir\u00e1 tr\u00eas dimens\u00f5es: (1) F\u00edsica, na qual a Paisagem se refere ao territ\u00f3rio; (2) Subjetiva e\/ou Cultural; e (3) Temporal e causal, que assume a Paisagem como resultado da intera\u00e7\u00e3o entre o humano e o meio. A Paisagem ser\u00e1, ent\u00e3o, uma express\u00e3o de diversos recursos naturais existentes, mas tamb\u00e9m a a\u00e7\u00e3o humana sobre esses recursos e os produtos ou artefactos que da\u00ed emergem ou se manifestam.<\/p>\n<h3><strong>Miss\u00e3o<\/strong><\/h3>\n<p style=\"text-align: justify;\"><strong>UMa Paisagem CIERL<\/strong> tem como miss\u00e3o explorar o interface entre o Patrim\u00f3nio Natural e Cultural e as sinergias que poder\u00e3o existir \u00a0ou vir a ser criadas entre a sua produ\u00e7\u00e3o, atrav\u00e9s quer das din\u00e2micas f\u00edsicas e materiais constantes no territ\u00f3rio, quer da sua representa\u00e7\u00e3o, quer de din\u00e2micas simb\u00f3licas e \u201cimaginais\u201d que modelam o territ\u00f3rio e o ambiente que nos rodeia.<\/p>\n<p style=\"text-align: justify;\">Pretende interrogar as rela\u00e7\u00f5es entre espa\u00e7os, explorando uma no\u00e7\u00e3o expandida de Paisagem, que compreenda tanto a dimens\u00e3o material e imaterial, tang\u00edvel e intang\u00edvel, o artif\u00edcio como natural e o natural como artif\u00edcio,<\/p>\n<h3><strong>Objetivos<\/strong><\/h3>\n<p>Os objetivos deste grupo de trabalho s\u00e3o:<\/p>\n<ul>\n<li>Promover a investiga\u00e7\u00e3o, forma\u00e7\u00e3o e educa\u00e7\u00e3o sobre paisagem;<\/li>\n<li>Incentivar o interc\u00e2mbio de informa\u00e7\u00e3o e conhecimento com pares e parceiros (acad\u00e9micos e n\u00e3o-acad\u00e9micos) no campo da paisagem e \u00e1reas afins, para beneficio do sistema ecossociocultural;<\/li>\n<li style=\"text-align: justify;\">Estimular a comunica\u00e7\u00e3o e coopera\u00e7\u00e3o do trabalho desenvolvido no grupo sobre as problem\u00e1ticas das Paisagem com os diferentes p\u00fablicos, quer acad\u00e9micos e especializados, quer n\u00e3o-acad\u00e9micos.<\/li>\n<\/ul>\n<h3><strong>Linhas Tem\u00e1ticas<\/strong><\/h3>\n<p><strong>UMa Paisagem CIERL<\/strong>\u00a0definiu como suas linhas tem\u00e1ticas iniciais:<\/p>\n<ul>\n<li>Paisagem e Turismo;<\/li>\n<li>Paisagem e Aprendizagens;<\/li>\n<li>Paisagem, Patrim\u00f3nio, Mem\u00f3ria e Identidade;<\/li>\n<li>Representa\u00e7\u00f5es da Paisagem;<\/li>\n<li>Paisagem, Ambiente, Risco e Resili\u00eancia;<\/li>\n<li>Produ\u00e7\u00e3o\/Cria\u00e7\u00e3o da Paisagem.<\/li>\n<\/ul>\n<h3><strong>Atividades<\/strong><\/h3>\n<h3>Investiga\u00e7\u00e3o, forma\u00e7\u00e3o e divulga\u00e7\u00e3o cient\u00edfica<\/h3>\n<p style=\"text-align: justify;\">O grupo <strong>UMa Paisagem CIERL<\/strong> desenvolve investiga\u00e7\u00e3o interdisciplinar, com o prop\u00f3sito de promover a reflex\u00e3o e o conhecimento sobre a Paisagem da Madeira. Pretende-se, assim, potenciar o desenvolvimento criativo e com fundamenta\u00e7\u00e3o cient\u00edfica de percursos e ideias inovadoras.<\/p>\n<p style=\"text-align: justify;\">Para isso, prop\u00f5e-se apoiar e acolher projetos de investiga\u00e7\u00e3o ou investiga\u00e7\u00e3o-cria\u00e7\u00e3o, assim como programas e\/ou a\u00e7\u00f5es de forma\u00e7\u00e3o que incidam sobre a Paisagem e campos relacionados.<\/p>\n<p style=\"text-align: justify;\">As atividades de forma\u00e7\u00e3o poder\u00e3o assumir formatos diversos &#8211; como workshops, semin\u00e1rios e confer\u00eancias &#8211; a realizar tanto na universidade e em escolas, como em outros lugares e institui\u00e7\u00f5es e com outros formatos menos acad\u00e9micos, orientados para a \u00a0participa\u00e7\u00e3o p\u00fablica.<\/p>\n<h3>Interdisciplinaridade, cidadania e coopera\u00e7\u00e3o interinstitucional<\/h3>\n<p style=\"text-align: justify;\">O grupo <strong>UMa Paisagem CIERL<\/strong>\u00a0\u00e9 movido pelo prop\u00f3sito da coopera\u00e7\u00e3o interdisciplinar e interinstitucional, dentro e fora da Universidade da Madeira, assim como pelo modelo de investiga\u00e7\u00e3o com preocupa\u00e7\u00f5es e responsabilidades c\u00edvicas. Desenvolve, por isso, um modelo de trabalho fortemente marcado pela coopera\u00e7\u00e3o transdisciplinar e interinstitucional, pelo di\u00e1logo atento com as comunidades locais (atrav\u00e9s de de organiza\u00e7\u00f5es governamentais, privadas e\/ou ONGs locais, regionais, nacionais e internacionais) e pela promo\u00e7\u00e3o de trabalho em que se evidencie uma forte implica\u00e7\u00e3o de teoria e pr\u00e1tica.<\/p>\n<h3>Apoio ao Observat\u00f3rio da Paisagem da Madeira<\/h3>\n<p style=\"text-align: justify;\">\u00a0O UMa-CIERL \u00e9 uma das institui\u00e7\u00f5es fundadoras da Comiss\u00e3o Instaladora do Observat\u00f3rio da Paisagem da Madeira. Neste quadro, cabe ao grupo <strong>UMa Paisagem CIERL\u00a0<\/strong>coordenar, apoiar e dinamizar o trabalho que, no UMa-CIERL, \u00e9 desenvolvido em parceria com as restantes institui\u00e7\u00f5es fundadoras dessa Comiss\u00e3o Instaladora: Associa\u00e7\u00e3o Insular de Geografia; Ordem dos Arquitetos (Delega\u00e7\u00e3o Regional da Madeira); Secretaria Regional do Ambiente e Recursos Naturais.<\/p>\n<h3><\/h3>\n<h3>\u00c1reas disciplinares<\/h3>\n<p style=\"text-align: justify;\">O grupo integra um vasto leque de disciplinas dos campos das Ci\u00eancias Sociais, Artes e Humanidades: Arquitetura, Estudos Art\u00edsticos, Estudos de Cultura, Estudos Liter\u00e1rios, Estudos de Paisagem, Estudos de Turismo, Humanidades Ambientais, entre outros.<\/p>\n<h3><span style=\"color: #0f2902;\"><strong>Coordena\u00e7\u00e3o Geral:\u00a0<\/strong><\/span><\/h3>\n<ul>\n<li><span style=\"color: #000000;\"><strong><a style=\"color: #000000;\" href=\"http:\/\/www4.uma.pt\/cierl\/?page_id=1112\">Duarte Santo<\/a>\u00a0<\/strong>(Arquitetura da Paisagem; Estudos de Turismo)<\/span><\/li>\n<\/ul>\n<h3><span style=\"color: #000000;\"><strong>Equipa de Investigadores:<\/strong><\/span><\/h3>\n<ul>\n<li><span style=\"color: #000000;\"><strong><a style=\"color: #000000;\" href=\"http:\/\/www4.uma.pt\/cierl\/?page_id=469\">Ana Isabel Moniz <\/a><\/strong>(Estudos Liter\u00e1rios)<\/span><\/li>\n<li><span style=\"color: #000000;\"><strong><a style=\"color: #000000;\" href=\"http:\/\/www4.uma.pt\/cierl\/?page_id=483\">Ana Paula Almeida<\/a><\/strong> (Hist\u00f3ria; Estudos de Cinema)<\/span><\/li>\n<li><span style=\"color: #000000;\"><strong><a style=\"color: #000000;\" href=\"http:\/\/www4.uma.pt\/cierl\/?page_id=485\">Ana Salgueiro<\/a><\/strong> (Estudos de Cultura; Estudos de Desastre)<\/span><\/li>\n<li><span style=\"color: #000000;\"><strong><a style=\"color: #000000;\" href=\"http:\/\/www4.uma.pt\/cierl\/?page_id=471\">Anne Martina Emonts <\/a><\/strong>(Estudos de Cultura; Estudos Liter\u00e1rios)<\/span><\/li>\n<li><span style=\"color: #000000;\">Carmen Diego (Sociologia; Estudos de Desastre)<\/span><\/li>\n<li><span style=\"color: #000000;\">Cristina Martins (Hist\u00f3ria; Estudos Regionais e Locais -Emigra\u00e7\u00e3o)<\/span><\/li>\n<li><span style=\"color: #000000;\">Duarte Santo (Arquitetura; Estudos de Turismo)<\/span><\/li>\n<li><span style=\"color: #000000;\">Eduardo Pires (Estudos Liter\u00e1rios)<\/span><\/li>\n<li><span style=\"color: #000000;\">Emanuel Gaspar (Hist\u00f3ria da Arte e Patrim\u00f3nio)<\/span><\/li>\n<li><span style=\"color: #000000;\"><strong><a style=\"color: #000000;\" href=\"http:\/\/www4.uma.pt\/cierl\/?page_id=511\">Filipa Fernandes<\/a> <\/strong>(Antropologia; Estudos de Turismo)<\/span><\/li>\n<li><span style=\"color: #000000;\"><strong><a style=\"color: #000000;\" href=\"http:\/\/www4.uma.pt\/cierl\/?page_id=473\">Helena Rebelo<\/a><\/strong> (Estudos Lingu\u00edsticos)<\/span><\/li>\n<li><span style=\"color: #000000;\">Hugo Olim (Estudos Art\u00edsticos &#8211; Cinema e Multim\u00e9dia)<\/span><\/li>\n<li><span style=\"color: #000000;\"><a style=\"color: #000000;\" href=\"http:\/\/www4.uma.pt\/cierl\/?page_id=2594\"><strong>Isabel Santa Clara<\/strong> <\/a>(Estudos Art\u00edsticos &#8211; Artes Visuais)<\/span><\/li>\n<li><span style=\"color: #000000;\">Lucilina Freitas (Estudos Art\u00edsticos-Artes Visuais\/Arte em Espa\u00e7o P\u00fablico\/Educa\u00e7\u00e3o Art\u00edstica)<\/span><\/li>\n<li><span style=\"color: #000000;\"><strong><a style=\"color: #000000;\" href=\"http:\/\/www4.uma.pt\/cierl\/?page_id=505\">Maria Teresa Nascimento<\/a> <\/strong>(Estudos Liter\u00e1rios; Estudos de Cultura)<\/span><\/li>\n<li><span style=\"color: #000000;\"><strong><a style=\"color: #000000;\" href=\"http:\/\/www4.uma.pt\/cierl\/?page_id=612\">Martinho Mendes<\/a><\/strong> (Estudos Art\u00edsticos &#8211; Artes Visuais\/Museologia\/Educa\u00e7\u00e3o Art\u00edstica)<\/span><\/li>\n<li><span style=\"color: #000000;\"><strong><a style=\"color: #000000;\" href=\"http:\/\/www4.uma.pt\/cierl\/?page_id=479\">Naidea Nunes<\/a><\/strong> (Estudos Lingu\u00edsticos)<\/span><\/li>\n<li><span style=\"color: #000000;\"><strong><a style=\"color: #000000;\" href=\"http:\/\/www4.uma.pt\/cierl\/?page_id=2251\">Paulo Esteireiro<\/a><\/strong> (Estudos Art\u00edsticos &#8211; Musicologia\/Educa\u00e7\u00e3o Art\u00edstica)<\/span><\/li>\n<li><span style=\"color: #000000;\"><strong><a style=\"color: #000000;\" href=\"http:\/\/www4.uma.pt\/cierl\/?page_id=1106\">Rita Rodrigues<\/a><\/strong> (Hist\u00f3ria da Arte; Estudos de Cultura; Estudos Art\u00edsticos)<\/span><\/li>\n<li><span style=\"color: #000000;\">Rui Campos Matos (Arquitetura)<\/span><\/li>\n<\/ul>\n<p>Atividades:<\/p>\n<ul>\n<li>2017.06.13 &#8211; Confer\u00eancia <strong>\u201cPor uma Geografia Liter\u00e1ria \u00e0 Brasileira: Paisagens e Percursos\u201d<\/strong>\u00a0pela<strong>\u00a0Prof. Doutora Ida Alves\u00a0<\/strong>(Universidade Federal Fluminense &#8211; Brasil), co-organizada e promovida pelo Grpo de trabalho UMa Paisagem CIERL e o projeto <a href=\"http:\/\/www4.uma.pt\/cierl\/?page_id=4971\">TRANSLOCAL<\/a> Culturas Contempor\u00e2neas Locais e Urbanas, e realizada pelas 16h, no Museu Cidade do A\u00e7ucar, no Funchal.<\/li>\n<li>2016.07.22 &#8211; Confer\u00eancia<a href=\"http:\/\/www4.uma.pt\/cierl\/?p=3442\"><strong> \u201cObservat\u00f3rio da Paisagem. Can\u00e1rias e Madeira\u201d<\/strong><\/a>, pelo<strong> Prof. Doutor Juan Manuel Palerm Salazar <\/strong>(<span style=\"text-align: justify;\">Universidade de Las Palmas de Gran Can\u00e1ria, UNISCAPE e Observat\u00f3rio da Paisagem das Can\u00e1rias), promovida pela Comiss\u00e3o Instaladora do Observat\u00f3rio da Paisagem da Madeira, e realizada pelas 16h, na Sala do P\u00e1tio\/Reitoria da Universidade da Madeira.<\/span><\/li>\n<\/ul>\n<h3><span style=\"color: #000000;\"><strong>Projetos: <\/strong><\/span><\/h3>\n<ul style=\"list-style-type: circle;\">\n<li style=\"text-align: justify;\"><span style=\"color: #000000;\">Participa\u00e7\u00e3o na Comiss\u00e3o Organizadora do <strong><a style=\"color: #000000;\" href=\"http:\/\/www4.uma.pt\/cierl\/?page_id=1909\">III Col\u00f3quio Internacional INSULA. Para al\u00e9m de Natureza e Artif\u00edcio + III Island Cities &amp; Urban Archipelagos International Conference<\/a>\u00a0<\/strong>(8 a 12 de Novembro de 2017 | Funchal);<\/span><\/li>\n<li style=\"text-align: justify;\"><span style=\"color: #000000;\">Colabora\u00e7\u00e3o na constitui\u00e7\u00e3o do <strong>Observat\u00f3rio da Paisagem da Madeira, <\/strong>em parceria com a <strong>Delega\u00e7\u00e3o da Madeira da Ordem dos Arquitectos<\/strong>, a <strong>Secretaria Regional do Ambiente e dos Recursos Naturais<\/strong> e a <strong>Associa\u00e7\u00e3o Insular de Geografia<\/strong>.<\/span><\/li>\n<\/ul>\n<p>&nbsp;<\/p>\n<h6>(\u00a9 fotografias de Jos\u00e9 Zyberchema e Filipe Gomes)<\/h6>\n<p>&nbsp;<\/p>\n","protected":false},"excerpt":{"rendered":"<p>UMa Paisagem CIERL &#8211; Grupo de Trabalho UMa Paisagem CIERL, grupo de trabalho do Centro de Investiga\u00e7\u00e3o em Estudos Regionais e Locais da Universidade da Madeira, apresenta-se como uma plataforma interdisciplinar, cujo prop\u00f3sito \u00e9 propiciar um espa\u00e7o de debate pluricultural, livre, aberto e criativo, com foco numa agenda complexa da Paisagem. Em particular, tem como &#8230; <a title=\"UMa Paisagem CIERL &#8211; Grupo de Trabalho\" class=\"read-more\" href=\"https:\/\/cierl.uma.pt\/?page_id=3033\" aria-label=\"More on UMa Paisagem CIERL &#8211; Grupo de Trabalho\">Read more<\/a><\/p>\n","protected":false},"author":6,"featured_media":2221,"parent":177,"menu_order":11,"comment_status":"closed","ping_status":"closed","template":"","meta":{"footnotes":""},"language":[6],"class_list":{"0":"post-3033","1":"page","2":"type-page","3":"status-publish","4":"has-post-thumbnail","6":"language-pt_pt"},"_links":{"self":[{"href":"https:\/\/cierl.uma.pt\/index.php?rest_route=\/wp\/v2\/pages\/3033","targetHints":{"allow":["GET"]}}],"collection":[{"href":"https:\/\/cierl.uma.pt\/index.php?rest_route=\/wp\/v2\/pages"}],"about":[{"href":"https:\/\/cierl.uma.pt\/index.php?rest_route=\/wp\/v2\/types\/page"}],"author":[{"embeddable":true,"href":"https:\/\/cierl.uma.pt\/index.php?rest_route=\/wp\/v2\/users\/6"}],"replies":[{"embeddable":true,"href":"https:\/\/cierl.uma.pt\/index.php?rest_route=%2Fwp%2Fv2%2Fcomments&post=3033"}],"version-history":[{"count":23,"href":"https:\/\/cierl.uma.pt\/index.php?rest_route=\/wp\/v2\/pages\/3033\/revisions"}],"predecessor-version":[{"id":5782,"href":"https:\/\/cierl.uma.pt\/index.php?rest_route=\/wp\/v2\/pages\/3033\/revisions\/5782"}],"up":[{"embeddable":true,"href":"https:\/\/cierl.uma.pt\/index.php?rest_route=\/wp\/v2\/pages\/177"}],"wp:featuredmedia":[{"embeddable":true,"href":"https:\/\/cierl.uma.pt\/index.php?rest_route=\/wp\/v2\/media\/2221"}],"wp:attachment":[{"href":"https:\/\/cierl.uma.pt\/index.php?rest_route=%2Fwp%2Fv2%2Fmedia&parent=3033"}],"wp:term":[{"taxonomy":"language","embeddable":true,"href":"https:\/\/cierl.uma.pt\/index.php?rest_route=%2Fwp%2Fv2%2Flanguage&post=3033"}],"curies":[{"name":"wp","href":"https:\/\/api.w.org\/{rel}","templated":true}]}}