 {"id":30032,"date":"2020-02-19T14:22:58","date_gmt":"2020-02-19T14:22:58","guid":{"rendered":"http:\/\/www4.uma.pt\/cierl\/?page_id=30032"},"modified":"2022-02-25T17:11:20","modified_gmt":"2022-02-25T17:11:20","slug":"30032-2","status":"publish","type":"page","link":"https:\/\/cierl.uma.pt\/?page_id=30032","title":{"rendered":"(DIS)MEMORY OF DISASTERS. A MULTIDISCIPLINARY APPROACH"},"content":{"rendered":"<table>\n<tbody>\n<tr>\n<td style=\"width: 549px;\"><a href=\"https:\/\/cierl.uma.pt\/wp-content\/uploads\/2015\/03\/Capa-Livro.png\"><img loading=\"lazy\" decoding=\"async\" class=\"wp-image-30005 aligncenter\" src=\"https:\/\/cierl.uma.pt\/wp-content\/uploads\/2015\/03\/Capa-Livro.png\" alt=\"\" width=\"428\" height=\"607\" srcset=\"https:\/\/cierl.uma.pt\/wp-content\/uploads\/2015\/03\/Capa-Livro.png 645w, https:\/\/cierl.uma.pt\/wp-content\/uploads\/2015\/03\/Capa-Livro-212x300.png 212w\" sizes=\"auto, (max-width: 428px) 100vw, 428px\" \/><\/a><\/td>\n<td style=\"width: 792px;\">\n<h2 style=\"text-align: right;\"><strong>(DIS)MEMORY OF DISASTERS. A MULTIDISCIPLINARY APPROACH<\/strong><\/h2>\n<h2 style=\"text-align: right;\"><span style=\"color: #808080;\"><strong>(DES)MEM\u00d3RIA DE DESASTRE. UMA ABORDAGEM MULTIDISCIPLINAR<\/strong><\/span><\/h2>\n<p style=\"text-align: right;\"><span style=\"color: #000000;\">Eds. <strong>Sara BONATI, Ana SALGUEIRO, Duarte ENCARNA\u00c7\u00c3O, Filipa FERNANDES, Il\u00eddio SOUSA e F\u00e1bia CAMACHO de SOUSA<\/strong><\/span><\/p>\n<p style=\"text-align: right;\">ISBN: 978-989-95592-4-0<\/p>\n<h5 style=\"text-align: right;\">Design e grafismo &#8211; <span style=\"color: #808080;\"><strong>Marco C\u00e2mara, GIRP-UMa<\/strong><\/span><br \/>\nImagem capa \u00a9 <span style=\"color: #808080;\"><strong>Filipe Gomes, 2010<\/strong><\/span><\/h5>\n<p style=\"text-align: right;\"><span style=\"color: #000000;\"><strong>CENTRO DE INVESTIGA\u00c7\u00c3O EM ESTUDOS REGIONAIS E LOCAIS<\/strong><\/span><\/p>\n<p style=\"text-align: right;\"><span style=\"color: #808080;\"><strong>Colec\u00e7\u00e3o LIFE MEMORY &amp; CULTURE, n.\u00ba1<\/strong><\/span><\/p>\n<p style=\"text-align: right;\"><span style=\"color: #808080;\"><a href=\"https:\/\/cierl.uma.pt\/?page_id=296\" target=\"_blank\" rel=\"noopener\"><img loading=\"lazy\" decoding=\"async\" class=\"alignnone wp-image-30004 \" src=\"https:\/\/cierl.uma.pt\/wp-content\/uploads\/2015\/03\/Logo_LMC.png\" alt=\"\" width=\"124\" height=\"94\" \/><\/a><\/span><\/p>\n<\/td>\n<\/tr>\n<tr>\n<td style=\"width: 549px; background-color: #d9d7d7;\" colspan=\"2\"><span style=\"color: #808080;\"> <span style=\"color: #000000;\"> <strong>\u00cdNDICE<\/strong><\/span><\/span><\/td>\n<\/tr>\n<tr>\n<td style=\"width: 549px;\" colspan=\"2\">\n<div><a href=\"https:\/\/cierl.uma.pt\/wp-content\/uploads\/2020\/02\/0_prefacio.pdf\" target=\"_blank\" rel=\"noopener\">JE ME SOUVIENS <\/a>| <strong>Ilan Kelman<\/strong><\/div>\n<div><\/div>\n<div><a href=\"https:\/\/cierl.uma.pt\/wp-content\/uploads\/2020\/02\/AnaSalgueiro.pdf\" target=\"_blank\" rel=\"noopener\">(DES)MEM\u00d3RIA DE DESASTRE? UMA QUEST\u00c3O EM ABERTO: DO PROJETO DMDM \u00c0 COLE\u00c7\u00c3O <em>LIFE MEMORY &amp; CULTURE <\/em><\/a>| <strong>Ana Salgueiro<\/strong><\/div>\n<\/td>\n<\/tr>\n<tr>\n<td style=\"background-color: #d9d7d7;\" colspan=\"2\">\n<div><span style=\"color: #000000;\"><strong>I. THEORETICAL AND METHODOLOGICAL APPROACHES TO THE STUDY OF (DIS)MEMORY OF DISASTERS<\/strong><\/span><\/div>\n<div><span style=\"color: #808080;\"><strong>I. ABORDAGENS TE\u00d3RICAS E METODOL\u00d3GICAS PARA O ESTUDO DA (DES)MEM\u00d3RIA DE DESASTRES<\/strong><\/span><\/div>\n<\/td>\n<\/tr>\n<tr>\n<td style=\"width: 549px;\" colspan=\"2\">\n<div><strong>V. Nuno MARTINS <\/strong>| <a href=\"https:\/\/cierl.uma.pt\/wp-content\/uploads\/2020\/02\/VNunoMartins.pdf\" target=\"_blank\" rel=\"noopener\">A contextual and proactive approach to social vulnerability assessment: a review of the community-based disaster management stategies in the United States.<\/a><\/div>\n<div><\/div>\n<div><strong>Sara BONATI<\/strong> | <a href=\"https:\/\/cierl.uma.pt\/wp-content\/uploads\/2020\/02\/1.2.pdf\" target=\"_blank\" rel=\"noopener\">Interpreting risk through the &#8216;geographical identity&#8217;. The importance of local perception in defining global vulnerability<\/a>.<\/div>\n<div><\/div>\n<div><strong>Madaline POTTER<\/strong> | <a href=\"https:\/\/cierl.uma.pt\/wp-content\/uploads\/2020\/02\/cap.1.3_potter.pdf\" target=\"_blank\" rel=\"noopener\">Cultural memory as world-making and confession in poetry of Geoffrey Hill and Paul Celan.<\/a><\/div>\n<div><\/div>\n<div><strong>Paulo FREITAS<\/strong> | <a href=\"https:\/\/cierl.uma.pt\/wp-content\/uploads\/2020\/02\/cap.1.4_freitas.pdf\" target=\"_blank\" rel=\"noopener\">Pensar o design que temos. Design e emerg\u00eancia, a emerg\u00eancia do design?<\/a><\/div>\n<div><\/div>\n<div><strong>Il\u00eddio SOUSA, Maria Jos\u00e9 ROXO e Uriel ABREU <\/strong>| <a href=\"https:\/\/cierl.uma.pt\/wp-content\/uploads\/2020\/02\/cap.1.5_ilidiosousa.pdf\" target=\"_blank\" rel=\"noopener\">A comunica\u00e7\u00e3o do risco na minimiza\u00e7\u00e3o de desastres naturais na Regi\u00e3o Aut\u00f3noma da Madeira<\/a>.<\/div>\n<div><\/div>\n<div><strong>Cl\u00e1udia Sofia Dias SOUSA <\/strong>| <a href=\"https:\/\/cierl.uma.pt\/wp-content\/uploads\/2020\/02\/ClaudiaSousa.pdf\" target=\"_blank\" rel=\"noopener\"><em>\u00c1rvore da Esperan\u00e7a<\/em>, efemeridades da mem\u00f3ria &#8211; projeto ecol\u00f3gico de educa\u00e7\u00e3o art\u00edstica.<\/a><\/div>\n<div><\/div>\n<\/td>\n<\/tr>\n<tr style=\"background-color: # d9d7d7;\">\n<td style=\"width: 549px; background-color: #d9d7d7;\" colspan=\"2\">\n<div><strong>II. NARRATIVES AND REPRESENTATIONS OF DISASTERS<\/strong><\/div>\n<div><span style=\"color: #808080;\"><strong>II. NARRATIVAS E REPRESENTA\u00c7\u00d5ES DE DESASTRES<\/strong><\/span><\/div>\n<\/td>\n<\/tr>\n<tr>\n<td style=\"width: 549px;\" colspan=\"2\">\n<div><strong>Ana Madalena TRIGO DE SOUSA <\/strong>| <a href=\"https:\/\/cierl.uma.pt\/wp-content\/uploads\/2020\/02\/cap.1.2_trigodesousa.pdf\" target=\"_blank\" rel=\"noopener\">O poder municipal na segunda metade do s\u00e9culo XVIII: administra\u00e7\u00e3o dos recursos naturais e ordenamento do espa\u00e7o comunit\u00e1rio dos munic\u00edpios da Ilha da Madeira.<\/a><\/div>\n<div><\/div>\n<div><b>Ana Paula ALMEIDA <\/b> | <a href=\"https:\/\/cierl.uma.pt\/wp-content\/uploads\/2020\/02\/2.2.pdf\" target=\"_blank\" rel=\"noopener\">Os desastres naturais na imprensa local madeirense. O caso de 1920<\/a>.<\/div>\n<div><\/div>\n<div><strong>Gon\u00e7alo Pereira ROSA <\/strong>| <a href=\"https:\/\/cierl.uma.pt\/wp-content\/uploads\/2020\/02\/2.3.pdf\" target=\"_blank\" rel=\"noopener\">Gest\u00e3o narrativa num desastre natural. A sobreposi\u00e7\u00e3o do discurso pol\u00edtico no enquadramento jornal\u00edstico da enxurrada de 2010 na RTP e no jornal <em>P\u00fablico<\/em><\/a>.<\/div>\n<div><\/div>\n<div><strong>Duarte ENCARNA\u00c7\u00c3O <\/strong>| <a href=\"https:\/\/cierl.uma.pt\/wp-content\/uploads\/2020\/02\/2.4_duarte.pdf\" target=\"_blank\" rel=\"noopener\">Arte p\u00f3s-desastre: monumentos como mem\u00f3ria e revitaliza\u00e7\u00e3o do testemunho no espa\u00e7o p\u00fablico<\/a>.<\/div>\n<div><\/div>\n<div><strong>Rita RODRIGUES<\/strong> | <a href=\"https:\/\/cierl.uma.pt\/wp-content\/uploads\/2020\/02\/2.5.pdf\" target=\"_blank\" rel=\"noopener\">Entre &#8216;chove muito e se mina de agoa&#8217; e &#8216;veio logo a chuva e levou&#8217;: algumas anota\u00e7\u00f5es sobre conserva\u00e7\u00e3o, limpeza de ret\u00e1bulos e pinturas no Arquip\u00e9lago da Madeira (s\u00e9culos XVII-XIX)<\/a><\/div>\n<div><\/div>\n<\/td>\n<\/tr>\n<tr>\n<td style=\"width: 549px; background-color: #d9d7d7;\" colspan=\"2\">\n<div><strong>III. <em>OPEN WINDOWS<\/em> ON (DIS)MEMORY OF DISASTER RESEARCH<\/strong><\/div>\n<div><span style=\"color: #808080;\"><strong>III. <em>ABRINDO JANELAS <\/em>PARA A INVESTIGA\u00c7\u00c3O SOBRE A (DES)MEM\u00d3RIA DE DESASTRE <\/strong><\/span><\/div>\n<\/td>\n<\/tr>\n<tr>\n<td style=\"width: 549px;\" colspan=\"2\">\n<div><strong>Jos\u00e9 Virg\u00edlio Gouveia BALTASAR, Isabel Maria MARQUES ALBERTO <\/strong>| <a href=\"https:\/\/cierl.uma.pt\/wp-content\/uploads\/2020\/02\/3.1.pdf\" target=\"_blank\" rel=\"noopener\">O sistema familiar face \u00e0 viv\u00eancia de desastres naturais: uma proposta de investiga\u00e7\u00e3o.<\/a><\/div>\n<div><\/div>\n<div><strong style=\"font-family: inherit; font-size: inherit;\">Jos\u00e9 Virg\u00edlio Gouveia BALTASAR, Carlos M. Coelho <\/strong><span style=\"font-family: inherit; font-size: inherit;\">| Virtual reality exposure therapy for the treatment of posttraumatic stress disorder following flash-floods in Madeira Island: an investigation proposal.<\/span><\/div>\n<\/td>\n<\/tr>\n<tr>\n<td style=\"width: 549px; background-color: # d9d7d7;\"><\/td>\n<td style=\"width: 792px;\"><\/td>\n<\/tr>\n<\/tbody>\n<\/table>\n","protected":false},"excerpt":{"rendered":"<p>(DIS)MEMORY OF DISASTERS. A MULTIDISCIPLINARY APPROACH (DES)MEM\u00d3RIA DE DESASTRE. UMA ABORDAGEM MULTIDISCIPLINAR Eds. Sara BONATI, Ana SALGUEIRO, Duarte ENCARNA\u00c7\u00c3O, Filipa FERNANDES, Il\u00eddio SOUSA e F\u00e1bia CAMACHO de SOUSA ISBN: 978-989-95592-4-0 Design e grafismo &#8211; Marco C\u00e2mara, GIRP-UMa Imagem capa \u00a9 Filipe Gomes, 2010 CENTRO DE INVESTIGA\u00c7\u00c3O EM ESTUDOS REGIONAIS E LOCAIS Colec\u00e7\u00e3o LIFE MEMORY &amp; &#8230; <a title=\"(DIS)MEMORY OF DISASTERS. A MULTIDISCIPLINARY APPROACH\" class=\"read-more\" href=\"https:\/\/cierl.uma.pt\/?page_id=30032\" aria-label=\"More on (DIS)MEMORY OF DISASTERS. A MULTIDISCIPLINARY APPROACH\">Read more<\/a><\/p>\n","protected":false},"author":6,"featured_media":0,"parent":0,"menu_order":0,"comment_status":"closed","ping_status":"closed","template":"","meta":{"footnotes":""},"language":[6],"class_list":{"0":"post-30032","1":"page","2":"type-page","3":"status-publish","5":"language-pt_pt"},"_links":{"self":[{"href":"https:\/\/cierl.uma.pt\/index.php?rest_route=\/wp\/v2\/pages\/30032","targetHints":{"allow":["GET"]}}],"collection":[{"href":"https:\/\/cierl.uma.pt\/index.php?rest_route=\/wp\/v2\/pages"}],"about":[{"href":"https:\/\/cierl.uma.pt\/index.php?rest_route=\/wp\/v2\/types\/page"}],"author":[{"embeddable":true,"href":"https:\/\/cierl.uma.pt\/index.php?rest_route=\/wp\/v2\/users\/6"}],"replies":[{"embeddable":true,"href":"https:\/\/cierl.uma.pt\/index.php?rest_route=%2Fwp%2Fv2%2Fcomments&post=30032"}],"version-history":[{"count":24,"href":"https:\/\/cierl.uma.pt\/index.php?rest_route=\/wp\/v2\/pages\/30032\/revisions"}],"predecessor-version":[{"id":30142,"href":"https:\/\/cierl.uma.pt\/index.php?rest_route=\/wp\/v2\/pages\/30032\/revisions\/30142"}],"wp:attachment":[{"href":"https:\/\/cierl.uma.pt\/index.php?rest_route=%2Fwp%2Fv2%2Fmedia&parent=30032"}],"wp:term":[{"taxonomy":"language","embeddable":true,"href":"https:\/\/cierl.uma.pt\/index.php?rest_route=%2Fwp%2Fv2%2Flanguage&post=30032"}],"curies":[{"name":"wp","href":"https:\/\/api.w.org\/{rel}","templated":true}]}}