 {"id":2876,"date":"2016-06-07T14:25:08","date_gmt":"2016-06-07T14:25:08","guid":{"rendered":"http:\/\/www4.uma.pt\/cierl\/?page_id=2876"},"modified":"2016-11-13T14:02:16","modified_gmt":"2016-11-13T14:02:16","slug":"congresso-internacional-herberto-helder-a-vida-inteira-para-fundar-um-poema","status":"publish","type":"page","link":"https:\/\/cierl.uma.pt\/?page_id=2876","title":{"rendered":"CONGRESSO INTERNACIONAL  HERBERTO HELDER"},"content":{"rendered":"<p><img loading=\"lazy\" decoding=\"async\" class=\"alignleft wp-image-3133\" src=\"http:\/\/www4.uma.pt\/cierl\/wp-content\/uploads\/2016\/06\/logo-s\u00f3-hh-png-para-separadores-site-4-300x205.png\" alt=\"\" width=\"528\" height=\"361\" srcset=\"https:\/\/cierl.uma.pt\/wp-content\/uploads\/2016\/06\/logo-s\u00f3-hh-png-para-separadores-site-4-300x205.png 300w, https:\/\/cierl.uma.pt\/wp-content\/uploads\/2016\/06\/logo-s\u00f3-hh-png-para-separadores-site-4-768x524.png 768w, https:\/\/cierl.uma.pt\/wp-content\/uploads\/2016\/06\/logo-s\u00f3-hh-png-para-separadores-site-4.png 782w\" sizes=\"auto, (max-width: 528px) 100vw, 528px\" \/><\/p>\n<h2 style=\"text-align: center;\"><\/h2>\n<h2 style=\"text-align: center;\"><\/h2>\n<h2 style=\"text-align: center;\"><\/h2>\n<h2 style=\"text-align: center;\">CONGRESSO INTERNACIONAL<span style=\"color: #333333;\"><span style=\"color: #808080;\">\u00a0<\/span><\/span><\/h2>\n<h1 style=\"text-align: center;\">HERBERTO HELDER<span style=\"color: #333333;\">\u00a0<\/span><\/h1>\n<h3 style=\"text-align: center;\"><span style=\"color: #333333;\">\u00a0\u2013 <em>a vida inteira para fundar um poema<\/em><\/span><\/h3>\n<h3 style=\"text-align: center;\"><strong><span style=\"color: #808080;\">21 .\u00a022 . 23 . Novembro\u00a0<\/span><\/strong><span style=\"color: #333333;\">|<\/span><strong><span style=\"color: #808080;\"> 2016<\/span><\/strong><\/h3>\n<h3 style=\"text-align: center;\"><span style=\"color: #333333;\">Funchal | UMa\u2013CIERL<\/span><\/h3>\n<table>\n<tbody>\n<tr>\n<td>\n<h3><strong>Linhas tem\u00e1ticas<\/strong><\/h3>\n<ol>\n<li>\n<div>HH <em>ou o poema cont\u00ednuo<\/em><\/div>\n<\/li>\n<li>\n<div>HH : <em>a prosa \u00e9 uma inst\u00e2ncia degradada do poema<\/em><\/div>\n<\/li>\n<li>\n<div>HH e <em>poetas futuros com m\u00e1quinas de filmar nas m\u00e3os<\/em><\/div>\n<\/li>\n<li>\n<div>HH e os seus contempor\u00e2neos<\/div>\n<\/li>\n<li>\n<div>HH e seus interlocutores<\/div>\n<\/li>\n<li>\n<div>HH : <em>coisa amada tanto quanto o alvoro\u00e7o mortal<\/em><\/div>\n<\/li>\n<li>\n<div>HH\u00a0em estado de Babel<\/div>\n<\/li>\n<li>\n<div>HH e cada <em>bom leitor impuro<\/em><\/div>\n<\/li>\n<\/ol>\n<\/td>\n<\/tr>\n<\/tbody>\n<\/table>\n<table>\n<tbody>\n<tr>\n<td>\n<h3>Data limite de<strong>\u00a0<span style=\"color: #000080;\"><a style=\"color: #000080;\" href=\"https:\/\/cmt.research.microsoft.com\/HH2016\/Default.aspx\" target=\"_blank\">submiss\u00e3o de\u00a0propostas <\/a><\/span>\u00a0<\/strong>:\u00a0<strong>21.10.2016<\/strong><\/h3>\n<div><strong>Datas e taxas de<span style=\"color: #000080;\"> <a style=\"color: #000080;\" href=\"http:\/\/www4.uma.pt\/cierl\/?page_id=2918\" target=\"_blank\">inscri\u00e7\u00e3o<\/a><\/span>:<\/strong><\/div>\n<div><\/div>\n<div style=\"text-align: left; padding-left: 120px;\"><strong>\u2013\u00a0participantes com comunica\u00e7\u00e3o:<\/strong><\/div>\n<div style=\"text-align: left; padding-left: 120px;\">de 18.07 a 14.09 : 50\u20ac<\/div>\n<div style=\"text-align: left; padding-left: 120px;\">de 15.09 a 15.10 : 75\u20ac<\/div>\n<div style=\"text-align: left; padding-left: 120px;\">de 16.10 a 21.10 : 100\u20ac<\/div>\n<div style=\"text-align: left; padding-left: 120px;\"><\/div>\n<div style=\"text-align: left; padding-left: 120px;\"><strong>\u2013\u00a0participantes sem\u00a0comunica\u00e7\u00e3o:<\/strong><\/div>\n<div style=\"text-align: left; padding-left: 120px;\">p\u00fablico em geral : 25\u20ac<\/div>\n<div style=\"text-align: left; padding-left: 120px;\">membros do\u00a0UMa\u2013CIERL : 10\u20ac<\/div>\n<div style=\"text-align: left; padding-left: 120px;\">alunos da UMa : participa\u00e7\u00e3o gratuita<\/div>\n<div>\u00a0<a href=\"https:\/\/cmt.research.microsoft.com\/HH2016\/Default.aspx\" target=\"_blank\" rel=\"attachment wp-att-3387\"><img loading=\"lazy\" decoding=\"async\" class=\" wp-image-3387 alignright\" src=\"http:\/\/www4.uma.pt\/cierl\/wp-content\/uploads\/2016\/06\/Unknown.png\" alt=\"Unknown\" width=\"109\" height=\"43\" \/><\/a><\/div>\n<div><\/div>\n<\/td>\n<\/tr>\n<\/tbody>\n<\/table>\n<table>\n<tbody>\n<tr>\n<td><a href=\"http:\/\/www4.uma.pt\/cierl\/wp-content\/uploads\/2016\/06\/logo-s\u00f3-hh-png-para-separadores-site-4.png\" rel=\"attachment wp-att-3133\"><img loading=\"lazy\" decoding=\"async\" class=\"alignnone wp-image-3133\" src=\"http:\/\/www4.uma.pt\/cierl\/wp-content\/uploads\/2016\/06\/logo-s\u00f3-hh-png-para-separadores-site-4-300x205.png\" alt=\"logo s\u00f3 hh png para separadores site\" width=\"110\" height=\"75\" srcset=\"https:\/\/cierl.uma.pt\/wp-content\/uploads\/2016\/06\/logo-s\u00f3-hh-png-para-separadores-site-4-300x205.png 300w, https:\/\/cierl.uma.pt\/wp-content\/uploads\/2016\/06\/logo-s\u00f3-hh-png-para-separadores-site-4-768x524.png 768w, https:\/\/cierl.uma.pt\/wp-content\/uploads\/2016\/06\/logo-s\u00f3-hh-png-para-separadores-site-4.png 782w\" sizes=\"auto, (max-width: 110px) 100vw, 110px\" \/><\/a><strong>COMISS\u00c3O CIENT\u00cdFICA<\/strong><\/p>\n<div>Ana Cristina Joaquim\u00a0(Universidade de S\u00e3o Paulo, Brasil)<\/div>\n<div>Ana Isabel Moniz\u00a0(Universidade da Madeira, Portugal)<\/div>\n<div>Ant\u00f3nio Fournier (Universidade de Turim, It\u00e1lia)<\/div>\n<div>Arnaldo Saraiva (Universidade do Porto, Portugal)<\/div>\n<div>Catherine Dumas (Universit\u00e9 de la Sorbonne Nouvelle\u2013Paris III, Fran\u00e7a)<\/div>\n<div>Daniel Rodrigues (Universit\u00e9 Blaise Pascal\/Clermont II, Fran\u00e7a)<\/div>\n<div>Diana Pimentel (Universidade da Madeira, Portugal)<\/div>\n<div>Gast\u00e3o Cruz (Lisboa, Portugal)<\/div>\n<div>Gustavo Rubim (Universidade Nova de Lisboa, Portugal)<\/div>\n<div>Joana Matos Frias\u00a0(Universidade do Porto, Portugal)<\/div>\n<div>Luis Maffei (Universidade Federal Fluminense-Niter\u00f3i, Brasil)<\/div>\n<div>Lu\u00eds Mour\u00e3o (Instituto Polit\u00e9cnico de Viana do Castelo, Portugal)<\/div>\n<div>Lu\u00edsa Paolinelli\u00a0(Universidade da Madeira, Portugal)<\/div>\n<div>Maria de F\u00e1tima Marinho (Universidade do Porto, Portugal)<\/div>\n<div>Maria L\u00facia Dal Farra (Universidade Federal de Sergipe, Brasil)<\/div>\n<div>Paula Mor\u00e3o (Universidade de Lisboa, Portugal)<\/div>\n<div>Pedro Eiras (Universidade do Porto, Portugal)<\/div>\n<div>Rita Novas Miranda\u00a0(Universidade do Porto, Portugal)<\/div>\n<div>Rosa Maria Martelo (Universidade do Porto, Portugal)<\/div>\n<div>Sandra Teixeira (Universidade de Poitiers, Fran\u00e7a)<\/div>\n<\/td>\n<\/tr>\n<\/tbody>\n<\/table>\n<table>\n<tbody>\n<tr>\n<td><strong><a href=\"http:\/\/www4.uma.pt\/cierl\/wp-content\/uploads\/2016\/06\/logo-s\u00f3-hh-png-para-separadores-site-4.png\" rel=\"attachment wp-att-3133\"><img loading=\"lazy\" decoding=\"async\" class=\"alignnone wp-image-3133\" src=\"http:\/\/www4.uma.pt\/cierl\/wp-content\/uploads\/2016\/06\/logo-s\u00f3-hh-png-para-separadores-site-4-300x205.png\" alt=\"logo s\u00f3 hh png para separadores site\" width=\"110\" height=\"75\" srcset=\"https:\/\/cierl.uma.pt\/wp-content\/uploads\/2016\/06\/logo-s\u00f3-hh-png-para-separadores-site-4-300x205.png 300w, https:\/\/cierl.uma.pt\/wp-content\/uploads\/2016\/06\/logo-s\u00f3-hh-png-para-separadores-site-4-768x524.png 768w, https:\/\/cierl.uma.pt\/wp-content\/uploads\/2016\/06\/logo-s\u00f3-hh-png-para-separadores-site-4.png 782w\" sizes=\"auto, (max-width: 110px) 100vw, 110px\" \/><\/a>COMISS\u00c3O\u00a0ORGANIZADORA<\/strong><\/p>\n<div style=\"padding-left: 30px; text-align: left;\"><strong>|\u00a0<\/strong>Diana Pimentel (coord.) \u00a0 \u00a0 \u00a0 \u00a0 \u00a0 \u00a0 \u00a0 \u00a0 \u00a0 \u00a0 \u00a0 \u00a0 <strong>|<\/strong>\u00a0 \u00a0 Ana Isabel Moniz \u00a0 \u00a0 \u00a0 \u00a0<strong>\u00a0 \u00a0 \u00a0 |<\/strong> \u00a0 \u00a0 \u00a0 Ana Salgueiro \u00a0 \u00a0 \u00a0 \u00a0 \u00a0 \u00a0 \u00a0 \u00a0 \u00a0 \u00a0\u00a0<strong>|<\/strong>\u00a0 \u00a0 \u00a0 Raquel Gon\u00e7alves<\/div>\n<div style=\"padding-left: 30px;\"><a href=\"http:\/\/www4.uma.pt\/cierl\/wp-content\/uploads\/2016\/06\/14718714_1507577522589645_1318420306468012273_n.jpg\" rel=\"attachment wp-att-4313\"><img loading=\"lazy\" decoding=\"async\" class=\"alignnone wp-image-4313\" src=\"http:\/\/www4.uma.pt\/cierl\/wp-content\/uploads\/2016\/06\/14718714_1507577522589645_1318420306468012273_n-300x300.jpg\" alt=\"14718714_1507577522589645_1318420306468012273_n\" width=\"166\" height=\"166\" srcset=\"https:\/\/cierl.uma.pt\/wp-content\/uploads\/2016\/06\/14718714_1507577522589645_1318420306468012273_n-300x300.jpg 300w, https:\/\/cierl.uma.pt\/wp-content\/uploads\/2016\/06\/14718714_1507577522589645_1318420306468012273_n-150x150.jpg 150w, https:\/\/cierl.uma.pt\/wp-content\/uploads\/2016\/06\/14718714_1507577522589645_1318420306468012273_n.jpg 748w\" sizes=\"auto, (max-width: 166px) 100vw, 166px\" \/><\/a>\u00a0 \u00a0 \u00a0 \u00a0 \u00a0 \u00a0 \u00a0 \u00a0 \u00a0 \u00a0 \u00a0<a href=\"http:\/\/www4.uma.pt\/cierl\/wp-content\/uploads\/2016\/06\/IMG_5185.jpg\" rel=\"attachment wp-att-4305\"><img loading=\"lazy\" decoding=\"async\" class=\"alignnone wp-image-4305\" src=\"http:\/\/www4.uma.pt\/cierl\/wp-content\/uploads\/2016\/06\/IMG_5185-300x300.jpg\" alt=\"img_5185\" width=\"166\" height=\"166\" srcset=\"https:\/\/cierl.uma.pt\/wp-content\/uploads\/2016\/06\/IMG_5185-300x300.jpg 300w, https:\/\/cierl.uma.pt\/wp-content\/uploads\/2016\/06\/IMG_5185-150x150.jpg 150w, https:\/\/cierl.uma.pt\/wp-content\/uploads\/2016\/06\/IMG_5185.jpg 640w\" sizes=\"auto, (max-width: 166px) 100vw, 166px\" \/><\/a>\u00a0 \u00a0\u00a0<a href=\"http:\/\/www4.uma.pt\/cierl\/wp-content\/uploads\/2016\/06\/IMG_5184.jpg\" rel=\"attachment wp-att-4304\"><img loading=\"lazy\" decoding=\"async\" class=\"alignnone wp-image-4304\" src=\"http:\/\/www4.uma.pt\/cierl\/wp-content\/uploads\/2016\/06\/IMG_5184-300x300.jpg\" alt=\"img_5184\" width=\"168\" height=\"168\" \/><\/a>\u00a0 \u00a0 \u00a0<a href=\"http:\/\/www4.uma.pt\/cierl\/wp-content\/uploads\/2016\/06\/984252_975969855750417_3133448584632214953_n.jpg\" rel=\"attachment wp-att-4286\"><img loading=\"lazy\" decoding=\"async\" class=\"alignnone wp-image-4286\" src=\"http:\/\/www4.uma.pt\/cierl\/wp-content\/uploads\/2016\/06\/984252_975969855750417_3133448584632214953_n-300x300.jpg\" alt=\"984252_975969855750417_3133448584632214953_n\" width=\"168\" height=\"168\" srcset=\"https:\/\/cierl.uma.pt\/wp-content\/uploads\/2016\/06\/984252_975969855750417_3133448584632214953_n-300x300.jpg 300w, https:\/\/cierl.uma.pt\/wp-content\/uploads\/2016\/06\/984252_975969855750417_3133448584632214953_n-150x150.jpg 150w, https:\/\/cierl.uma.pt\/wp-content\/uploads\/2016\/06\/984252_975969855750417_3133448584632214953_n.jpg 750w\" sizes=\"auto, (max-width: 168px) 100vw, 168px\" \/><\/a><\/div>\n<div style=\"padding-left: 30px;\"><\/div>\n<div><strong>Secretariado<\/strong><br \/>\nCatarina Teixeira\u00a0(coordena\u00e7\u00e3o)<\/div>\n<div>Miguel \u00c2ngelo Sousa Alves<\/div>\n<div><\/div>\n<div style=\"padding-left: 30px;\"><strong>Contactos<\/strong><\/div>\n<div style=\"padding-left: 30px;\"><span style=\"color: #000080;\"><strong><a style=\"color: #000080;\" href=\"http:\/\/congresso.herberto.helder@mail.uma.pt\">congresso.herberto.helder@mail.uma.pt<\/a><\/strong><\/span><\/div>\n<div style=\"padding-left: 30px;\">UMa\u2013CIERL:\u00a0<a href=\"http:\/\/cierl@mail.uma.pt\">cierl@mail.uma.pt<\/a><\/div>\n<div style=\"padding-left: 30px;\">Telefone: 00351\u00a0 291 705 240<\/div>\n<div>\n<div><\/div>\n<div style=\"text-align: right;\"><strong>Apoio\u00a0T\u00e9cnico<\/strong><\/div>\n<div style=\"text-align: right;\">Jo\u00e3o Marcos<\/div>\n<div style=\"text-align: right;\">Duarte\u00a0Matos<\/div>\n<div style=\"text-align: right;\">Pedro Cirilo<\/div>\n<div style=\"text-align: right;\">Rui Gomes<\/div>\n<div style=\"text-align: right;\"><\/div>\n<div style=\"text-align: right;\"><strong>Design e Multim\u00e9dia<\/strong><\/div>\n<div style=\"text-align: right;\">Fabian Contreras<\/div>\n<div style=\"text-align: right;\"><\/div>\n<div style=\"text-align: right;\"><strong>Logotipo<\/strong>\u00a0\u00a9\u00a0Raul Albuquerque<\/div>\n<\/div>\n<\/td>\n<\/tr>\n<tr>\n<td><\/td>\n<\/tr>\n<\/tbody>\n<\/table>\n<table>\n<tbody>\n<tr>\n<td><a href=\"http:\/\/www4.uma.pt\/cierl\/wp-content\/uploads\/2016\/06\/logo-s\u00f3-hh-png-para-separadores-site-4.png\" rel=\"attachment wp-att-3133\"><img loading=\"lazy\" decoding=\"async\" class=\"alignnone wp-image-3133\" src=\"http:\/\/www4.uma.pt\/cierl\/wp-content\/uploads\/2016\/06\/logo-s\u00f3-hh-png-para-separadores-site-4-300x205.png\" alt=\"logo s\u00f3 hh png para separadores site\" width=\"110\" height=\"75\" srcset=\"https:\/\/cierl.uma.pt\/wp-content\/uploads\/2016\/06\/logo-s\u00f3-hh-png-para-separadores-site-4-300x205.png 300w, https:\/\/cierl.uma.pt\/wp-content\/uploads\/2016\/06\/logo-s\u00f3-hh-png-para-separadores-site-4-768x524.png 768w, https:\/\/cierl.uma.pt\/wp-content\/uploads\/2016\/06\/logo-s\u00f3-hh-png-para-separadores-site-4.png 782w\" sizes=\"auto, (max-width: 110px) 100vw, 110px\" \/><\/a><strong>PROGRAMA<\/strong><\/td>\n<\/tr>\n<\/tbody>\n<\/table>\n<table>\n<tbody>\n<tr>\n<td><a href=\"http:\/\/www4.uma.pt\/cierl\/wp-content\/uploads\/2016\/06\/logo-s\u00f3-hh-png-para-separadores-site-4.png\" rel=\"attachment wp-att-3133\"><img loading=\"lazy\" decoding=\"async\" class=\"alignnone wp-image-3133\" src=\"http:\/\/www4.uma.pt\/cierl\/wp-content\/uploads\/2016\/06\/logo-s\u00f3-hh-png-para-separadores-site-4-300x205.png\" alt=\"logo s\u00f3 hh png para separadores site\" width=\"110\" height=\"75\" srcset=\"https:\/\/cierl.uma.pt\/wp-content\/uploads\/2016\/06\/logo-s\u00f3-hh-png-para-separadores-site-4-300x205.png 300w, https:\/\/cierl.uma.pt\/wp-content\/uploads\/2016\/06\/logo-s\u00f3-hh-png-para-separadores-site-4-768x524.png 768w, https:\/\/cierl.uma.pt\/wp-content\/uploads\/2016\/06\/logo-s\u00f3-hh-png-para-separadores-site-4.png 782w\" sizes=\"auto, (max-width: 110px) 100vw, 110px\" \/><\/a><strong>PROGRAMA<\/strong>\u00a0<strong>COMPLEMENTAR<\/strong><\/td>\n<\/tr>\n<\/tbody>\n<\/table>\n<table>\n<tbody>\n<tr>\n<td>\n<h3><strong>Localiza\u00e7\u00e3o\u00a0<\/strong><\/h3>\n<h3><a href=\"http:\/\/www.uma.pt\/portal\/modulos\/noticia\/index.php?NV_MOD=MODNOTICIA&amp;NV_EAGR=EAGR_NOTICIABROWSER&amp;TPESQ=PESQ_NOTICIA_DESTAQUES\" target=\"_blank\"><img loading=\"lazy\" decoding=\"async\" class=\" wp-image-3330 aligncenter\" src=\"http:\/\/www4.uma.pt\/cierl\/wp-content\/uploads\/2016\/06\/logouma_institucional1-300x151.png\" alt=\"logouma_institucional1\" width=\"243\" height=\"122\" srcset=\"https:\/\/cierl.uma.pt\/wp-content\/uploads\/2016\/06\/logouma_institucional1-300x151.png 300w, https:\/\/cierl.uma.pt\/wp-content\/uploads\/2016\/06\/logouma_institucional1-768x388.png 768w, https:\/\/cierl.uma.pt\/wp-content\/uploads\/2016\/06\/logouma_institucional1.png 842w\" sizes=\"auto, (max-width: 243px) 100vw, 243px\" \/><\/a><\/h3>\n<p class=\"morada\" style=\"text-align: center;\"><span style=\"color: #000080;\"><strong><a style=\"color: #000080;\" href=\"http:\/\/www.uma.pt\/portal\/modulos\/noticia\/index.php?NV_MOD=MODNOTICIA&amp;NV_EAGR=EAGR_NOTICIABROWSER&amp;TPESQ=PESQ_NOTICIA_DESTAQUES\" target=\"_blank\">Universidade da Madeira<\/a><\/strong><\/span><\/p>\n<p class=\"morada\" style=\"text-align: center;\">Col\u00e9gio dos Jesu\u00edtas \u2013 Rua dos Ferreiros\u00a0[<span style=\"color: #000080;\"><a style=\"color: #000080;\" href=\"https:\/\/www.google.pt\/maps\/place\/Universidade+da+Madeira\/@32.6477822,-16.9094918,15z\/data=!4m8!1m2!2m1!1sUniversidade+da+Madeira++Col\u00e9gio+dos+Jesu%C3%ADtas+-+Rua+dos+Ferreiros+9000-082+Funchal+-+Portugal!3m4!1s0xc60600998a5c133:0x93e451f14c981bf!8m2!3d32.6499611!4d-16.9094077\" target=\"_blank\">mapa<\/a><\/span>] 9000-082 Funchal &#8211; Portugal<\/p>\n<p class=\"telefone\" style=\"text-align: center;\">www.uma.pt<\/p>\n<p class=\"telefone\" style=\"text-align: center;\">Telef. + 351 291 209 400 | Fax + 351 291 209 410<\/p>\n<p class=\"telefone\" style=\"text-align: right;\">[ <a href=\"https:\/\/www.youtube.com\/watch?v=pGaRjnb7O_c\" target=\"_blank\"><span style=\"color: #000080;\">v\u00eddeo instituciona<\/span>l<\/a> ]<\/p>\n<p class=\"telefone\" style=\"text-align: right;\">[ fotografias\u00a0: <span style=\"color: #000080;\"><a style=\"color: #000080;\" href=\"https:\/\/www.instagram.com\/universidadedamadeira\/\" target=\"_blank\">Instagram Universidade da Madeira<\/a><\/span> ]<\/p>\n<p class=\"telefone\" style=\"text-align: center;\"><a href=\"http:\/\/www4.uma.pt\/cierl\/wp-content\/uploads\/2016\/06\/UMa_Campus.png\" rel=\"attachment wp-att-4207\"><img loading=\"lazy\" decoding=\"async\" class=\"alignnone size-medium wp-image-4207\" src=\"http:\/\/www4.uma.pt\/cierl\/wp-content\/uploads\/2016\/06\/UMa_Campus-300x89.png\" alt=\"uma_campus\" width=\"300\" height=\"89\" srcset=\"https:\/\/cierl.uma.pt\/wp-content\/uploads\/2016\/06\/UMa_Campus-300x89.png 300w, https:\/\/cierl.uma.pt\/wp-content\/uploads\/2016\/06\/UMa_Campus-768x227.png 768w, https:\/\/cierl.uma.pt\/wp-content\/uploads\/2016\/06\/UMa_Campus.png 800w\" sizes=\"auto, (max-width: 300px) 100vw, 300px\" \/><\/a><\/p>\n<p class=\"telefone\" style=\"text-align: center;\"><strong>Campus Universit\u00e1rio da Penteada\u00a0<\/strong><\/p>\n<p class=\"telefone\" style=\"text-align: center;\">[<strong>\u00a0<\/strong><span style=\"color: #000080;\"><a style=\"color: #000080;\" href=\"https:\/\/www.google.pt\/maps\/dir\/Universidade+da+Madeira+Campus+Penteada,+Caminho+da+Achada+10,+9000-208+Funchal\/Universidade+da+Madeira,+Praca+do+Munic%C3%ADpio,+9000-082+Funchal\/@32.6544405,-16.9165686,16z\/data=!4m13!4m12!1m5!1m1!1s0xc605fdd2b385af7:0x81df43febc7abc41!2m2!1d-16.9243151!2d32.6589777!1m5!1m1!1s0xc60600998a5c133:0x93e451f14c981bf!2m2!1d-16.9094077!2d32.6499611\" target=\"_blank\">R<\/a><a style=\"color: #000080;\" href=\"https:\/\/www.google.pt\/maps\/dir\/Universidade+da+Madeira+Campus+Penteada,+Caminho+da+Achada+10,+9000-208+Funchal\/Universidade+da+Madeira,+Praca+do+Munic%C3%ADpio,+9000-082+Funchal\/@32.6544405,-16.9165686,16z\/data=!4m13!4m12!1m5!1m1!1s0xc605fdd2b385af7:0x81df43febc7abc41!2m2!1d-16.9243151!2d32.6589777!1m5!1m1!1s0xc60600998a5c133:0x93e451f14c981bf!2m2!1d-16.9094077!2d32.6499611\" target=\"_blank\">eitoria \u2013\u00a0Campus Universit\u00e1rio<\/a><\/span><strong>\u00a0: mapa | percurso <\/strong>]<\/p>\n<p class=\"telefone\" style=\"text-align: center;\"><strong>Biblioteca da Universidade da Madeira<\/strong><\/p>\n<p class=\"telefone\" style=\"text-align: center;\"><span style=\"color: #000080;\"><a style=\"color: #000080;\" href=\"http:\/\/uda.uma.pt\" target=\"_blank\">Unidade de Documenta\u00e7\u00e3o e Arquivo &#8211; UDA<\/a><\/span><\/p>\n<\/td>\n<\/tr>\n<\/tbody>\n<\/table>\n<table>\n<tbody>\n<tr>\n<td>\n<h3 style=\"text-align: center;\"><strong>Acolhimento : Reitoria da Universidade da Madeira | <strong>Col\u00e9gio dos Jesu\u00edtas<\/strong><\/strong><\/h3>\n<p style=\"text-align: center;\"><strong><a href=\"http:\/\/www4.uma.pt\/cierl\/wp-content\/uploads\/2016\/06\/Col\u00e9gio.png\" rel=\"attachment wp-att-3360\"><img loading=\"lazy\" decoding=\"async\" class=\"wp-image-3360 aligncenter\" src=\"http:\/\/www4.uma.pt\/cierl\/wp-content\/uploads\/2016\/06\/Col\u00e9gio.png\" alt=\"Col\u00e9gio\" width=\"208\" height=\"102\" \/><\/a><\/strong><strong><strong><span style=\"color: #000080;\">\u00a0<\/span><\/strong><\/strong><\/p>\n<p style=\"text-align: center;\"><span style=\"color: #000080;\">[<\/span><strong><strong><span style=\"color: #000080;\">\u00a0<\/span><a style=\"color: #000080;\" href=\"http:\/\/colegiodosjesuitas.pt\/index_pt.html\" target=\"_blank\">v\u00eddeo<\/a><\/strong>\u00a0:\u00a0<\/strong><span style=\"text-decoration: underline;\"><a href=\"http:\/\/www4.uma.pt\/cierl\/wp-content\/uploads\/2016\/06\/Col\u00e9gio.png\" rel=\"attachment wp-att-3360\"><span style=\"color: #000080; text-decoration: underline;\">\u00a9 <\/span><\/a><\/span><span style=\"text-decoration: underline;\"><a href=\"http:\/\/www4.uma.pt\/cierl\/wp-content\/uploads\/2016\/06\/Col\u00e9gio.png\" rel=\"attachment wp-att-3360\"><span style=\"color: #000080; text-decoration: underline;\">AAUMa \u00b7\u00a0<\/span><\/a><a style=\"color: #000080; text-decoration: underline;\" href=\"http:\/\/aauma.uma.pt\/index.php\/formacao\" target=\"_blank\">Associa\u00e7\u00e3o Acad\u00e9mica da UMa<\/a><\/span><a href=\"http:\/\/www4.uma.pt\/cierl\/wp-content\/uploads\/2016\/06\/Col\u00e9gio.png\" rel=\"attachment wp-att-3360\"><span style=\"color: #000080;\"> ]<\/span><\/a><\/p>\n<\/td>\n<\/tr>\n<\/tbody>\n<\/table>\n<table>\n<tbody>\n<tr>\n<td>\n<h3><strong>Alojamento \u00a0 \u00a0 \u00a0 \u00a0 \u00a0 \u00a0 \u00a0 \u00a0 \u00a0 \u00a0 \u00a0 \u00a0 \u00a0 \u00a0 \u00a0 \u00a0 \u00a0 \u00a0 \u00a0 \u00a0 \u00a0 \u00a0 \u00a0 \u00a0 \u00a0 \u00a0 \u00a0 \u00a0 \u00a0 \u00a0 \u00a0 \u00a0 \u00a0 \u00a0 \u00a0 \u00a0 \u00a0 \u00a0 \u00a0 \u00a0 \u00a0 \u00a0 \u00a0 \u00a0 \u00a0 \u00a0 \u00a0 \u00a0 \u00a0 \u00a0 \u00a0 \u00a0 \u00a0 \u00a0 \u00a0 \u00a0 \u00a0 \u00a0 \u00a0 \u00a0 \u00a0 \u00a0 \u00a0 \u00a0 \u00a0 \u00a0 \u00a0 \u00a0 \u00a0 \u00a0 \u00a0 \u00a0 \u00a0 \u00a0 \u00a0 \u00a0 \u00a0 \u00a0 \u00a0 \u00a0 \u00a0 \u00a0<\/strong><\/h3>\n<p>Resid\u00eancia Nossa Senhora das Vit\u00f3rias\u00a0\u2013\u00a0Rua de Santa Maria, n\u00ba 253\u00a0[ <span style=\"color: #000080;\"><strong><a style=\"color: #000080;\" href=\"https:\/\/www.google.pt\/maps\/dir\/Universidade+da+Madeira,+Praca+do+Munic%C3%ADpio,+Funchal\/Rua+de+Santa+Maria+253,+9060-075+Funchal\/@32.6486601,-16.9057285,17z\/am=t\/data=!4m17!4m16!1m5!1m1!1s0xc60600998a5c133:0x93e451f14c981bf!2m2!1d-16.9094077!2d32.6499611!1m5!1m1!1s0xc60601abe227673:0xf0f9ffa0ea387d1e!2m2!1d-16.8990021!2d32.6473354!6m3!1i0!2i0!3i0\" target=\"_blank\">Resid\u00eancia \u2013 Reitoria : <\/a><a style=\"color: #000080;\" href=\"https:\/\/www.google.pt\/maps\/dir\/Universidade+da+Madeira,+Praca+do+Munic%C3%ADpio,+Funchal\/Rua+de+Santa+Maria+253,+9060-075+Funchal\/@32.6486601,-16.9057285,17z\/am=t\/data=!4m17!4m16!1m5!1m1!1s0xc60600998a5c133:0x93e451f14c981bf!2m2!1d-16.9094077!2d32.6499611!1m5!1m1!1s0xc60601abe227673:0xf0f9ffa0ea387d1e!2m2!1d-16.8990021!2d32.6473354!6m3!1i0!2i0!3i0\" target=\"_blank\">mapa | percurso<\/a><\/strong><\/span>\u00a0]<\/p>\n<p><strong><span style=\"color: #000080;\"><a style=\"color: #000080;\" href=\"http:\/\/www.hotelorquideafunchal.com\/pt\/contacto\/\" target=\"_blank\">Hotel Orqu\u00eddea\u00a0| contactos<\/a><\/span>\u00a0<\/strong>\u2013\u00a0Rua dos Netos, n\u00bas 69\u201371 [\u00a0<strong><span style=\"color: #000080;\"><a style=\"color: #000080;\" href=\"https:\/\/www.google.pt\/maps\/dir\/Hotel+Orquidea,+Rua+dos+Netos+69-71,+9000-084+Funchal\/Universidade+da+Madeira,+Praca+do+Munic%C3%ADpio,+9000-082+Funchal\/@32.6507642,-16.9112663,17z\/am=t\/data=!3m1!4b1!4m13!4m12!1m5!1m1!1s0xc6060099c8e4ca7:0x1d7ad3a31b769616!2m2!1d-16.9095703!2d32.6516163!1m5!1m1!1s0xc60600998a5c133:0x93e451f14c981bf!2m2!1d-16.9094077!2d32.6499611\" target=\"_blank\">Hotel Orqu\u00eddea \u2013 Reitoria : mapa | percurso<\/a><\/span>\u00a0<\/strong>]<\/p>\n<hr \/>\n<p><span style=\"color: #000080;\"><strong><a style=\"color: #000080;\" href=\"http:\/\/www.fourviewshotels.com\/four-views-baia\/sobre-o-hotel\" target=\"_blank\">Four Views Hotels Ba\u00eda<\/a><\/strong><\/span>\u00a0\u2013\u00a0Rua das Maravilhas, n\u00ba 74\u00a0[\u00a0<span style=\"color: #000080;\"><a style=\"color: #000080;\" href=\"http:\/\/www.fourviewshotels.com\/four-views-baia\/localizacao\/localizacao-e-arredores\" target=\"_blank\">mapa<\/a><\/span>\u00a0]<\/p>\n<p><a href=\"http:\/\/www4.uma.pt\/cierl\/wp-content\/uploads\/2016\/06\/four-views.png\" rel=\"attachment wp-att-4233\"><img loading=\"lazy\" decoding=\"async\" class=\"alignnone wp-image-4233\" src=\"http:\/\/www4.uma.pt\/cierl\/wp-content\/uploads\/2016\/06\/four-views-300x181.png\" alt=\"four-views\" width=\"152\" height=\"92\" srcset=\"https:\/\/cierl.uma.pt\/wp-content\/uploads\/2016\/06\/four-views-300x181.png 300w, https:\/\/cierl.uma.pt\/wp-content\/uploads\/2016\/06\/four-views.png 387w\" sizes=\"auto, (max-width: 152px) 100vw, 152px\" \/><\/a><\/p>\n<p><span style=\"color: #000080;\"><strong><a style=\"color: #000080;\" href=\"http:\/\/29madeirahostel.com\/index.php\/pt\/\" target=\"_blank\">29 Madeira Hostel<\/a><\/strong><\/span>\u00a0\u2013 R. dos Netos, n\u00ba 29 [ <span style=\"color: #000080;\"><a style=\"color: #000080;\" href=\"http:\/\/29madeirahostel.com\/index.php\/pt\/hostel\/localizacao\" target=\"_blank\">mapa<\/a><\/span> ]<\/p>\n<p><a href=\"http:\/\/www4.uma.pt\/cierl\/wp-content\/uploads\/2016\/06\/10954107_820721867975838_962945263_a.jpg\" target=\"_blank\" rel=\"http:\/\/29madeirahostel.com\/index.php\/pt\/\"><img loading=\"lazy\" decoding=\"async\" class=\"wp-image-4232 alignleft\" src=\"http:\/\/www4.uma.pt\/cierl\/wp-content\/uploads\/2016\/06\/10954107_820721867975838_962945263_a.jpg\" alt=\"10954107_820721867975838_962945263_a\" width=\"106\" height=\"106\" \/><\/a><\/td>\n<\/tr>\n<\/tbody>\n<\/table>\n<table>\n<tbody>\n<tr>\n<td>\n<h3><strong>Refei\u00e7\u00f5es |\u00a0<\/strong><\/h3>\n<h3><strong>Informa\u00e7\u00f5es |<\/strong><\/h3>\n<\/td>\n<\/tr>\n<\/tbody>\n<\/table>\n<table>\n<tbody>\n<tr>\n<td><strong>APOIOS INSTITUCIONAIS<\/strong><\/p>\n<p><a href=\"https:\/\/www.fct.pt\/fct\" target=\"_blank\"><img loading=\"lazy\" decoding=\"async\" class=\"\" src=\"http:\/\/www4.uma.pt\/cierl\/wp-content\/uploads\/2016\/06\/logo-FCT_color-300x124.jpg\" alt=\"logo FCT_color\" width=\"306\" height=\"126\" \/><\/a><a href=\"https:\/\/gulbenkian.pt\" target=\"_blank\"><img loading=\"lazy\" decoding=\"async\" class=\"alignright\" src=\"http:\/\/www4.uma.pt\/cierl\/wp-content\/uploads\/2016\/06\/logo_fundacao_60anos_pt-1-300x62.png\" alt=\"logo_fundacao_60anos_pt\" width=\"461\" height=\"95\" \/><\/a> <img loading=\"lazy\" decoding=\"async\" class=\"wp-image-3632 alignleft\" src=\"http:\/\/www4.uma.pt\/cierl\/wp-content\/uploads\/2016\/06\/logo_RAM-300x171.png\" alt=\"logo_RAM\" width=\"211\" height=\"120\" srcset=\"https:\/\/cierl.uma.pt\/wp-content\/uploads\/2016\/06\/logo_RAM-300x171.png 300w, https:\/\/cierl.uma.pt\/wp-content\/uploads\/2016\/06\/logo_RAM.png 320w\" sizes=\"auto, (max-width: 211px) 100vw, 211px\" \/> <img loading=\"lazy\" decoding=\"async\" class=\"alignleft\" src=\"http:\/\/www4.uma.pt\/cierl\/wp-content\/uploads\/2016\/06\/images-2-300x150.jpeg\" alt=\"images\" width=\"180\" height=\"90\" \/><a href=\"http:\/\/www4.uma.pt\/cierl\/wp-content\/uploads\/2016\/06\/DRC.png\" rel=\"attachment wp-att-3622\"><img loading=\"lazy\" decoding=\"async\" class=\"wp-image-3622 alignleft\" src=\"http:\/\/www4.uma.pt\/cierl\/wp-content\/uploads\/2016\/06\/DRC.png\" alt=\"DRC\" width=\"145\" height=\"95\" \/><\/a><\/td>\n<\/tr>\n<\/tbody>\n<\/table>\n<table>\n<tbody>\n<tr>\n<td>\n<h3 style=\"text-align: center;\">COMISSS\u00c3O CIENT\u00cdFICA<\/h3>\n<p><a href=\"http:\/\/www4.uma.pt\/cierl\/wp-content\/uploads\/2016\/06\/998934.jpg\" target=\"_blank\" rel=\"attachment wp-att-4285\"><img loading=\"lazy\" decoding=\"async\" class=\"alignnone wp-image-4285\" src=\"http:\/\/www4.uma.pt\/cierl\/wp-content\/uploads\/2016\/06\/998934-300x234.jpg\" alt=\"\" width=\"324\" height=\"252\" srcset=\"https:\/\/cierl.uma.pt\/wp-content\/uploads\/2016\/06\/998934-300x234.jpg 300w, https:\/\/cierl.uma.pt\/wp-content\/uploads\/2016\/06\/998934.jpg 612w\" sizes=\"auto, (max-width: 324px) 100vw, 324px\" \/><\/a><a href=\"http:\/\/www4.uma.pt\/cierl\/wp-content\/uploads\/2016\/06\/IMG_5181.jpg\" rel=\"attachment wp-att-4302\"><img loading=\"lazy\" decoding=\"async\" class=\"alignnone wp-image-4302\" src=\"http:\/\/www4.uma.pt\/cierl\/wp-content\/uploads\/2016\/06\/IMG_5181-300x300.jpg\" alt=\"img_5181\" width=\"253\" height=\"253\" srcset=\"https:\/\/cierl.uma.pt\/wp-content\/uploads\/2016\/06\/IMG_5181-300x300.jpg 300w, https:\/\/cierl.uma.pt\/wp-content\/uploads\/2016\/06\/IMG_5181-150x150.jpg 150w, https:\/\/cierl.uma.pt\/wp-content\/uploads\/2016\/06\/IMG_5181.jpg 640w\" sizes=\"auto, (max-width: 253px) 100vw, 253px\" \/><\/a><a href=\"http:\/\/www4.uma.pt\/cierl\/wp-content\/uploads\/2016\/06\/IMG_5172.jpg\" rel=\"attachment wp-att-4296\"><img loading=\"lazy\" decoding=\"async\" class=\"alignnone wp-image-4296\" src=\"http:\/\/www4.uma.pt\/cierl\/wp-content\/uploads\/2016\/06\/IMG_5172-300x300.jpg\" alt=\"img_5172\" width=\"256\" height=\"256\" srcset=\"https:\/\/cierl.uma.pt\/wp-content\/uploads\/2016\/06\/IMG_5172-300x300.jpg 300w, https:\/\/cierl.uma.pt\/wp-content\/uploads\/2016\/06\/IMG_5172-150x150.jpg 150w, https:\/\/cierl.uma.pt\/wp-content\/uploads\/2016\/06\/IMG_5172.jpg 640w\" sizes=\"auto, (max-width: 256px) 100vw, 256px\" \/><\/a><\/p>\n<p><a href=\"http:\/\/www4.uma.pt\/cierl\/wp-content\/uploads\/2016\/06\/13700202_10154462896714430_7397272050077719744_n.jpg\" rel=\"attachment wp-att-4288\"><img loading=\"lazy\" decoding=\"async\" class=\"alignnone wp-image-4288\" src=\"http:\/\/www4.uma.pt\/cierl\/wp-content\/uploads\/2016\/06\/13700202_10154462896714430_7397272050077719744_n-300x300.jpg\" alt=\"13700202_10154462896714430_7397272050077719744_n\" width=\"257\" height=\"257\" srcset=\"https:\/\/cierl.uma.pt\/wp-content\/uploads\/2016\/06\/13700202_10154462896714430_7397272050077719744_n-300x300.jpg 300w, https:\/\/cierl.uma.pt\/wp-content\/uploads\/2016\/06\/13700202_10154462896714430_7397272050077719744_n-150x150.jpg 150w, https:\/\/cierl.uma.pt\/wp-content\/uploads\/2016\/06\/13700202_10154462896714430_7397272050077719744_n-768x768.jpg 768w, https:\/\/cierl.uma.pt\/wp-content\/uploads\/2016\/06\/13700202_10154462896714430_7397272050077719744_n.jpg 900w\" sizes=\"auto, (max-width: 257px) 100vw, 257px\" \/><img loading=\"lazy\" decoding=\"async\" class=\"alignnone wp-image-4287\" src=\"http:\/\/www4.uma.pt\/cierl\/wp-content\/uploads\/2016\/06\/12047082_1211996935484207_8130181651353470570_n-300x239.jpg\" alt=\"12047082_1211996935484207_8130181651353470570_n\" width=\"322\" height=\"257\" srcset=\"https:\/\/cierl.uma.pt\/wp-content\/uploads\/2016\/06\/12047082_1211996935484207_8130181651353470570_n-300x239.jpg 300w, https:\/\/cierl.uma.pt\/wp-content\/uploads\/2016\/06\/12047082_1211996935484207_8130181651353470570_n-768x611.jpg 768w, https:\/\/cierl.uma.pt\/wp-content\/uploads\/2016\/06\/12047082_1211996935484207_8130181651353470570_n.jpg 776w\" sizes=\"auto, (max-width: 322px) 100vw, 322px\" \/><\/a><a href=\"http:\/\/www4.uma.pt\/cierl\/wp-content\/uploads\/2016\/06\/IMG_5180.jpg\" rel=\"attachment wp-att-4301\"><img loading=\"lazy\" decoding=\"async\" class=\"alignnone wp-image-4301\" src=\"http:\/\/www4.uma.pt\/cierl\/wp-content\/uploads\/2016\/06\/IMG_5180-300x300.jpg\" alt=\"img_5180\" width=\"257\" height=\"257\" srcset=\"https:\/\/cierl.uma.pt\/wp-content\/uploads\/2016\/06\/IMG_5180-300x300.jpg 300w, https:\/\/cierl.uma.pt\/wp-content\/uploads\/2016\/06\/IMG_5180-150x150.jpg 150w, https:\/\/cierl.uma.pt\/wp-content\/uploads\/2016\/06\/IMG_5180.jpg 640w\" sizes=\"auto, (max-width: 257px) 100vw, 257px\" \/><\/a><\/p>\n<p><a href=\"http:\/\/www4.uma.pt\/cierl\/wp-content\/uploads\/2016\/06\/IMG_5170.jpg\" rel=\"attachment wp-att-4294\"><img loading=\"lazy\" decoding=\"async\" class=\"alignnone wp-image-4294\" src=\"http:\/\/www4.uma.pt\/cierl\/wp-content\/uploads\/2016\/06\/IMG_5170-300x300.jpg\" alt=\"img_5170\" width=\"280\" height=\"280\" srcset=\"https:\/\/cierl.uma.pt\/wp-content\/uploads\/2016\/06\/IMG_5170-300x300.jpg 300w, https:\/\/cierl.uma.pt\/wp-content\/uploads\/2016\/06\/IMG_5170-150x150.jpg 150w, https:\/\/cierl.uma.pt\/wp-content\/uploads\/2016\/06\/IMG_5170.jpg 640w\" sizes=\"auto, (max-width: 280px) 100vw, 280px\" \/><\/a><a href=\"http:\/\/www4.uma.pt\/cierl\/wp-content\/uploads\/2016\/06\/IMG_5165.jpg\" rel=\"attachment wp-att-4290\"><img loading=\"lazy\" decoding=\"async\" class=\"alignnone wp-image-4290\" src=\"http:\/\/www4.uma.pt\/cierl\/wp-content\/uploads\/2016\/06\/IMG_5165-300x300.jpg\" alt=\"img_5165\" width=\"280\" height=\"280\" srcset=\"https:\/\/cierl.uma.pt\/wp-content\/uploads\/2016\/06\/IMG_5165-300x300.jpg 300w, https:\/\/cierl.uma.pt\/wp-content\/uploads\/2016\/06\/IMG_5165-150x150.jpg 150w, https:\/\/cierl.uma.pt\/wp-content\/uploads\/2016\/06\/IMG_5165.jpg 640w\" sizes=\"auto, (max-width: 280px) 100vw, 280px\" \/><\/a><a href=\"http:\/\/www4.uma.pt\/cierl\/wp-content\/uploads\/2016\/06\/IMG_5175.jpg\" rel=\"attachment wp-att-4297\"><img loading=\"lazy\" decoding=\"async\" class=\"alignnone wp-image-4297\" src=\"http:\/\/www4.uma.pt\/cierl\/wp-content\/uploads\/2016\/06\/IMG_5175-300x300.jpg\" alt=\"img_5175\" width=\"280\" height=\"280\" srcset=\"https:\/\/cierl.uma.pt\/wp-content\/uploads\/2016\/06\/IMG_5175-300x300.jpg 300w, https:\/\/cierl.uma.pt\/wp-content\/uploads\/2016\/06\/IMG_5175-150x150.jpg 150w, https:\/\/cierl.uma.pt\/wp-content\/uploads\/2016\/06\/IMG_5175.jpg 640w\" sizes=\"auto, (max-width: 280px) 100vw, 280px\" \/><\/a><\/p>\n<p><a href=\"http:\/\/www4.uma.pt\/cierl\/wp-content\/uploads\/2016\/06\/IMG_5177.jpg\" rel=\"attachment wp-att-4299\"><img loading=\"lazy\" decoding=\"async\" class=\"alignnone wp-image-4299\" src=\"http:\/\/www4.uma.pt\/cierl\/wp-content\/uploads\/2016\/06\/IMG_5177-300x300.jpg\" alt=\"img_5177\" width=\"279\" height=\"279\" srcset=\"https:\/\/cierl.uma.pt\/wp-content\/uploads\/2016\/06\/IMG_5177-300x300.jpg 300w, https:\/\/cierl.uma.pt\/wp-content\/uploads\/2016\/06\/IMG_5177-150x150.jpg 150w, https:\/\/cierl.uma.pt\/wp-content\/uploads\/2016\/06\/IMG_5177.jpg 640w\" sizes=\"auto, (max-width: 279px) 100vw, 279px\" \/><\/a><a href=\"http:\/\/www4.uma.pt\/cierl\/wp-content\/uploads\/2016\/06\/IMG_5169.jpg\" rel=\"attachment wp-att-4293\"><img loading=\"lazy\" decoding=\"async\" class=\"alignnone wp-image-4293\" src=\"http:\/\/www4.uma.pt\/cierl\/wp-content\/uploads\/2016\/06\/IMG_5169-300x300.jpg\" alt=\"img_5169\" width=\"279\" height=\"279\" srcset=\"https:\/\/cierl.uma.pt\/wp-content\/uploads\/2016\/06\/IMG_5169-300x300.jpg 300w, https:\/\/cierl.uma.pt\/wp-content\/uploads\/2016\/06\/IMG_5169-150x150.jpg 150w, https:\/\/cierl.uma.pt\/wp-content\/uploads\/2016\/06\/IMG_5169-768x768.jpg 768w, https:\/\/cierl.uma.pt\/wp-content\/uploads\/2016\/06\/IMG_5169.jpg 775w\" sizes=\"auto, (max-width: 279px) 100vw, 279px\" \/><\/a><a href=\"http:\/\/www4.uma.pt\/cierl\/wp-content\/uploads\/2016\/06\/IMG_5178.jpg\" rel=\"attachment wp-att-4300\"><img loading=\"lazy\" decoding=\"async\" class=\"alignnone wp-image-4300\" src=\"http:\/\/www4.uma.pt\/cierl\/wp-content\/uploads\/2016\/06\/IMG_5178-300x300.jpg\" alt=\"img_5178\" width=\"279\" height=\"279\" srcset=\"https:\/\/cierl.uma.pt\/wp-content\/uploads\/2016\/06\/IMG_5178-300x300.jpg 300w, https:\/\/cierl.uma.pt\/wp-content\/uploads\/2016\/06\/IMG_5178-150x150.jpg 150w, https:\/\/cierl.uma.pt\/wp-content\/uploads\/2016\/06\/IMG_5178.jpg 640w\" sizes=\"auto, (max-width: 279px) 100vw, 279px\" \/><\/a><\/p>\n<p><a href=\"http:\/\/www4.uma.pt\/cierl\/wp-content\/uploads\/2016\/06\/IMG_5176.jpg\" rel=\"attachment wp-att-4298\"><img loading=\"lazy\" decoding=\"async\" class=\"alignnone wp-image-4298\" src=\"http:\/\/www4.uma.pt\/cierl\/wp-content\/uploads\/2016\/06\/IMG_5176-300x300.jpg\" alt=\"img_5176\" width=\"316\" height=\"316\" srcset=\"https:\/\/cierl.uma.pt\/wp-content\/uploads\/2016\/06\/IMG_5176-300x300.jpg 300w, https:\/\/cierl.uma.pt\/wp-content\/uploads\/2016\/06\/IMG_5176-150x150.jpg 150w, https:\/\/cierl.uma.pt\/wp-content\/uploads\/2016\/06\/IMG_5176.jpg 640w\" sizes=\"auto, (max-width: 316px) 100vw, 316px\" \/><\/a><a href=\"http:\/\/www4.uma.pt\/cierl\/wp-content\/uploads\/2016\/06\/14329976_10209874689333326_183393337338008750_n.jpg\" rel=\"attachment wp-att-4289\"><img loading=\"lazy\" decoding=\"async\" class=\"alignnone wp-image-4289\" src=\"http:\/\/www4.uma.pt\/cierl\/wp-content\/uploads\/2016\/06\/14329976_10209874689333326_183393337338008750_n-193x300.jpg\" alt=\"14329976_10209874689333326_183393337338008750_n\" width=\"203\" height=\"316\" srcset=\"https:\/\/cierl.uma.pt\/wp-content\/uploads\/2016\/06\/14329976_10209874689333326_183393337338008750_n-193x300.jpg 193w, https:\/\/cierl.uma.pt\/wp-content\/uploads\/2016\/06\/14329976_10209874689333326_183393337338008750_n.jpg 617w\" sizes=\"auto, (max-width: 203px) 100vw, 203px\" \/><\/a><a href=\"http:\/\/www4.uma.pt\/cierl\/wp-content\/uploads\/2016\/06\/IMG_5168.jpg\" rel=\"attachment wp-att-4292\"><img loading=\"lazy\" decoding=\"async\" class=\"alignnone wp-image-4292\" src=\"http:\/\/www4.uma.pt\/cierl\/wp-content\/uploads\/2016\/06\/IMG_5168-300x300.jpg\" alt=\"img_5168\" width=\"315\" height=\"315\" srcset=\"https:\/\/cierl.uma.pt\/wp-content\/uploads\/2016\/06\/IMG_5168-300x300.jpg 300w, https:\/\/cierl.uma.pt\/wp-content\/uploads\/2016\/06\/IMG_5168-150x150.jpg 150w, https:\/\/cierl.uma.pt\/wp-content\/uploads\/2016\/06\/IMG_5168.jpg 640w\" sizes=\"auto, (max-width: 315px) 100vw, 315px\" \/><\/a>\u00a0 \u00a0 \u00a0 \u00a0\u00a0<a href=\"http:\/\/www4.uma.pt\/cierl\/wp-content\/uploads\/2016\/06\/14718714_1507577522589645_1318420306468012273_n.jpg\" rel=\"attachment wp-att-4313\"><img loading=\"lazy\" decoding=\"async\" class=\"alignnone wp-image-4313\" src=\"http:\/\/www4.uma.pt\/cierl\/wp-content\/uploads\/2016\/06\/14718714_1507577522589645_1318420306468012273_n-300x300.jpg\" alt=\"14718714_1507577522589645_1318420306468012273_n\" width=\"277\" height=\"277\" srcset=\"https:\/\/cierl.uma.pt\/wp-content\/uploads\/2016\/06\/14718714_1507577522589645_1318420306468012273_n-300x300.jpg 300w, https:\/\/cierl.uma.pt\/wp-content\/uploads\/2016\/06\/14718714_1507577522589645_1318420306468012273_n-150x150.jpg 150w, https:\/\/cierl.uma.pt\/wp-content\/uploads\/2016\/06\/14718714_1507577522589645_1318420306468012273_n.jpg 748w\" sizes=\"auto, (max-width: 277px) 100vw, 277px\" \/><\/a><a href=\"http:\/\/www4.uma.pt\/cierl\/wp-content\/uploads\/2016\/06\/IMG_5182.jpg\" rel=\"attachment wp-att-4303\"><img loading=\"lazy\" decoding=\"async\" class=\"alignnone wp-image-4303\" src=\"http:\/\/www4.uma.pt\/cierl\/wp-content\/uploads\/2016\/06\/IMG_5182-300x300.jpg\" alt=\"img_5182\" width=\"277\" height=\"277\" srcset=\"https:\/\/cierl.uma.pt\/wp-content\/uploads\/2016\/06\/IMG_5182-300x300.jpg 300w, https:\/\/cierl.uma.pt\/wp-content\/uploads\/2016\/06\/IMG_5182-150x150.jpg 150w, https:\/\/cierl.uma.pt\/wp-content\/uploads\/2016\/06\/IMG_5182.jpg 640w\" sizes=\"auto, (max-width: 277px) 100vw, 277px\" \/><\/a><a href=\"http:\/\/www4.uma.pt\/cierl\/wp-content\/uploads\/2016\/06\/IMG_5185.jpg\" rel=\"attachment wp-att-4305\"><img loading=\"lazy\" decoding=\"async\" class=\"alignnone wp-image-4305\" src=\"http:\/\/www4.uma.pt\/cierl\/wp-content\/uploads\/2016\/06\/IMG_5185-300x300.jpg\" alt=\"img_5185\" width=\"277\" height=\"277\" srcset=\"https:\/\/cierl.uma.pt\/wp-content\/uploads\/2016\/06\/IMG_5185-300x300.jpg 300w, https:\/\/cierl.uma.pt\/wp-content\/uploads\/2016\/06\/IMG_5185-150x150.jpg 150w, https:\/\/cierl.uma.pt\/wp-content\/uploads\/2016\/06\/IMG_5185.jpg 640w\" sizes=\"auto, (max-width: 277px) 100vw, 277px\" \/><\/a><\/p>\n<p><a href=\"http:\/\/www4.uma.pt\/cierl\/wp-content\/uploads\/2016\/06\/IMG_5189.jpg\" rel=\"attachment wp-att-4306\"><img loading=\"lazy\" decoding=\"async\" class=\"alignnone wp-image-4306\" src=\"http:\/\/www4.uma.pt\/cierl\/wp-content\/uploads\/2016\/06\/IMG_5189-300x300.jpg\" alt=\"img_5189\" width=\"284\" height=\"284\" srcset=\"https:\/\/cierl.uma.pt\/wp-content\/uploads\/2016\/06\/IMG_5189-300x300.jpg 300w, https:\/\/cierl.uma.pt\/wp-content\/uploads\/2016\/06\/IMG_5189-150x150.jpg 150w, https:\/\/cierl.uma.pt\/wp-content\/uploads\/2016\/06\/IMG_5189.jpg 640w\" sizes=\"auto, (max-width: 284px) 100vw, 284px\" \/><\/a><a href=\"http:\/\/www4.uma.pt\/cierl\/wp-content\/uploads\/2016\/06\/IMG_5167.jpg\" rel=\"attachment wp-att-4291\"><img loading=\"lazy\" decoding=\"async\" class=\"alignnone wp-image-4291\" src=\"http:\/\/www4.uma.pt\/cierl\/wp-content\/uploads\/2016\/06\/IMG_5167-300x300.jpg\" alt=\"img_5167\" width=\"284\" height=\"284\" srcset=\"https:\/\/cierl.uma.pt\/wp-content\/uploads\/2016\/06\/IMG_5167-300x300.jpg 300w, https:\/\/cierl.uma.pt\/wp-content\/uploads\/2016\/06\/IMG_5167-150x150.jpg 150w, https:\/\/cierl.uma.pt\/wp-content\/uploads\/2016\/06\/IMG_5167.jpg 640w\" sizes=\"auto, (max-width: 284px) 100vw, 284px\" \/><\/a><\/p>\n<p>&nbsp;<\/td>\n<\/tr>\n<\/tbody>\n<\/table>\n<table>\n<tbody>\n<tr>\n<td>\n<p style=\"text-align: center;\"><strong>PARCERIAS<\/strong><a href=\"http:\/\/www4.uma.pt\/cierl\/wp-content\/uploads\/2016\/06\/thumbnail_Assinatura-A_neg.jpg\" target=\"_blank\" rel=\"https:\/\/www.portoeditora.pt\"><br \/>\n<img loading=\"lazy\" decoding=\"async\" class=\"wp-image-4199 alignleft\" src=\"http:\/\/www4.uma.pt\/cierl\/wp-content\/uploads\/2016\/06\/thumbnail_Assinatura-A_neg-300x300.jpg\" alt=\"thumbnail_assinatura-a_neg\" width=\"156\" height=\"156\" srcset=\"https:\/\/cierl.uma.pt\/wp-content\/uploads\/2016\/06\/thumbnail_Assinatura-A_neg-300x300.jpg 300w, https:\/\/cierl.uma.pt\/wp-content\/uploads\/2016\/06\/thumbnail_Assinatura-A_neg-150x150.jpg 150w, https:\/\/cierl.uma.pt\/wp-content\/uploads\/2016\/06\/thumbnail_Assinatura-A_neg-768x768.jpg 768w, https:\/\/cierl.uma.pt\/wp-content\/uploads\/2016\/06\/thumbnail_Assinatura-A_neg-1024x1024.jpg 1024w, https:\/\/cierl.uma.pt\/wp-content\/uploads\/2016\/06\/thumbnail_Assinatura-A_neg.jpg 1280w\" sizes=\"auto, (max-width: 156px) 100vw, 156px\" \/><\/a><\/p>\n<p><img loading=\"lazy\" decoding=\"async\" class=\"wp-image-4197 alignleft\" src=\"http:\/\/www4.uma.pt\/cierl\/wp-content\/uploads\/2016\/06\/logo-bertrand-293x300.jpg\" alt=\"logo-bertrand\" width=\"146\" height=\"149\" srcset=\"https:\/\/cierl.uma.pt\/wp-content\/uploads\/2016\/06\/logo-bertrand-293x300.jpg 293w, https:\/\/cierl.uma.pt\/wp-content\/uploads\/2016\/06\/logo-bertrand-768x788.jpg 768w, https:\/\/cierl.uma.pt\/wp-content\/uploads\/2016\/06\/logo-bertrand.jpg 936w\" sizes=\"auto, (max-width: 146px) 100vw, 146px\" \/><\/td>\n<\/tr>\n<tr>\n<td>\u00a0\u00a0<img loading=\"lazy\" decoding=\"async\" class=\"alignnone wp-image-4201\" src=\"http:\/\/www4.uma.pt\/cierl\/wp-content\/uploads\/2016\/06\/TRATU\u00c1RIO-175x300-175x300.png\" alt=\"tratuario-175x300\" width=\"118\" height=\"202\" \/><img loading=\"lazy\" decoding=\"async\" class=\"wp-image-39 alignnone\" src=\"http:\/\/www4.uma.pt\/cierl\/wp-content\/uploads\/2014\/11\/ad-300x290.png\" alt=\"ad\" width=\"116\" height=\"112\" srcset=\"https:\/\/cierl.uma.pt\/wp-content\/uploads\/2014\/11\/ad-300x290.png 300w, https:\/\/cierl.uma.pt\/wp-content\/uploads\/2014\/11\/ad.png 990w\" sizes=\"auto, (max-width: 116px) 100vw, 116px\" \/><img loading=\"lazy\" decoding=\"async\" class=\"alignnone wp-image-4234\" src=\"http:\/\/www4.uma.pt\/cierl\/wp-content\/uploads\/2016\/06\/v\u00e9rtice-300x169.png\" alt=\"vertice\" width=\"187\" height=\"105\" srcset=\"https:\/\/cierl.uma.pt\/wp-content\/uploads\/2016\/06\/v\u00e9rtice-300x169.png 300w, https:\/\/cierl.uma.pt\/wp-content\/uploads\/2016\/06\/v\u00e9rtice.png 720w\" sizes=\"auto, (max-width: 187px) 100vw, 187px\" \/>\u00a0<img loading=\"lazy\" decoding=\"async\" class=\"alignnone\" src=\"http:\/\/www4.uma.pt\/cierl\/wp-content\/uploads\/2015\/08\/1525026_496021007177479_303700860_n-300x295.jpg\" alt=\"1525026_496021007177479_303700860_n\" width=\"93\" height=\"91\" \/>\u00a0<img loading=\"lazy\" decoding=\"async\" class=\"wp-image-966 alignnone\" src=\"http:\/\/www4.uma.pt\/cierl\/wp-content\/uploads\/2015\/02\/OA_Ass_Sec_Mono_Cmyk_Madeira_Pos-300x118.jpg\" alt=\"OA_Ass_Sec_Mono_Cmyk_Castelo_Branco\" width=\"240\" height=\"94\" srcset=\"https:\/\/cierl.uma.pt\/wp-content\/uploads\/2015\/02\/OA_Ass_Sec_Mono_Cmyk_Madeira_Pos-300x118.jpg 300w, https:\/\/cierl.uma.pt\/wp-content\/uploads\/2015\/02\/OA_Ass_Sec_Mono_Cmyk_Madeira_Pos-1024x401.jpg 1024w\" sizes=\"auto, (max-width: 240px) 100vw, 240px\" \/><\/td>\n<\/tr>\n<\/tbody>\n<\/table>\n<table>\n<tbody>\n<tr>\n<td><strong>PATROCINADORES<\/strong><\/p>\n<p><a href=\"http:\/\/www4.uma.pt\/cierl\/wp-content\/uploads\/2016\/06\/FOUR-VIEWS.png\" rel=\"attachment wp-att-4264\"><img loading=\"lazy\" decoding=\"async\" class=\"alignnone wp-image-4264\" src=\"http:\/\/www4.uma.pt\/cierl\/wp-content\/uploads\/2016\/06\/FOUR-VIEWS-300x179.png\" alt=\"four-views\" width=\"209\" height=\"125\" srcset=\"https:\/\/cierl.uma.pt\/wp-content\/uploads\/2016\/06\/FOUR-VIEWS-300x179.png 300w, https:\/\/cierl.uma.pt\/wp-content\/uploads\/2016\/06\/FOUR-VIEWS.png 409w\" sizes=\"auto, (max-width: 209px) 100vw, 209px\" \/><\/a><\/td>\n<\/tr>\n<\/tbody>\n<\/table>\n<table>\n<tbody>\n<tr>\n<td><a href=\"https:\/\/www.facebook.com\/HH.Funchal.2016\/about\/?entry_point=page_nav_about_item&amp;tab=overview\" target=\"_blank\"><img loading=\"lazy\" decoding=\"async\" class=\"aligncenter\" src=\"http:\/\/www4.uma.pt\/cierl\/wp-content\/uploads\/2016\/06\/images2.png\" alt=\"images2\" width=\"98\" height=\"98\" \/><\/a><a href=\"https:\/\/www.instagram.com\/congresso.herberto.helder\/\" target=\"_blank\"><img loading=\"lazy\" decoding=\"async\" class=\"aligncenter\" src=\"http:\/\/www4.uma.pt\/cierl\/wp-content\/uploads\/2016\/06\/e6fc018c6854fb40051716fbcd04d6fb.jpg\" alt=\"e6fc018c6854fb40051716fbcd04d6fb\" width=\"66\" height=\"66\" \/><\/a><\/td>\n<\/tr>\n<\/tbody>\n<\/table>\n","protected":false},"excerpt":{"rendered":"<p>CONGRESSO INTERNACIONAL\u00a0 HERBERTO HELDER\u00a0 \u00a0\u2013 a vida inteira para fundar um poema 21 .\u00a022 . 23 . Novembro\u00a0| 2016 Funchal | UMa\u2013CIERL Linhas tem\u00e1ticas HH ou o poema cont\u00ednuo HH : a prosa \u00e9 uma inst\u00e2ncia degradada do poema HH e poetas futuros com m\u00e1quinas de filmar nas m\u00e3os HH e os seus contempor\u00e2neos HH &#8230; <a title=\"CONGRESSO INTERNACIONAL  HERBERTO HELDER\" class=\"read-more\" href=\"https:\/\/cierl.uma.pt\/?page_id=2876\" aria-label=\"More on CONGRESSO INTERNACIONAL  HERBERTO HELDER\">Read more<\/a><\/p>\n","protected":false},"author":6,"featured_media":0,"parent":0,"menu_order":0,"comment_status":"closed","ping_status":"closed","template":"","meta":{"footnotes":""},"language":[6],"class_list":{"0":"post-2876","1":"page","2":"type-page","3":"status-publish","5":"language-pt_pt"},"_links":{"self":[{"href":"https:\/\/cierl.uma.pt\/index.php?rest_route=\/wp\/v2\/pages\/2876","targetHints":{"allow":["GET"]}}],"collection":[{"href":"https:\/\/cierl.uma.pt\/index.php?rest_route=\/wp\/v2\/pages"}],"about":[{"href":"https:\/\/cierl.uma.pt\/index.php?rest_route=\/wp\/v2\/types\/page"}],"author":[{"embeddable":true,"href":"https:\/\/cierl.uma.pt\/index.php?rest_route=\/wp\/v2\/users\/6"}],"replies":[{"embeddable":true,"href":"https:\/\/cierl.uma.pt\/index.php?rest_route=%2Fwp%2Fv2%2Fcomments&post=2876"}],"version-history":[{"count":766,"href":"https:\/\/cierl.uma.pt\/index.php?rest_route=\/wp\/v2\/pages\/2876\/revisions"}],"predecessor-version":[{"id":4479,"href":"https:\/\/cierl.uma.pt\/index.php?rest_route=\/wp\/v2\/pages\/2876\/revisions\/4479"}],"wp:attachment":[{"href":"https:\/\/cierl.uma.pt\/index.php?rest_route=%2Fwp%2Fv2%2Fmedia&parent=2876"}],"wp:term":[{"taxonomy":"language","embeddable":true,"href":"https:\/\/cierl.uma.pt\/index.php?rest_route=%2Fwp%2Fv2%2Flanguage&post=2876"}],"curies":[{"name":"wp","href":"https:\/\/api.w.org\/{rel}","templated":true}]}}