 {"id":2566,"date":"2016-03-08T14:17:16","date_gmt":"2016-03-08T14:17:16","guid":{"rendered":"http:\/\/www4.uma.pt\/cierl\/?page_id=2566"},"modified":"2016-03-08T14:18:17","modified_gmt":"2016-03-08T14:18:17","slug":"training-activities","status":"publish","type":"page","link":"https:\/\/cierl.uma.pt\/?page_id=2566","title":{"rendered":"Training Activities"},"content":{"rendered":"<h4 style=\"text-align: center;\"><a href=\"http:\/\/www4.uma.pt\/cierl\/wp-content\/uploads\/2015\/04\/CIERL_amarelo.png\" rel=\"attachment wp-att-1382\"><img loading=\"lazy\" decoding=\"async\" class=\"alignnone wp-image-1382\" src=\"http:\/\/www4.uma.pt\/cierl\/wp-content\/uploads\/2015\/04\/CIERL_amarelo-300x158.png\" alt=\"CIERL_amarelo\" width=\"200\" height=\"105\" srcset=\"https:\/\/cierl.uma.pt\/wp-content\/uploads\/2015\/04\/CIERL_amarelo-300x158.png 300w, https:\/\/cierl.uma.pt\/wp-content\/uploads\/2015\/04\/CIERL_amarelo.png 342w\" sizes=\"auto, (max-width: 200px) 100vw, 200px\" \/><\/a><a href=\"http:\/\/www4.uma.pt\/cierl\/wp-content\/uploads\/2015\/04\/mdl_logo.png\" rel=\"attachment wp-att-1738\"><img loading=\"lazy\" decoding=\"async\" class=\"alignnone wp-image-1738\" src=\"http:\/\/www4.uma.pt\/cierl\/wp-content\/uploads\/2015\/04\/mdl_logo.png\" alt=\"mdl_logo\" width=\"120\" height=\"78\" \/><\/a><\/h4>\n<h3 style=\"text-align: center;\">PROGRAMAS DE FORMA\u00c7\u00c3O DO UMa-CIERL<\/h3>\n<table>\n<tbody>\n<tr>\n<td>\n<h5><a href=\"http:\/\/www4.uma.pt\/cierl\/wp-content\/uploads\/2015\/02\/06.png\" rel=\"attachment wp-att-129\"><img loading=\"lazy\" decoding=\"async\" class=\"alignnone size-full wp-image-129\" src=\"http:\/\/www4.uma.pt\/cierl\/wp-content\/uploads\/2015\/02\/06.png\" alt=\"06\" width=\"32\" height=\"32\" \/><\/a> <a href=\"http:\/\/www4.uma.pt\/cierl\/?page_id=1371\">CURSOS LIVRES E DE P\u00d3S-GRADUA\u00c7\u00c3O, SEMIN\u00c1RIOS E <em>WORKSHOPS. <\/em><\/a>PROGRAMA DE FORMA\u00c7\u00c3O CONT\u00cdNUA DO UMa-CIERL<\/h5>\n<h5 style=\"text-align: justify;\"><strong>Coordenador<\/strong>: (a indicar futuramente)<\/h5>\n<p style=\"text-align: justify;\">Programa formativo mulltidisciplinar e plurianual do UMa-CIERL, mas com calendariza\u00e7\u00e3o revista anualmente. Tem como objectivo principal a divulga\u00e7\u00e3o do trabalho acad\u00e9mico desenvolvido pelos investigadores do centro.<\/p>\n<p style=\"text-align: justify;\" align=\"JUSTIFY\">Os interessados em promover alguma ac\u00e7\u00e3o no \u00e2mbito deste programa dever\u00e3o enviar as suas propostas para a caixa de correio eletr\u00f3nico do UMa-CIERL: <a href=\"http:\/\/cierl@mail.uma.pt\">cierl@mail.uma.pt<\/a> .<\/p>\n<\/td>\n<td>\n<h6><strong><a href=\"http:\/\/www4.uma.pt\/cierl\/wp-content\/uploads\/2015\/03\/TRATU\u00c1RIO.png\" rel=\"attachment wp-att-1275\"><img loading=\"lazy\" decoding=\"async\" class=\"alignnone wp-image-1275\" src=\"http:\/\/www4.uma.pt\/cierl\/wp-content\/uploads\/2015\/03\/TRATU\u00c1RIO-175x300.png\" alt=\"TRATU\u00c1RIO\" width=\"50\" height=\"86\" srcset=\"https:\/\/cierl.uma.pt\/wp-content\/uploads\/2015\/03\/TRATU\u00c1RIO-175x300.png 175w, https:\/\/cierl.uma.pt\/wp-content\/uploads\/2015\/03\/TRATU\u00c1RIO.png 333w\" sizes=\"auto, (max-width: 50px) 100vw, 50px\" \/><\/a> <\/strong><span style=\"color: #403b3b;\"><strong>EM LEG\u00cdTIMA DEFESA. <\/strong><strong>ENCONTROS COM POESIA, M\u00daSICA E OUTRAS ARTES NA MADEIRA<\/strong><\/span><\/h6>\n<p><strong><span style=\"color: #575454;\">Autoria<\/span>:<\/strong> <a href=\"http:\/\/www4.uma.pt\/cierl\/?page_id=362\">Projecto Tratu\u00e1rio. Percursos para a Hist\u00f3ria da Cultura Madeirense<\/a><\/p>\n<ul style=\"list-style-type: square;\">\n<li><a href=\"http:\/\/www4.uma.pt\/cierl\/?page_id=2429\">1.\u00aa edi\u00e7\u00e3o &#8211; Mar\u00e7o a Maio de 2016<\/a><\/li>\n<li>2.\u00aa edi\u00e7\u00e3o &#8211; data a anunciar<\/li>\n<\/ul>\n<\/td>\n<\/tr>\n<tr>\n<td>\n<h5 style=\"text-align: justify;\"><a href=\"http:\/\/www4.uma.pt\/cierl\/wp-content\/uploads\/2015\/02\/07.png\" rel=\"attachment wp-att-130\"><img loading=\"lazy\" decoding=\"async\" class=\"alignnone size-full wp-image-130\" src=\"http:\/\/www4.uma.pt\/cierl\/wp-content\/uploads\/2015\/02\/07.png\" alt=\"07\" width=\"29\" height=\"29\" \/><\/a> <strong><a href=\"http:\/\/www4.uma.pt\/cierl\/?page_id=1375\" target=\"_blank\">LIFE &amp; CULTURE \u2013 INTERDISCIPLINARY OPEN COURSES PROGRAMME<\/a><span style=\"color: #ffffff;\">.<\/span><\/strong><\/h5>\n<h5><strong>Coordenadora<\/strong>: Ana Salgueiro<\/h5>\n<p style=\"text-align: justify;\" align=\"JUSTIFY\">Programa de forma\u00e7\u00e3o multidisciplinar e plurianual, promovido pelo projeto <strong>HumanCultTransform_ ClimateChange,<\/strong> cuja calendariza\u00e7\u00e3o ser\u00e1 definida e revista anualmente.<\/p>\n<p style=\"text-align: justify;\" align=\"JUSTIFY\">A oferta formativa a integrar neste programa procurar\u00e1 contribuir para o debate e constru\u00e7\u00e3o de respostas sustent\u00e1veis relativamente a problemas detectados no sistema eco-sociocultural do arquip\u00e9lago da Madeira. O seu principal objectivo \u00e9 contribuir para uma maior implica\u00e7\u00e3o do trabalho acad\u00e9mico desenvolvido no \u00e2mbito do UMa-CIERL na gest\u00e3o dos problemas quotidianos identificados junto das comunidades do arquip\u00e9lago da Madeira.<\/p>\n<p style=\"text-align: justify;\">Os interessados em propor algum curso livre\/curso de p\u00f3s-gradua\u00e7\u00e3o\/workshop\/semin\u00e1rio no \u00e2mbito deste programa dever\u00e3o enviar a sua proposta para a coordena\u00e7\u00e3o do programa LIFE &amp; CULTURE: <a href=\"http:\/\/anasalgueiro@staff.uma.pt\">anasalgueiro@staff.uma.pt<\/a> .<\/p>\n<\/td>\n<td>\n<ul style=\"list-style-type: square;\">\n<li class=\"ecxMsoNormal\" style=\"text-align: justify;\"><strong><span lang=\"EN-US\">Workshop CIERL-UMa. <\/span><i><span lang=\"EN-US\">Living in this World: Cultural Citizenship, Natural Disasters &amp; Arts<\/span><\/i><\/strong>\n<ul>\n<li>Sess\u00e3o I &#8211; Escola Profissional de S\u00e3o Martinho | 27 abril de 2015 | 16:50-18:15<\/li>\n<li>Sess\u00e3o II &#8211; Conservat\u00f3rio-Escola das Artes Eng.\u00ba Luiz Peter Clode | 30 abril de 2015 | 9:35-11:00<\/li>\n<\/ul>\n<\/li>\n<\/ul>\n<div><\/div>\n<ul style=\"list-style-type: square;\">\n<li><strong><span lang=\"EN-US\">Workshop CIERL-UMa.<\/span><i><span lang=\"EN-US\">Living in this World: Cultural Citizenship &amp; Natural Disasters<\/span><\/i><\/strong>\n<ul>\n<li>Sess\u00e3o I &#8211; Escola Profissional Crist\u00f3v\u00e3o Colombo | 27 de abril de 2015 | 10.50-12.50<\/li>\n<li>Sess\u00e3o II &#8211; <em>Campus <\/em>da Penteada, Universidade da Madeira |29 de abril de 2015 | 14.00-17.00<\/li>\n<\/ul>\n<\/li>\n<\/ul>\n<\/td>\n<\/tr>\n<tr>\n<td>\n<div>\n<h5><a href=\"http:\/\/www4.uma.pt\/cierl\/wp-content\/uploads\/2015\/02\/06.png\" rel=\"attachment wp-att-129\"><img loading=\"lazy\" decoding=\"async\" class=\"alignnone size-full wp-image-129\" src=\"http:\/\/www4.uma.pt\/cierl\/wp-content\/uploads\/2015\/02\/06.png\" alt=\"06\" width=\"32\" height=\"32\" \/><\/a> <a href=\"http:\/\/www4.uma.pt\/cierl\/?page_id=1377\">ACTIVIDADES FORMATIVAS V\u00c1RIAS<\/a><\/h5>\n<h5><strong>Coordenadores v\u00e1rios<\/strong><\/h5>\n<\/div>\n<\/td>\n<td>\n<ul style=\"list-style-type: square;\">\n<li><strong>Finissage | Conversa &#8211; &#8220;Natureza, arte e espiritualidade: percorrer a obra de Domingas Pita a partir de uma composi\u00e7\u00e3o floral&#8221; <span style=\"color: #808080;\">(Martinho Mendes)<\/span><\/strong>\n<ul>\n<li>Galeria de Arte Francisco Franco &#8211; 16 de abril de 2015 | 15<\/li>\n<\/ul>\n<\/li>\n<\/ul>\n<p>&nbsp;<\/td>\n<\/tr>\n<\/tbody>\n<\/table>\n","protected":false},"excerpt":{"rendered":"<p>PROGRAMAS DE FORMA\u00c7\u00c3O DO UMa-CIERL CURSOS LIVRES E DE P\u00d3S-GRADUA\u00c7\u00c3O, SEMIN\u00c1RIOS E WORKSHOPS. PROGRAMA DE FORMA\u00c7\u00c3O CONT\u00cdNUA DO UMa-CIERL Coordenador: (a indicar futuramente) Programa formativo mulltidisciplinar e plurianual do UMa-CIERL, mas com calendariza\u00e7\u00e3o revista anualmente. Tem como objectivo principal a divulga\u00e7\u00e3o do trabalho acad\u00e9mico desenvolvido pelos investigadores do centro. Os interessados em promover alguma ac\u00e7\u00e3o &#8230; <a title=\"Training Activities\" class=\"read-more\" href=\"https:\/\/cierl.uma.pt\/?page_id=2566\" aria-label=\"More on Training Activities\">Read more<\/a><\/p>\n","protected":false},"author":6,"featured_media":0,"parent":0,"menu_order":0,"comment_status":"closed","ping_status":"open","template":"","meta":{"footnotes":""},"language":[5],"class_list":{"0":"post-2566","1":"page","2":"type-page","3":"status-publish","5":"language-en_us"},"_links":{"self":[{"href":"https:\/\/cierl.uma.pt\/index.php?rest_route=\/wp\/v2\/pages\/2566","targetHints":{"allow":["GET"]}}],"collection":[{"href":"https:\/\/cierl.uma.pt\/index.php?rest_route=\/wp\/v2\/pages"}],"about":[{"href":"https:\/\/cierl.uma.pt\/index.php?rest_route=\/wp\/v2\/types\/page"}],"author":[{"embeddable":true,"href":"https:\/\/cierl.uma.pt\/index.php?rest_route=\/wp\/v2\/users\/6"}],"replies":[{"embeddable":true,"href":"https:\/\/cierl.uma.pt\/index.php?rest_route=%2Fwp%2Fv2%2Fcomments&post=2566"}],"version-history":[{"count":3,"href":"https:\/\/cierl.uma.pt\/index.php?rest_route=\/wp\/v2\/pages\/2566\/revisions"}],"predecessor-version":[{"id":2569,"href":"https:\/\/cierl.uma.pt\/index.php?rest_route=\/wp\/v2\/pages\/2566\/revisions\/2569"}],"wp:attachment":[{"href":"https:\/\/cierl.uma.pt\/index.php?rest_route=%2Fwp%2Fv2%2Fmedia&parent=2566"}],"wp:term":[{"taxonomy":"language","embeddable":true,"href":"https:\/\/cierl.uma.pt\/index.php?rest_route=%2Fwp%2Fv2%2Flanguage&post=2566"}],"curies":[{"name":"wp","href":"https:\/\/api.w.org\/{rel}","templated":true}]}}