 {"id":2482,"date":"2016-03-08T12:40:11","date_gmt":"2016-03-08T12:40:11","guid":{"rendered":"http:\/\/www4.uma.pt\/cierl\/?page_id=2482"},"modified":"2016-06-08T10:50:01","modified_gmt":"2016-06-08T10:50:01","slug":"please-translate-in-en_us-ii-insula-a-grande-guerra-e-os-espacos-insulares","status":"publish","type":"page","link":"https:\/\/cierl.uma.pt\/?page_id=2482","title":{"rendered":"II INSULA. The Great War and Insular Spaces"},"content":{"rendered":"<h2 style=\"text-align: center;\"><a href=\"http:\/\/www4.uma.pt\/cierl\/wp-content\/uploads\/2015\/09\/insula-07-e1456512594113.png\" rel=\"attachment wp-att-1414\"><img loading=\"lazy\" decoding=\"async\" class=\"alignnone size-medium wp-image-1414\" src=\"http:\/\/www4.uma.pt\/cierl\/wp-content\/uploads\/2015\/09\/insula-07-300x300.png\" alt=\"insula-07\" width=\"300\" height=\"300\" \/><\/a><\/h2>\n<h2 style=\"text-align: center;\"><span style=\"color: #ca2b2a;\"><strong>II\u00a0<\/strong><strong>INSULA International\u00a0Colloquium <\/strong><\/span><\/h2>\n<h2 style=\"text-align: center;\"><strong>The Great War and Insular Spaces<\/strong><\/h2>\n<h2 style=\"text-align: center;\"><span style=\"color: #ca2b2a;\"><strong>1, 2\u00a0and 3\u00a0December 2016<\/strong><\/span><\/h2>\n<h3 style=\"text-align: center;\"><strong>Funchal | UMa-CIERL<\/strong><\/h3>\n<h2 style=\"text-align: center;\"><span style=\"color: #ca2b2a;\">Proposals Submission Deadline:\u00a0<\/span><span style=\"color: #ca2b2a;\"><strong><span style=\"color: #000000;\"><del>May 30<\/del> <span style=\"color: #ca2b2a;\">June 30, 2016<\/span><\/span><\/strong><\/span><\/h2>\n<table>\n<tbody>\n<tr>\n<td>\n<div><strong><a href=\"http:\/\/www4.uma.pt\/cierl\/wp-content\/uploads\/2016\/02\/Willy-St\u00f6wer.jpg\" rel=\"attachment wp-att-1816\"><img loading=\"lazy\" decoding=\"async\" class=\"alignnone wp-image-1816\" src=\"http:\/\/www4.uma.pt\/cierl\/wp-content\/uploads\/2016\/02\/Willy-St\u00f6wer-300x214.jpg\" alt=\"Willy St\u00f6wer\" width=\"100\" height=\"71\" srcset=\"https:\/\/cierl.uma.pt\/wp-content\/uploads\/2016\/02\/Willy-St\u00f6wer-300x214.jpg 300w, https:\/\/cierl.uma.pt\/wp-content\/uploads\/2016\/02\/Willy-St\u00f6wer-1024x729.jpg 1024w, https:\/\/cierl.uma.pt\/wp-content\/uploads\/2016\/02\/Willy-St\u00f6wer.jpg 1057w\" sizes=\"auto, (max-width: 100px) 100vw, 100px\" \/><\/a> <span style=\"color: #ca2b2a;\"><a style=\"color: #ca2b2a;\" href=\"http:\/\/www4.uma.pt\/cierl\/?page_id=2548\">Call for papers<\/a><\/span><\/strong><\/div>\n<div><strong><a href=\"http:\/\/www4.uma.pt\/cierl\/wp-content\/uploads\/2016\/02\/CaminhoDoComboio_Funchal.jpg\" rel=\"attachment wp-att-2452\"><img loading=\"lazy\" decoding=\"async\" class=\"alignnone wp-image-2452\" src=\"http:\/\/www4.uma.pt\/cierl\/wp-content\/uploads\/2016\/02\/CaminhoDoComboio_Funchal-300x200.jpg\" alt=\"CaminhoDoComboio_Funchal\" width=\"100\" height=\"67\" srcset=\"https:\/\/cierl.uma.pt\/wp-content\/uploads\/2016\/02\/CaminhoDoComboio_Funchal-300x200.jpg 300w, https:\/\/cierl.uma.pt\/wp-content\/uploads\/2016\/02\/CaminhoDoComboio_Funchal-768x511.jpg 768w, https:\/\/cierl.uma.pt\/wp-content\/uploads\/2016\/02\/CaminhoDoComboio_Funchal-1024x681.jpg 1024w, https:\/\/cierl.uma.pt\/wp-content\/uploads\/2016\/02\/CaminhoDoComboio_Funchal.jpg 1600w\" sizes=\"auto, (max-width: 100px) 100vw, 100px\" \/><\/a>\u00a0 <span style=\"color: #ca2b2a;\"><a style=\"color: #ca2b2a;\" href=\"http:\/\/www4.uma.pt\/cierl\/?page_id=2769\">Keynote Speakers<\/a><\/span><\/strong><\/div>\n<div><strong><a href=\"http:\/\/www4.uma.pt\/cierl\/wp-content\/uploads\/2016\/02\/Madeira_Boias_Salvacao_1916.jpg\" rel=\"attachment wp-att-2467\"><img loading=\"lazy\" decoding=\"async\" class=\"alignnone wp-image-2467\" src=\"http:\/\/www4.uma.pt\/cierl\/wp-content\/uploads\/2016\/02\/Madeira_Boias_Salvacao_1916-300x215.jpg\" alt=\"Madeira_Boias_Salvacao_1916\" width=\"100\" height=\"72\" \/><\/a> Programme<\/strong><\/div>\n<div><a href=\"http:\/\/www4.uma.pt\/cierl\/wp-content\/uploads\/2016\/02\/fayal-Cable-Station.jpg\" rel=\"attachment wp-att-2468\"><img loading=\"lazy\" decoding=\"async\" class=\"alignnone wp-image-2468\" src=\"http:\/\/www4.uma.pt\/cierl\/wp-content\/uploads\/2016\/02\/fayal-Cable-Station-300x192.jpg\" alt=\"fayal-Cable-Station\" width=\"100\" height=\"64\" srcset=\"https:\/\/cierl.uma.pt\/wp-content\/uploads\/2016\/02\/fayal-Cable-Station-300x192.jpg 300w, https:\/\/cierl.uma.pt\/wp-content\/uploads\/2016\/02\/fayal-Cable-Station-768x492.jpg 768w, https:\/\/cierl.uma.pt\/wp-content\/uploads\/2016\/02\/fayal-Cable-Station.jpg 1000w\" sizes=\"auto, (max-width: 100px) 100vw, 100px\" \/><\/a>\u00a0<span style=\"color: #ca2b2a;\"><strong><a style=\"color: #ca2b2a;\" href=\"http:\/\/www4.uma.pt\/cierl\/?page_id=2761\">Registration (Fees &amp; Formula)<\/a><\/strong><\/span><\/div>\n<\/td>\n<td>\n<div><strong><a href=\"http:\/\/www4.uma.pt\/cierl\/wp-content\/uploads\/2016\/02\/Ca\u00e7a-minas-NRP-Augusto-Castilho.jpg\" rel=\"attachment wp-att-2469\"><img loading=\"lazy\" decoding=\"async\" class=\"alignnone wp-image-2469\" src=\"http:\/\/www4.uma.pt\/cierl\/wp-content\/uploads\/2016\/02\/Ca\u00e7a-minas-NRP-Augusto-Castilho-300x197.jpg\" alt=\"Ca\u00e7a-minas NRP Augusto Castilho\" width=\"100\" height=\"65\" srcset=\"https:\/\/cierl.uma.pt\/wp-content\/uploads\/2016\/02\/Ca\u00e7a-minas-NRP-Augusto-Castilho-300x197.jpg 300w, https:\/\/cierl.uma.pt\/wp-content\/uploads\/2016\/02\/Ca\u00e7a-minas-NRP-Augusto-Castilho.jpg 400w\" sizes=\"auto, (max-width: 100px) 100vw, 100px\" \/><\/a>\u00a0<span style=\"color: #ca2b2a;\"><a style=\"color: #ca2b2a;\" href=\"http:\/\/www4.uma.pt\/cierl\/?page_id=2803\">Institutional Partners &amp; Sponsors<\/a><\/span><\/strong><\/div>\n<div><strong><a href=\"http:\/\/www4.uma.pt\/cierl\/wp-content\/uploads\/2016\/02\/Prisioneiros-Alem\u00e3es-Forte-de-S\u00e3o-Jo\u00e3o-Baptista-Angra-do-Hero\u00edsmo-1916.jpg\" rel=\"attachment wp-att-2470\"><img loading=\"lazy\" decoding=\"async\" class=\"alignnone wp-image-2470\" src=\"http:\/\/www4.uma.pt\/cierl\/wp-content\/uploads\/2016\/02\/Prisioneiros-Alem\u00e3es-Forte-de-S\u00e3o-Jo\u00e3o-Baptista-Angra-do-Hero\u00edsmo-1916-300x199.jpg\" alt=\"Prisioneiros Alem\u00e3es Forte de S\u00e3o Jo\u00e3o Baptista Angra do Hero\u00edsmo 1916\" width=\"100\" height=\"66\" srcset=\"https:\/\/cierl.uma.pt\/wp-content\/uploads\/2016\/02\/Prisioneiros-Alem\u00e3es-Forte-de-S\u00e3o-Jo\u00e3o-Baptista-Angra-do-Hero\u00edsmo-1916-300x199.jpg 300w, https:\/\/cierl.uma.pt\/wp-content\/uploads\/2016\/02\/Prisioneiros-Alem\u00e3es-Forte-de-S\u00e3o-Jo\u00e3o-Baptista-Angra-do-Hero\u00edsmo-1916.jpg 543w\" sizes=\"auto, (max-width: 100px) 100vw, 100px\" \/><\/a>\u00a0Training Activities<\/strong><\/div>\n<div><a href=\"http:\/\/www4.uma.pt\/cierl\/wp-content\/uploads\/2016\/02\/Bilhete-postal-com-sobrecarga-A\u00c7ORES.distribu\u00eddos-gratuitamente-aos-prisioneiros-de-guerraRemetido-de-Angra-do-Hero\u00edsmo-14.05.19-para-a-Alemanha..jpg\" rel=\"attachment wp-att-2471\"><img loading=\"lazy\" decoding=\"async\" class=\"alignnone wp-image-2471\" src=\"http:\/\/www4.uma.pt\/cierl\/wp-content\/uploads\/2016\/02\/Bilhete-postal-com-sobrecarga-A\u00c7ORES.distribu\u00eddos-gratuitamente-aos-prisioneiros-de-guerraRemetido-de-Angra-do-Hero\u00edsmo-14.05.19-para-a-Alemanha.-300x158.jpg\" alt=\"Bilhete-postal com sobrecarga A\u00c7ORES.distribu\u00eddos gratuitamente aos prisioneiros de guerraRemetido de Angra do Hero\u00edsmo-14.05.19-para a Alemanha.\" width=\"100\" height=\"53\" srcset=\"https:\/\/cierl.uma.pt\/wp-content\/uploads\/2016\/02\/Bilhete-postal-com-sobrecarga-A\u00c7ORES.distribu\u00eddos-gratuitamente-aos-prisioneiros-de-guerraRemetido-de-Angra-do-Hero\u00edsmo-14.05.19-para-a-Alemanha.-300x158.jpg 300w, https:\/\/cierl.uma.pt\/wp-content\/uploads\/2016\/02\/Bilhete-postal-com-sobrecarga-A\u00c7ORES.distribu\u00eddos-gratuitamente-aos-prisioneiros-de-guerraRemetido-de-Angra-do-Hero\u00edsmo-14.05.19-para-a-Alemanha..jpg 706w\" sizes=\"auto, (max-width: 100px) 100vw, 100px\" \/><\/a>\u00a0 <span style=\"color: #ca2b2a;\"><strong><a style=\"color: #ca2b2a;\" href=\"http:\/\/www4.uma.pt\/cierl\/?page_id=2832\">Cultural\/Artistic Activities<\/a><\/strong><\/span><\/div>\n<div><strong><a href=\"http:\/\/www4.uma.pt\/cierl\/wp-content\/uploads\/2016\/02\/Tropas-do-BI23-desembarcadas-a-5-de-Dezembro-de-1916-para-defesa-do-Porto-Grande-.jpg\" rel=\"attachment wp-att-2472\"><img loading=\"lazy\" decoding=\"async\" class=\"alignnone wp-image-2472\" src=\"http:\/\/www4.uma.pt\/cierl\/wp-content\/uploads\/2016\/02\/Tropas-do-BI23-desembarcadas-a-5-de-Dezembro-de-1916-para-defesa-do-Porto-Grande--300x186.jpg\" alt=\"Tropas do BI23 desembarcadas a 5 de Dezembro de 1916 para defesa do Porto Grande\" width=\"100\" height=\"62\" srcset=\"https:\/\/cierl.uma.pt\/wp-content\/uploads\/2016\/02\/Tropas-do-BI23-desembarcadas-a-5-de-Dezembro-de-1916-para-defesa-do-Porto-Grande--300x186.jpg 300w, https:\/\/cierl.uma.pt\/wp-content\/uploads\/2016\/02\/Tropas-do-BI23-desembarcadas-a-5-de-Dezembro-de-1916-para-defesa-do-Porto-Grande-.jpg 671w\" sizes=\"auto, (max-width: 100px) 100vw, 100px\" \/><\/a>\u00a0Images Gallery<\/strong><\/div>\n<\/td>\n<\/tr>\n<tr>\n<td><span style=\"color: #ca2b2a;\"><strong><b>Organising Committee<\/b><\/strong><\/span><\/p>\n<ul>\n<li><a href=\"http:\/\/www4.uma.pt\/cierl\/?page_id=513\">Paulo Miguel Rodrigues <\/a>(coord.)<\/li>\n<li><a href=\"http:\/\/www4.uma.pt\/cierl\/?page_id=485\">Ana Salgueiro<\/a><\/li>\n<li>Jo\u00e3o Botelho (Ten. Coronel)<\/li>\n<li><a href=\"http:\/\/www4.uma.pt\/cierl\/?page_id=2849\">Nelson Ver\u00edssimo<\/a><\/li>\n<li>Svetlana Kurtes<\/li>\n<li><a href=\"http:\/\/www4.uma.pt\/cierl\/?page_id=481\">Thierry Proen\u00e7a dos Santos<\/a><\/li>\n<\/ul>\n<\/td>\n<td><span style=\"color: #ca2b2a;\"><strong><b>Scientific Committee:<\/b><\/strong><\/span><\/p>\n<ul>\n<li>Alda Portugal<\/li>\n<li><a href=\"http:\/\/www4.uma.pt\/cierl\/?page_id=469\">Ana Isabel Moniz<\/a><\/li>\n<li><a href=\"http:\/\/www4.uma.pt\/cierl\/?page_id=471\">Anne Martina Emonts<\/a><\/li>\n<li><a href=\"http:\/\/www4.uma.pt\/cierl\/?page_id=2844\">Ant\u00f3nio Almeida<\/a><\/li>\n<li><a href=\"http:\/\/www4.uma.pt\/cierl\/?page_id=2847\">Carlos Valente<\/a><\/li>\n<li><a href=\"http:\/\/www4.uma.pt\/cierl\/?page_id=473\">Helena Rebelo<\/a><\/li>\n<li><a href=\"http:\/\/www4.uma.pt\/cierl\/?page_id=1256\">Leonor Martins Coelho<\/a><\/li>\n<li><a href=\"http:\/\/www4.uma.pt\/cierl\/?page_id=2849\">Nelson Ver\u00edssimo<\/a><\/li>\n<li><a href=\"http:\/\/www4.uma.pt\/cierl\/?page_id=513\">Paulo Miguel Rodrigues<\/a><\/li>\n<li>Svetlana Kurtes<\/li>\n<li><a href=\"http:\/\/www4.uma.pt\/cierl\/?page_id=481\">Thierry Proen\u00e7a dos Santos<\/a><\/li>\n<\/ul>\n<\/td>\n<\/tr>\n<tr>\n<td><span style=\"color: #ca2b2a;\"><strong>Secretarial Team<\/strong><\/span><\/p>\n<ul>\n<li>To be confirmed<\/li>\n<li>.<\/li>\n<\/ul>\n<\/td>\n<td><span style=\"color: #ca2b2a;\"><strong>Technical\u00a0S<strong>upport:<\/strong><\/strong><\/span><\/p>\n<ul>\n<li>Jo\u00e3o Marcos Duarte Matos<\/li>\n<li>Pedro Cirilo<\/li>\n<li>Rui Gomes<\/li>\n<\/ul>\n<\/td>\n<\/tr>\n<tr>\n<td><span style=\"color: #ca2b2a;\"><strong>Contacts:<\/strong><\/span><\/p>\n<ul>\n<li>Organising Committee: <a href=\"http:\/\/insula2@mail.uma.pt\">insula2@mail.uma.pt<\/a><\/li>\n<li>UMa-CIERL: <a href=\"http:\/\/cierl@mail.uma.pt\">cierl@mail.uma.pt<\/a><\/li>\n<li>Phone: 00351 291705240<\/li>\n<\/ul>\n<\/td>\n<td><span style=\"color: #ca2b2a;\"><b>Design e Multimedia:<\/b><\/span><\/p>\n<ul>\n<li>Fabian Contreras<\/li>\n<li>Filipe Gomes<\/li>\n<li>Jo\u00e3o Marcos Duarte Matos<\/li>\n<li>Pedro Cirilo<\/li>\n<\/ul>\n<\/td>\n<\/tr>\n<\/tbody>\n<\/table>\n<p>As imagens utilizadas neste lugar e relativas \u00e0 experi\u00eancia da Grande Guerra em espa\u00e7os insulares lus\u00f3fonos foram retiradas daqui: <a href=\"http:\/\/www.momentosdehistoria.com\/MH_02_Marinha.htm\">http:\/\/www.momentosdehistoria.com\/MH_02_Marinha.htm<\/a><\/p>\n","protected":false},"excerpt":{"rendered":"<p>II\u00a0INSULA International\u00a0Colloquium The Great War and Insular Spaces 1, 2\u00a0and 3\u00a0December 2016 Funchal | UMa-CIERL Proposals Submission Deadline:\u00a0May 30 June 30, 2016 Call for papers \u00a0 Keynote Speakers Programme \u00a0Registration (Fees &amp; Formula) \u00a0Institutional Partners &amp; Sponsors \u00a0Training Activities \u00a0 Cultural\/Artistic Activities \u00a0Images Gallery Organising Committee Paulo Miguel Rodrigues (coord.) Ana Salgueiro Jo\u00e3o Botelho (Ten. &#8230; <a title=\"II INSULA. The Great War and Insular Spaces\" class=\"read-more\" href=\"https:\/\/cierl.uma.pt\/?page_id=2482\" aria-label=\"More on II INSULA. The Great War and Insular Spaces\">Read more<\/a><\/p>\n","protected":false},"author":6,"featured_media":0,"parent":88,"menu_order":0,"comment_status":"closed","ping_status":"open","template":"","meta":{"footnotes":""},"language":[5],"class_list":{"0":"post-2482","1":"page","2":"type-page","3":"status-publish","5":"language-en_us"},"_links":{"self":[{"href":"https:\/\/cierl.uma.pt\/index.php?rest_route=\/wp\/v2\/pages\/2482","targetHints":{"allow":["GET"]}}],"collection":[{"href":"https:\/\/cierl.uma.pt\/index.php?rest_route=\/wp\/v2\/pages"}],"about":[{"href":"https:\/\/cierl.uma.pt\/index.php?rest_route=\/wp\/v2\/types\/page"}],"author":[{"embeddable":true,"href":"https:\/\/cierl.uma.pt\/index.php?rest_route=\/wp\/v2\/users\/6"}],"replies":[{"embeddable":true,"href":"https:\/\/cierl.uma.pt\/index.php?rest_route=%2Fwp%2Fv2%2Fcomments&post=2482"}],"version-history":[{"count":27,"href":"https:\/\/cierl.uma.pt\/index.php?rest_route=\/wp\/v2\/pages\/2482\/revisions"}],"predecessor-version":[{"id":2543,"href":"https:\/\/cierl.uma.pt\/index.php?rest_route=\/wp\/v2\/pages\/2482\/revisions\/2543"}],"up":[{"embeddable":true,"href":"https:\/\/cierl.uma.pt\/index.php?rest_route=\/wp\/v2\/pages\/88"}],"wp:attachment":[{"href":"https:\/\/cierl.uma.pt\/index.php?rest_route=%2Fwp%2Fv2%2Fmedia&parent=2482"}],"wp:term":[{"taxonomy":"language","embeddable":true,"href":"https:\/\/cierl.uma.pt\/index.php?rest_route=%2Fwp%2Fv2%2Flanguage&post=2482"}],"curies":[{"name":"wp","href":"https:\/\/api.w.org\/{rel}","templated":true}]}}