 {"id":1909,"date":"2016-02-26T13:33:34","date_gmt":"2016-02-26T13:33:34","guid":{"rendered":"http:\/\/www4.uma.pt\/cierl\/?page_id=1909"},"modified":"2017-11-08T12:49:02","modified_gmt":"2017-11-08T12:49:02","slug":"iii-insula-iii-icua-para-alem-de-natureza-artificio-beyond-nature-artifice","status":"publish","type":"page","link":"https:\/\/cierl.uma.pt\/?page_id=1909","title":{"rendered":"III INSULA &#038; III ICUA Para al\u00e9m de Natureza &#038; Artif\u00edcio. Beyond Nature &#038; Artifice"},"content":{"rendered":"<h2 style=\"text-align: center;\"><\/h2>\n<table style=\"width: 1061px;\">\n<tbody>\n<tr>\n<td style=\"width: 214px;\"><img loading=\"lazy\" decoding=\"async\" class=\"wp-image-2135 alignleft\" src=\"http:\/\/www4.uma.pt\/cierl\/wp-content\/uploads\/2016\/02\/UMa_fah-300x138.png\" alt=\"\" width=\"200\" height=\"92\" srcset=\"https:\/\/cierl.uma.pt\/wp-content\/uploads\/2016\/02\/UMa_fah-300x138.png 300w, https:\/\/cierl.uma.pt\/wp-content\/uploads\/2016\/02\/UMa_fah.png 339w\" sizes=\"auto, (max-width: 200px) 100vw, 200px\" \/><\/td>\n<td style=\"width: 239px;\"><a href=\"http:\/\/www4.uma.pt\/cierl\/wp-content\/uploads\/2016\/02\/CIERL_LogoBranco.png\"><img loading=\"lazy\" decoding=\"async\" class=\"wp-image-5396 size-medium alignleft\" src=\"http:\/\/www4.uma.pt\/cierl\/wp-content\/uploads\/2016\/02\/CIERL_LogoBranco-300x109.png\" alt=\"\" width=\"300\" height=\"109\" srcset=\"https:\/\/cierl.uma.pt\/wp-content\/uploads\/2016\/02\/CIERL_LogoBranco-300x109.png 300w, https:\/\/cierl.uma.pt\/wp-content\/uploads\/2016\/02\/CIERL_LogoBranco.png 409w\" sizes=\"auto, (max-width: 300px) 100vw, 300px\" \/><\/a><\/td>\n<td style=\"width: 294px;\"><a href=\"http:\/\/www.islanddynamics.org\/\"><img loading=\"lazy\" decoding=\"async\" class=\"wp-image-5420 aligncenter\" src=\"http:\/\/www4.uma.pt\/cierl\/wp-content\/uploads\/2016\/02\/island-dynamics-White-background-1-300x149.png\" alt=\"\" width=\"167\" height=\"83\" srcset=\"https:\/\/cierl.uma.pt\/wp-content\/uploads\/2016\/02\/island-dynamics-White-background-1-300x149.png 300w, https:\/\/cierl.uma.pt\/wp-content\/uploads\/2016\/02\/island-dynamics-White-background-1-768x380.png 768w, https:\/\/cierl.uma.pt\/wp-content\/uploads\/2016\/02\/island-dynamics-White-background-1.png 812w\" sizes=\"auto, (max-width: 167px) 100vw, 167px\" \/><\/a><\/td>\n<td style=\"width: 242px;\"><a href=\"http:\/\/www.islandcities.org\/icua2017.html\"><img loading=\"lazy\" decoding=\"async\" class=\"wp-image-1503\" src=\"http:\/\/www4.uma.pt\/cierl\/wp-content\/uploads\/2015\/04\/island-cities-and-urban-archipelagos.png-300x121.png\" alt=\"\" width=\"183\" height=\"74\" srcset=\"https:\/\/cierl.uma.pt\/wp-content\/uploads\/2015\/04\/island-cities-and-urban-archipelagos.png-300x121.png 300w, https:\/\/cierl.uma.pt\/wp-content\/uploads\/2015\/04\/island-cities-and-urban-archipelagos.png.png 818w\" sizes=\"auto, (max-width: 183px) 100vw, 183px\" \/><\/a><\/td>\n<\/tr>\n<\/tbody>\n<\/table>\n<table>\n<tbody>\n<tr>\n<td>\u00a0<a href=\"http:\/\/www4.uma.pt\/cierl\/wp-content\/uploads\/2016\/02\/Unknown.png\"><img loading=\"lazy\" decoding=\"async\" class=\"wp-image-6741 alignright\" src=\"http:\/\/www4.uma.pt\/cierl\/wp-content\/uploads\/2016\/02\/Unknown.png\" alt=\"\" width=\"87\" height=\"45\" srcset=\"https:\/\/cierl.uma.pt\/wp-content\/uploads\/2016\/02\/Unknown.png 311w, https:\/\/cierl.uma.pt\/wp-content\/uploads\/2016\/02\/Unknown-300x156.png 300w\" sizes=\"auto, (max-width: 87px) 100vw, 87px\" \/><\/a><\/td>\n<td><a href=\"http:\/\/www4.uma.pt\/cierl\/wp-content\/uploads\/2016\/02\/Flag_of_the_United_Kingdom.svg_.png\"><img loading=\"lazy\" decoding=\"async\" class=\"wp-image-4930 alignleft\" src=\"http:\/\/www4.uma.pt\/cierl\/wp-content\/uploads\/2016\/02\/Flag_of_the_United_Kingdom.svg_.png\" alt=\"\" width=\"85\" height=\"43\" srcset=\"https:\/\/cierl.uma.pt\/wp-content\/uploads\/2016\/02\/Flag_of_the_United_Kingdom.svg_.png 1280w, https:\/\/cierl.uma.pt\/wp-content\/uploads\/2016\/02\/Flag_of_the_United_Kingdom.svg_-300x150.png 300w, https:\/\/cierl.uma.pt\/wp-content\/uploads\/2016\/02\/Flag_of_the_United_Kingdom.svg_-768x384.png 768w, https:\/\/cierl.uma.pt\/wp-content\/uploads\/2016\/02\/Flag_of_the_United_Kingdom.svg_-1024x512.png 1024w\" sizes=\"auto, (max-width: 85px) 100vw, 85px\" \/><\/a><\/td>\n<\/tr>\n<\/tbody>\n<\/table>\n<h2 style=\"text-align: center;\"><\/h2>\n<h2 style=\"text-align: center;\"><span style=\"color: #a73307;\"><strong>III Col\u00f3quio Internacional INSULA<\/strong><\/span><\/h2>\n<h2 style=\"text-align: center;\"><span style=\"color: #993300;\"><strong>III INSULA\u00a0<\/strong><strong> International Colloquium<\/strong><\/span><\/h2>\n<h2 style=\"text-align: center;\"><span style=\"color: #808080;\"><strong>\u00a0Para Al\u00e9m de Natureza \/Artif\u00edcio<\/strong><\/span><\/h2>\n<h2 style=\"text-align: center;\"><span style=\"color: #808080;\"><strong>Beyond Nature \/Artifice<\/strong><\/span><\/h2>\n<h2><\/h2>\n<h2 style=\"text-align: center;\"><span style=\"color: #800000;\"><strong><a href=\"http:\/\/www.islandcities.org\/icua2017.html\">III Confer\u00eancia Island Cities &amp; Urban Archipelagos &#8211;\u00a0<\/a><\/strong>ICUA<\/span><\/h2>\n<h2 style=\"text-align: center;\"><span style=\"color: #800000;\"><strong><a href=\"http:\/\/www.islandcities.org\/icua2017.html\">III Island Cities &amp; Urban Archipelagos Conference<\/a><\/strong>\u00a0&#8211; ICUA<\/span><\/h2>\n<h3 style=\"text-align: center;\"><span style=\"color: #a73307;\"><strong>8 &#8211; 12 November 2017<\/strong><\/span><\/h3>\n<h4 style=\"text-align: center;\"><span style=\"color: #808080;\"><strong>Funchal &#8211; Madeira, Portugal | UMa-CIERL<\/strong><\/span><\/h4>\n<hr \/>\n<h4 style=\"text-align: center;\"><strong style=\"color: #333333;\">Data limite para submiss\u00e3o de propostas: <\/strong><span style=\"color: #808080;\">(30 de Maio de 2017)<\/span><strong><span style=\"color: #333333;\"><span style=\"color: #993300;\"><br \/>\n<\/span><\/span><span style=\"color: #993300;\"><span style=\"color: #333333;\">30 de Junho de 2017 (prazo final)\u00a0<\/span><\/span><\/strong><\/h4>\n<h4 style=\"text-align: center;\"><strong>Deadline for submission of proposals: <span style=\"color: #999999;\">May 30, 2017<\/span>\u00a0June 30, 2017 (deadline)<\/strong><\/h4>\n<table style=\"width: 909px;\">\n<tbody>\n<tr>\n<td style=\"width: 438.5px;\"><img loading=\"lazy\" decoding=\"async\" class=\"alignright\" src=\"http:\/\/www4.uma.pt\/cierl\/wp-content\/uploads\/2015\/02\/insulaIII_Juliano-258x300.png\" width=\"194\" height=\"226\" \/><\/p>\n<p>&nbsp;<\/p>\n<p>&nbsp;<\/td>\n<td style=\"width: 433.5px;\">&nbsp;<\/p>\n<p>&nbsp;<\/p>\n<p><a href=\"http:\/\/www4.uma.pt\/cierl\/wp-content\/uploads\/2016\/02\/island-cities-and-urban-archipelagos.png-300x121.png\"><img loading=\"lazy\" decoding=\"async\" class=\"wp-image-6778 alignleft\" src=\"http:\/\/www4.uma.pt\/cierl\/wp-content\/uploads\/2016\/02\/island-cities-and-urban-archipelagos.png-300x121.png\" alt=\"\" width=\"258\" height=\"104\" \/><\/a><\/td>\n<\/tr>\n<tr>\n<td style=\"width: 438.5px;\">\n<div style=\"text-align: right;\"><span style=\"color: #999999;\"><sup>\u00a9 Juliano Gouveia dos Santos \u00a0 \u00a0 \u00a0\u00a0<\/sup><\/span><\/div>\n<\/td>\n<td style=\"width: 433.5px;\"><\/td>\n<\/tr>\n<\/tbody>\n<\/table>\n<p>O III Col\u00f3quio Internacional\u00a0\u00a0INSULA. Para al\u00e9m de Natureza\/Artif\u00edcio\u00a0realiza-se em simult\u00e2neo com a <strong><a href=\"http:\/\/www.islandcities.org\/icua2017.html\">III Island Cities &amp; Urban Archipelagos Conference<\/a><\/strong> (ICUA), resultando de uma parceria entre o <strong><a href=\"http:\/\/www4.uma.pt\/cierl\/wp-content\/uploads\/2016\/02\/UMa-CIERL.pdf\">UMa-CIERL<\/a><\/strong>\u00a0as ICUA Conferences e a <strong><a href=\"http:\/\/www.islanddynamics.org\/\">Island Dynamics<\/a><\/strong>.<\/p>\n<p>The III INSULA International Colloquium. Beyond Nature\/Artifice is a collaboration of <strong><a href=\"http:\/\/www4.uma.pt\/cierl\/wp-content\/uploads\/2016\/02\/UMa-CIERL.pdf\">UMa-CIERL<\/a><\/strong>,\u00a0 <strong><a href=\"http:\/\/www.islandcities.org\/icua2017.html\">Island Cities &amp; Urban Archipelagos Conferences<\/a><\/strong> (ICUA) and <strong><a href=\"http:\/\/www.islanddynamics.org\/\">Island Dynamics<\/a><\/strong>.<\/p>\n<table style=\"width: 789px;\">\n<tbody>\n<tr>\n<td>\n<h4><strong><a href=\"http:\/\/www4.uma.pt\/cierl\/?page_id=1916\" target=\"_blank\" rel=\"noopener\">Convite \u00e0 participa\u00e7\u00e3o <\/a>|\u00a0<a href=\"http:\/\/www4.uma.pt\/cierl\/?page_id=1914\">Call for papers<\/a><\/strong><\/h4>\n<\/td>\n<td>\n<h4><a href=\"http:\/\/www4.uma.pt\/cierl\/wp-content\/uploads\/2016\/02\/Programa-Programme.pdf\"><strong>Programa | Programme<\/strong><\/a><\/h4>\n<\/td>\n<\/tr>\n<tr>\n<td>\n<h4><strong><a href=\"http:\/\/www4.uma.pt\/cierl\/?page_id=1932\" target=\"_blank\" rel=\"noopener\">Inscri\u00e7\u00f5es<\/a>\u00a0|\u00a0<a href=\"http:\/\/www4.uma.pt\/cierl\/?page_id=1930\">Registration<\/a><a href=\"http:\/\/www4.uma.pt\/cierl\/wp-content\/uploads\/2015\/02\/insulaIII_Juliano.png\">\u00a0<\/a><\/strong><\/h4>\n<\/td>\n<td>\n<h4><strong><a href=\"http:\/\/www4.uma.pt\/cierl\/?page_id=1920\" target=\"_blank\" rel=\"noopener\">Confer\u00eancias Plen\u00e1rias<\/a>\u00a0|\u00a0<a href=\"http:\/\/www4.uma.pt\/cierl\/?page_id=1923\">Plenary Sessions\u00a0<\/a><\/strong><\/h4>\n<\/td>\n<\/tr>\n<tr>\n<td>\n<h4><strong><span style=\"color: #000080;\"><a href=\"http:\/\/www4.uma.pt\/cierl\/wp-content\/uploads\/2016\/02\/Regulamento-Bolsas-INSULA-UMa-CIERL_BeyondNature-Artifice.pdf\" target=\"_blank\" rel=\"noopener\">Bolsas INSULA \/\u00a0UMa-CIERL Para Al\u00e9m de Natureza\/Artif\u00edcio<\/a><\/span><\/strong><\/h4>\n<h4><strong><span style=\"color: #000080;\"><a href=\"http:\/\/www4.uma.pt\/cierl\/wp-content\/uploads\/2016\/02\/INSULA_UMa-CIERL-Scholarship-Regulation-2017_V1.pdf\">INSULA\/UMa-CIERL.\u200b \u200bBeyond\u200b \u200bNature\/Artifice\u00a0Scholarship\u200b<\/a><\/span><\/strong><\/h4>\n<\/td>\n<td>\n<h4><strong><span style=\"color: #000080;\"><a href=\"http:\/\/www4.uma.pt\/cierl\/wp-content\/uploads\/2016\/02\/Resumos-Abstracts.pdf\">Resumos<\/a>\u00a0|\u00a0<\/span><\/strong><strong><span style=\"color: #000080;\"><a href=\"http:\/\/www4.uma.pt\/cierl\/wp-content\/uploads\/2016\/02\/Resumos-Abstracts.pdf\">Abstracts<\/a><\/span><\/strong><\/h4>\n<\/td>\n<\/tr>\n<\/tbody>\n<\/table>\n<table style=\"width: 791px;\">\n<tbody>\n<tr>\n<td style=\"width: 445px;\">\n<h4 style=\"text-align: left;\"><strong><span style=\"color: #808080;\"><a href=\"http:\/\/www4.uma.pt\/cierl\/?page_id=1939\" target=\"_blank\" rel=\"noopener\">Actividades Formativas<\/a><\/span><\/strong><\/h4>\n<h4 style=\"text-align: left;\"><strong><span style=\"color: #808080;\"><a href=\"http:\/\/www4.uma.pt\/cierl\/?page_id=1941\">Training activities<\/a>\u00a0<\/span><\/strong><\/h4>\n<\/td>\n<td style=\"width: 310px;\">\n<h4><strong><span style=\"color: #808080;\"><a href=\"http:\/\/www4.uma.pt\/cierl\/?page_id=2340\" target=\"_blank\" rel=\"noopener\">Actividades Culturais<\/a><\/span><\/strong><\/h4>\n<h4><strong><span style=\"color: #808080;\"><a href=\"http:\/\/www4.uma.pt\/cierl\/?page_id=2345\">Cultural Activities\u00a0<\/a><\/span><\/strong><\/h4>\n<\/td>\n<\/tr>\n<\/tbody>\n<\/table>\n<table style=\"width: 907px;\">\n<tbody>\n<tr>\n<td style=\"width: 515.5px;\">\n<h3><span style=\"color: #993300;\"><strong><b>Comiss\u00e3o Organizadora |\u00a0<\/b><\/strong><\/span><span style=\"color: #993300;\"><strong><b>Organising Committee<\/b><\/strong><\/span><\/h3>\n<p><span style=\"color: #000080;\"><a href=\"http:\/\/www4.uma.pt\/cierl\/?page_id=485\">Ana Salgueiro <\/a>(coord.)<\/span><\/p>\n<p><span style=\"color: #000080;\"><a href=\"http:\/\/www4.uma.pt\/cierl\/?page_id=2249\">Diana Pimentel<\/a><\/span><\/p>\n<p><span style=\"color: #000080;\"><a href=\"http:\/\/www4.uma.pt\/cierl\/?page_id=1112\">Duarte Santo<\/a> (coord.)<\/span><\/p>\n<p><span style=\"color: #000080;\"><a href=\"http:\/\/www4.uma.pt\/cierl\/?page_id=479\">Naidea Nunes Nunes<\/a><\/span><\/p>\n<p><span style=\"color: #000080;\"><a href=\"https:\/\/www.researchgate.net\/profile\/Nuno_Marques7\">Nuno Marques<\/a><\/span><\/p>\n<p><span style=\"color: #000080;\"><a href=\"http:\/\/www4.uma.pt\/cierl\/?page_id=513\">Paulo Miguel Rodrigues<\/a><\/span><\/p>\n<p><span style=\"color: #000080;\">Raquel Gon\u00e7alves<\/span><\/p>\n<p><span style=\"color: #000080;\">+\u00a0<a href=\"https:\/\/upei.academia.edu\/AdamGrydehoj\">Ada<\/a><a href=\"https:\/\/upei.academia.edu\/AdamGrydehoj\">m\u00a0Grydeh\u00f8j <\/a>(ICUA Conference)<\/span><\/td>\n<td style=\"width: 354.5px;\">\n<h3><span style=\"color: #993300;\"><strong>Contactos | Contacts<\/strong><\/span><\/h3>\n<p><span style=\"color: #993300;\"><strong>Comiss\u00e3o Organizadora<\/strong> |\u00a0<strong>Organising Committee<\/strong><\/span><\/p>\n<p><strong><a href=\"http:\/\/insula3@mail.uma.pt\">insula3@mail.uma.pt<\/a><\/strong><\/p>\n<p>UMa-CIERL: <strong><a href=\"http:\/\/cierl@mail.uma.pt\">cierl@mail.uma.pt<\/a><\/strong><\/p>\n<p><strong>Telefone<\/strong> | \u00a0<strong>Phone:\u00a0<\/strong>00351\u00a0 291705240<\/td>\n<\/tr>\n<tr>\n<td style=\"width: 515.5px;\">\u00a0<a href=\"http:\/\/www4.uma.pt\/cierl\/wp-content\/uploads\/2014\/11\/UMa.png\"><img loading=\"lazy\" decoding=\"async\" class=\"wp-image-46 alignleft\" src=\"http:\/\/www4.uma.pt\/cierl\/wp-content\/uploads\/2014\/11\/UMa.png\" alt=\"\" width=\"226\" height=\"114\" srcset=\"https:\/\/cierl.uma.pt\/wp-content\/uploads\/2014\/11\/UMa.png 842w, https:\/\/cierl.uma.pt\/wp-content\/uploads\/2014\/11\/UMa-300x151.png 300w\" sizes=\"auto, (max-width: 226px) 100vw, 226px\" \/><\/a><\/p>\n<p>&nbsp;<\/p>\n<p>&nbsp;<\/p>\n<p>&nbsp;<\/p>\n<p>&nbsp;<\/td>\n<td style=\"width: 354.5px;\">\n<h3 class=\"entry-title\"><span style=\"color: #993300;\"><strong>Localiza\u00e7\u00e3o e acolhimento |\u00a0<\/strong><\/span><\/h3>\n<h3 class=\"entry-title\"><span style=\"color: #993300;\"><strong>Location &amp; Venue<\/strong><\/span><\/h3>\n<p>Universidade da Madeira<br \/>\nCol\u00e9gio dos Jesu\u00edtas<br \/>\nPra\u00e7a do Munic\u00edpio, 9000-082 Funchal<\/p>\n<p>+ info. <a href=\"http:\/\/www4.uma.pt\/cierl\/?page_id=439\">aqui<\/a><\/td>\n<\/tr>\n<tr>\n<td style=\"width: 515.5px;\">\n<h3><span style=\"color: #993300;\"><strong>Comiss\u00e3o Cient\u00edfica |\u00a0<\/strong><strong>Scientific Committee<\/strong><\/span><\/h3>\n<p>\u00c1lvaro Domingues (Universidade do Porto)<\/p>\n<p>C\u00e2ndida Cadavez (Escola Superior de Hotelaria e Turismo do Estoril; IHC-UNL; UCP-CECC)<\/p>\n<p>Carlos Valente (Universidade da Madeira)<\/p>\n<p>C\u00e9sar Dominguez (Universidade de Santiago de Compostela e\u00a0Sichuan University)<\/p>\n<p>Corinna Dean (University of Westminster)<\/p>\n<p>Daniel Andersson (Ume\u00e5 University)<\/p>\n<p>Diana Pimentel (Universidade da Madeira)<\/p>\n<p>Elisabeth Conrad (University of Malta)<\/p>\n<p>Filipa Fernandes (UMa-CIERL; ISCSP &#8211; Universidade de Lisboa)<\/p>\n<p>Godfrey Baldacchino (University of Malta; UNESCO co-Chair in Island Studies &amp; Sustanability)<\/p>\n<p>Helen Farrell (University of Westminster)<\/p>\n<p>Ida Maria Santos Ferreira Alves\u00a0(Universidade Federal Fluminense)<\/p>\n<p>Ilan Kelman (University College of London)<\/p>\n<div>Isabel Maria Fernandes Alves\u00a0(Universidade de Tr\u00e1s-os-Montes e Alto Douro)<\/div>\n<div><\/div>\n<div>Isabel Capeloa Gil\u00a0(Universidade Cat\u00f3lica Portuguesa)<\/div>\n<\/td>\n<td>&nbsp;<\/p>\n<p><a href=\"http:\/\/fcsh.unl.pt\/faculdade\/docentes\/jseixas\">Jo\u00e3o Seixas<\/a> (Universidade Nova de Lisboa)<\/p>\n<p>Jos\u00e9 Lu\u00eds Z\u00eazere (Universidade de Lisboa)<\/p>\n<p>Juliano Gouveia dos Santos (Universidade de S\u00e3o Paulo)<\/p>\n<p>Louis F. Cassar\u00a0(University of Malta)<\/p>\n<p>Miguel Sequeira (Universidade da Madeira)<\/p>\n<p>Naidea Nunes Nunes (Universidade da Madeira; UMa-CIERL; CLUL)<\/p>\n<p>Nancy Duxbury (CES-Universidade de Coimbra e\u00a0Simon Fraser University Vancouver)<\/p>\n<p>Ol\u00edvia Bina (ICS &#8211; Universidade de Lisboa; Chinese University of Hong Kong)<\/p>\n<p>Patr\u00edcia Vieira (Georgetown University)<\/p>\n<p>Paulo Miguel Rodrigues (Universidade da Madeira)<\/p>\n<p>Peter Hanenberg\u00a0(Universidade Cat\u00f3lica Portuguesa)<\/p>\n<p>Steven Hartman (Mid Sweden University)<\/p>\n<p>Urbano Bettencourt (UMa- CIERL)<\/p>\n<p>Viriato Soromenho-Marques (Universidade de Lisboa)<\/p>\n<p>Yogan Muller (ENSAV La Cambre, Universit\u00e9 Libre de Bruxelles)<\/td>\n<\/tr>\n<\/tbody>\n<\/table>\n<table style=\"width: 903px; border-color: #614e4e; height: 4195px;\">\n<tbody>\n<tr style=\"height: 320.28125px;\">\n<td style=\"width: 438px; text-align: left; height: 320.28125px;\">\n<h3><span style=\"color: #993300;\"><strong>Secretariado |\u00a0<\/strong><strong>Secretarial Team<\/strong><\/span><\/h3>\n<p>Ana Paula Almeida<\/p>\n<p>Micaela Freitas<\/p>\n<p>Odeta Pereira<\/p>\n<p>Maria Cristina Martins<\/p>\n<p>Miguel Lopes<\/p>\n<p>S\u00edlvia Gomes<\/p>\n<p>&nbsp;<\/p>\n<h3><span style=\"color: #993300;\"><strong>Assessoria de Comunica\u00e7\u00e3o\u00a0<em>\/ Media<\/em><\/strong><\/span><\/h3>\n<p>Raquel Gon\u00e7alves<\/td>\n<td style=\"width: 428px; height: 320.28125px;\">\n<h3><span style=\"color: #993300;\"><b>Design<\/b><\/span><\/h3>\n<p>Filipe Gomes<\/p>\n<h3><span style=\"color: #993300;\"><strong>Multimedia &amp; Apoio T\u00e9cnico |\u00a0<\/strong><strong>Technical Support<\/strong><\/span><\/h3>\n<p>Jo\u00e3o Marcos Duarte\u00a0Matos<\/p>\n<p>Pedro Cirilo<\/p>\n<p>Rui Gomes<\/td>\n<\/tr>\n<tr style=\"height: 591px;\">\n<td style=\"width: 884px; height: 591px;\" colspan=\"2\">\n<h2><span style=\"color: #800000;\"><strong>Press | <em>Media<\/em><\/strong><\/span><\/h2>\n<p><a href=\"http:\/\/www4.uma.pt\/cierl\/wp-content\/uploads\/2016\/02\/insuladn1.jpg\"><img loading=\"lazy\" decoding=\"async\" class=\"alignnone size-full wp-image-7313\" src=\"http:\/\/www4.uma.pt\/cierl\/wp-content\/uploads\/2016\/02\/insuladn1.jpg\" alt=\"\" width=\"900\" height=\"653\" srcset=\"https:\/\/cierl.uma.pt\/wp-content\/uploads\/2016\/02\/insuladn1.jpg 900w, https:\/\/cierl.uma.pt\/wp-content\/uploads\/2016\/02\/insuladn1-300x218.jpg 300w, https:\/\/cierl.uma.pt\/wp-content\/uploads\/2016\/02\/insuladn1-768x557.jpg 768w\" sizes=\"auto, (max-width: 900px) 100vw, 900px\" \/><\/a><\/p>\n<p><a href=\"http:\/\/www4.uma.pt\/cierl\/wp-content\/uploads\/2016\/02\/insuladn2.jpg\"><img loading=\"lazy\" decoding=\"async\" class=\"alignnone size-full wp-image-7314\" src=\"http:\/\/www4.uma.pt\/cierl\/wp-content\/uploads\/2016\/02\/insuladn2.jpg\" alt=\"\" width=\"1042\" height=\"496\" srcset=\"https:\/\/cierl.uma.pt\/wp-content\/uploads\/2016\/02\/insuladn2.jpg 1042w, https:\/\/cierl.uma.pt\/wp-content\/uploads\/2016\/02\/insuladn2-300x143.jpg 300w, https:\/\/cierl.uma.pt\/wp-content\/uploads\/2016\/02\/insuladn2-768x366.jpg 768w, https:\/\/cierl.uma.pt\/wp-content\/uploads\/2016\/02\/insuladn2-1024x487.jpg 1024w\" sizes=\"auto, (max-width: 1042px) 100vw, 1042px\" \/><\/a><\/p>\n<p><a href=\"http:\/\/www4.uma.pt\/cierl\/wp-content\/uploads\/2016\/02\/insulajm.jpg\"><img loading=\"lazy\" decoding=\"async\" class=\"alignnone size-full wp-image-7315\" src=\"http:\/\/www4.uma.pt\/cierl\/wp-content\/uploads\/2016\/02\/insulajm.jpg\" alt=\"\" width=\"699\" height=\"642\" srcset=\"https:\/\/cierl.uma.pt\/wp-content\/uploads\/2016\/02\/insulajm.jpg 699w, https:\/\/cierl.uma.pt\/wp-content\/uploads\/2016\/02\/insulajm-300x276.jpg 300w\" sizes=\"auto, (max-width: 699px) 100vw, 699px\" \/><\/a><\/p>\n<p><a href=\"http:\/\/www4.uma.pt\/cierl\/wp-content\/uploads\/2016\/02\/insuladn1.tiff\"><img decoding=\"async\" class=\"alignnone size-full wp-image-7728\" src=\"http:\/\/www4.uma.pt\/cierl\/wp-content\/uploads\/2016\/02\/insuladn1.tiff\" alt=\"\" \/><\/a><\/p>\n<p><a href=\"http:\/\/www4.uma.pt\/cierl\/wp-content\/uploads\/2016\/02\/insuladn2.tiff\"><img decoding=\"async\" class=\"alignnone size-full wp-image-7729\" src=\"http:\/\/www4.uma.pt\/cierl\/wp-content\/uploads\/2016\/02\/insuladn2.tiff\" alt=\"\" \/><\/a><\/p>\n<p><a href=\"http:\/\/www4.uma.pt\/cierl\/wp-content\/uploads\/2016\/02\/insulajm.tiff\"><img decoding=\"async\" class=\"alignnone size-full wp-image-7730\" src=\"http:\/\/www4.uma.pt\/cierl\/wp-content\/uploads\/2016\/02\/insulajm.tiff\" alt=\"\" \/><\/a><\/p>\n<h2><span style=\"color: #800000;\"><strong>Redes Sociais | <em>Social Media<\/em><\/strong><\/span><\/h2>\n<p><a href=\"https:\/\/www.facebook.com\/events\/677643962407472\/permalink\/818372075001326\/\" target=\"_blank\" rel=\"https:\/\/www.facebook.com\/cierl.uma noopener\"><img loading=\"lazy\" decoding=\"async\" class=\"alignnone\" src=\"http:\/\/www4.uma.pt\/cierl\/wp-content\/uploads\/2016\/02\/Unknown-3.png\" alt=\"\" width=\"206\" height=\"77\" \/><\/a>\u00a0 \u00a0 \u00a0 \u00a0 \u00a0 \u00a0 \u00a0 \u00a0 \u00a0 \u00a0 \u00a0 \u00a0 \u00a0 \u00a0 \u00a0 \u00a0 \u00a0 \u00a0 \u00a0 \u00a0 \u00a0 <a href=\"https:\/\/www.instagram.com\/INSULA_III\/\" target=\"_blank\" rel=\"https:\/\/www.instagram.com\/INSULA_III\/ noopener\"><img loading=\"lazy\" decoding=\"async\" class=\"alignnone\" src=\"http:\/\/www4.uma.pt\/cierl\/wp-content\/uploads\/2016\/02\/Unknown.jpeg\" alt=\"\" width=\"174\" height=\"113\" \/><\/a><\/p>\n<hr \/>\n<table style=\"height: 686px;\" width=\"827\">\n<tbody>\n<tr style=\"height: 696.15625px;\">\n<td style=\"width: 864px; height: 696.15625px;\">\n<h3><span style=\"color: #993300;\"><strong>Outros Parceiros |\u00a0<\/strong><strong>Other Partners<\/strong><\/span><\/h3>\n<h3><img loading=\"lazy\" decoding=\"async\" class=\"alignnone wp-image-1456\" style=\"font-family: inherit; font-size: inherit;\" src=\"http:\/\/www4.uma.pt\/cierl\/wp-content\/uploads\/2015\/04\/LogoAAUMa-1.png\" alt=\"\" width=\"82\" height=\"61\" srcset=\"https:\/\/cierl.uma.pt\/wp-content\/uploads\/2015\/04\/LogoAAUMa-1.png 802w, https:\/\/cierl.uma.pt\/wp-content\/uploads\/2015\/04\/LogoAAUMa-1-300x223.png 300w\" sizes=\"auto, (max-width: 82px) 100vw, 82px\" \/><a href=\"http:\/\/cecc.fch.lisboa.ucp.pt\/en\/homepage.html\"><img loading=\"lazy\" decoding=\"async\" class=\"wp-image-4763\" src=\"http:\/\/www4.uma.pt\/cierl\/wp-content\/uploads\/2016\/02\/CECC-300x199.png\" alt=\"\" width=\"179\" height=\"118\" srcset=\"https:\/\/cierl.uma.pt\/wp-content\/uploads\/2016\/02\/CECC-300x199.png 300w, https:\/\/cierl.uma.pt\/wp-content\/uploads\/2016\/02\/CECC-768x510.png 768w, https:\/\/cierl.uma.pt\/wp-content\/uploads\/2016\/02\/CECC-1024x680.png 1024w\" sizes=\"auto, (max-width: 179px) 100vw, 179px\" \/><\/a>\u00a0 \u00a0 <a href=\"http:\/\/www.sprak.umu.se\/english\/?languageId=1#\"><img loading=\"lazy\" decoding=\"async\" class=\"alignnone wp-image-5783\" src=\"http:\/\/www4.uma.pt\/cierl\/wp-content\/uploads\/2016\/02\/UMEA_university-300x124.png\" alt=\"\" width=\"181\" height=\"75\" srcset=\"https:\/\/cierl.uma.pt\/wp-content\/uploads\/2016\/02\/UMEA_university-300x124.png 300w, https:\/\/cierl.uma.pt\/wp-content\/uploads\/2016\/02\/UMEA_university.png 600w\" sizes=\"auto, (max-width: 181px) 100vw, 181px\" \/><\/a><a href=\"https:\/\/laboratoriodeecocr.wixsite.com\/ecolabgal\"><img loading=\"lazy\" decoding=\"async\" class=\"alignnone wp-image-4973\" src=\"http:\/\/www4.uma.pt\/cierl\/wp-content\/uploads\/2016\/02\/Logo-USC-EcoLab-300x140.png\" alt=\"\" width=\"223\" height=\"104\" \/><\/a><img loading=\"lazy\" decoding=\"async\" class=\"alignnone wp-image-5810\" style=\"font-family: inherit; font-size: inherit;\" src=\"http:\/\/www4.uma.pt\/cierl\/wp-content\/uploads\/2016\/02\/university-westminster-logo-300x147.jpg\" alt=\"\" width=\"169\" height=\"83\" srcset=\"https:\/\/cierl.uma.pt\/wp-content\/uploads\/2016\/02\/university-westminster-logo-300x147.jpg 300w, https:\/\/cierl.uma.pt\/wp-content\/uploads\/2016\/02\/university-westminster-logo.jpg 446w\" sizes=\"auto, (max-width: 169px) 100vw, 169px\" \/><\/h3>\n<p><a href=\"http:\/\/www4.uma.pt\/cierl\/wp-content\/uploads\/2016\/02\/6.-logo_ifcn3.png\"><img loading=\"lazy\" decoding=\"async\" class=\"alignnone size-full wp-image-6841\" src=\"http:\/\/www4.uma.pt\/cierl\/wp-content\/uploads\/2016\/02\/6.-logo_ifcn3.png\" alt=\"\" width=\"600\" height=\"73\" srcset=\"https:\/\/cierl.uma.pt\/wp-content\/uploads\/2016\/02\/6.-logo_ifcn3.png 600w, https:\/\/cierl.uma.pt\/wp-content\/uploads\/2016\/02\/6.-logo_ifcn3-300x37.png 300w\" sizes=\"auto, (max-width: 600px) 100vw, 600px\" \/><\/a>\u00a0 \u00a0 \u00a0 \u00a0 \u00a0 \u00a0 \u00a0 \u00a0 \u00a0 \u00a0 \u00a0 \u00a0 <a href=\"http:\/\/www4.uma.pt\/cierl\/wp-content\/uploads\/2016\/02\/LogoCDA_Vers\u00e3oCores-2.png\"><img loading=\"lazy\" decoding=\"async\" class=\"alignnone wp-image-6842\" src=\"http:\/\/www4.uma.pt\/cierl\/wp-content\/uploads\/2016\/02\/LogoCDA_Vers\u00e3oCores-2.png\" alt=\"\" width=\"131\" height=\"88\" srcset=\"https:\/\/cierl.uma.pt\/wp-content\/uploads\/2016\/02\/LogoCDA_Vers\u00e3oCores-2.png 883w, https:\/\/cierl.uma.pt\/wp-content\/uploads\/2016\/02\/LogoCDA_Vers\u00e3oCores-2-300x201.png 300w, https:\/\/cierl.uma.pt\/wp-content\/uploads\/2016\/02\/LogoCDA_Vers\u00e3oCores-2-768x514.png 768w\" sizes=\"auto, (max-width: 131px) 100vw, 131px\" \/><\/a><\/p>\n<p><a href=\"http:\/\/www4.uma.pt\/cierl\/wp-content\/uploads\/2016\/02\/LogoCMF_2017.jpg\"><img loading=\"lazy\" decoding=\"async\" class=\"alignnone wp-image-4619\" src=\"http:\/\/www4.uma.pt\/cierl\/wp-content\/uploads\/2016\/02\/LogoCMF_2017.jpg\" alt=\"\" width=\"121\" height=\"55\" srcset=\"https:\/\/cierl.uma.pt\/wp-content\/uploads\/2016\/02\/LogoCMF_2017.jpg 1013w, https:\/\/cierl.uma.pt\/wp-content\/uploads\/2016\/02\/LogoCMF_2017-300x136.jpg 300w, https:\/\/cierl.uma.pt\/wp-content\/uploads\/2016\/02\/LogoCMF_2017-768x348.jpg 768w\" sizes=\"auto, (max-width: 121px) 100vw, 121px\" \/>\u00a0\u00a0<\/a><a href=\"http:\/\/www4.uma.pt\/cierl\/wp-content\/uploads\/2016\/02\/teatro_municipal_300px.jpg\"><img loading=\"lazy\" decoding=\"async\" class=\"alignnone wp-image-6838\" src=\"http:\/\/www4.uma.pt\/cierl\/wp-content\/uploads\/2016\/02\/teatro_municipal_300px.jpg\" alt=\"\" width=\"133\" height=\"51\" \/><\/a>\u00a0 <a style=\"font-family: inherit; font-size: inherit;\" href=\"http:\/\/www.cm-funchal.pt\/index.php?option=com_content&amp;view=article&amp;id=1845:gabinete-da-cidade-esta-a-funcionar-no-baltazar-dias-e-funchal-alerta-e-apresentado-segunda-feira&amp;catid=4:destaques&amp;Itemid=176\"><img loading=\"lazy\" decoding=\"async\" class=\"alignnone wp-image-5499\" src=\"http:\/\/www4.uma.pt\/cierl\/wp-content\/uploads\/2016\/02\/Gabinete-da-Cidade-2-300x110.png\" alt=\"\" width=\"141\" height=\"52\" srcset=\"https:\/\/cierl.uma.pt\/wp-content\/uploads\/2016\/02\/Gabinete-da-Cidade-2-300x110.png 300w, https:\/\/cierl.uma.pt\/wp-content\/uploads\/2016\/02\/Gabinete-da-Cidade-2.png 441w\" sizes=\"auto, (max-width: 141px) 100vw, 141px\" \/><\/a>\u00a0<a href=\"https:\/\/www.facebook.com\/OASRS-Madeira-Delega%C3%A7%C3%A3o-238384982906164\/\" rel=\"attachment wp-att-966\"><img loading=\"lazy\" decoding=\"async\" class=\"alignnone wp-image-966\" src=\"http:\/\/www4.uma.pt\/cierl\/wp-content\/uploads\/2015\/02\/OA_Ass_Sec_Mono_Cmyk_Madeira_Pos-300x118.jpg\" alt=\"OA_Ass_Sec_Mono_Cmyk_Castelo_Branco\" width=\"190\" height=\"75\" srcset=\"https:\/\/cierl.uma.pt\/wp-content\/uploads\/2015\/02\/OA_Ass_Sec_Mono_Cmyk_Madeira_Pos-300x118.jpg 300w, https:\/\/cierl.uma.pt\/wp-content\/uploads\/2015\/02\/OA_Ass_Sec_Mono_Cmyk_Madeira_Pos-1024x401.jpg 1024w\" sizes=\"auto, (max-width: 190px) 100vw, 190px\" \/><\/a><img loading=\"lazy\" decoding=\"async\" class=\"alignnone wp-image-4957\" style=\"font-family: inherit; font-size: inherit;\" src=\"http:\/\/www4.uma.pt\/cierl\/wp-content\/uploads\/2017\/04\/Translocal-logo-PB-subtitulo50-e1494601964520.png\" alt=\"\" width=\"176\" height=\"63\" \/>\u00a0<img loading=\"lazy\" decoding=\"async\" class=\"alignnone wp-image-4201\" style=\"font-family: inherit; font-size: inherit;\" src=\"http:\/\/www4.uma.pt\/cierl\/wp-content\/uploads\/2016\/06\/TRATU\u00c1RIO-175x300-175x300.png\" alt=\"\" width=\"76\" height=\"130\" \/><\/p>\n<p>&nbsp;<\/td>\n<\/tr>\n<\/tbody>\n<\/table>\n<table>\n<tbody>\n<tr>\n<td>\n<h3><strong style=\"color: #993300; font-family: inherit; font-size: inherit;\">Outros Apoios Institucionais |\u00a0<\/strong><strong style=\"color: #993300; font-family: inherit; font-size: inherit;\">Other Institutional Support<\/strong> \u00a0\u00a0<span style=\"font-family: inherit; font-size: inherit;\"> \u00a0<\/span><span style=\"font-family: inherit; font-size: inherit;\">\u00a0<\/span><span style=\"font-family: inherit; font-size: inherit;\">\u00a0 \u00a0\u00a0<\/span><\/h3>\n<h3><\/h3>\n<h3><img loading=\"lazy\" decoding=\"async\" class=\"wp-image-3177 alignleft\" style=\"font-family: inherit; font-size: inherit;\" src=\"http:\/\/www4.uma.pt\/cierl\/wp-content\/uploads\/2016\/07\/LogoFCT.png\" alt=\"\" width=\"261\" height=\"108\" srcset=\"https:\/\/cierl.uma.pt\/wp-content\/uploads\/2016\/07\/LogoFCT.png 679w, https:\/\/cierl.uma.pt\/wp-content\/uploads\/2016\/07\/LogoFCT-300x124.png 300w\" sizes=\"auto, (max-width: 261px) 100vw, 261px\" \/><\/h3>\n<p><img loading=\"lazy\" decoding=\"async\" class=\"alignnone wp-image-6750\" src=\"http:\/\/www4.uma.pt\/cierl\/wp-content\/uploads\/2016\/02\/SRETC.jpg\" alt=\"\" width=\"138\" height=\"69\" \/>\u00a0<img loading=\"lazy\" decoding=\"async\" class=\"alignnone wp-image-6751\" src=\"http:\/\/www4.uma.pt\/cierl\/wp-content\/uploads\/2016\/02\/DRC-1.png\" alt=\"\" width=\"113\" height=\"74\" \/>\u00a0<img loading=\"lazy\" decoding=\"async\" class=\"alignnone wp-image-5346\" src=\"http:\/\/www4.uma.pt\/cierl\/wp-content\/uploads\/2016\/02\/apm.jpg\" alt=\"\" width=\"154\" height=\"84\" srcset=\"https:\/\/cierl.uma.pt\/wp-content\/uploads\/2016\/02\/apm.jpg 1502w, https:\/\/cierl.uma.pt\/wp-content\/uploads\/2016\/02\/apm-300x164.jpg 300w, https:\/\/cierl.uma.pt\/wp-content\/uploads\/2016\/02\/apm-768x420.jpg 768w, https:\/\/cierl.uma.pt\/wp-content\/uploads\/2016\/02\/apm-1024x560.jpg 1024w\" sizes=\"auto, (max-width: 154px) 100vw, 154px\" \/>\u00a0<a style=\"font-family: inherit; font-size: inherit;\" href=\"http:\/\/www4.uma.pt\/cierl\/wp-content\/uploads\/2016\/02\/discover_madeira_cmyk.jpg\"><img loading=\"lazy\" decoding=\"async\" class=\"alignnone wp-image-5344\" src=\"http:\/\/www4.uma.pt\/cierl\/wp-content\/uploads\/2016\/02\/discover_madeira_cmyk.jpg\" alt=\"\" width=\"149\" height=\"84\" srcset=\"https:\/\/cierl.uma.pt\/wp-content\/uploads\/2016\/02\/discover_madeira_cmyk.jpg 3626w, https:\/\/cierl.uma.pt\/wp-content\/uploads\/2016\/02\/discover_madeira_cmyk-300x169.jpg 300w, https:\/\/cierl.uma.pt\/wp-content\/uploads\/2016\/02\/discover_madeira_cmyk-768x433.jpg 768w, https:\/\/cierl.uma.pt\/wp-content\/uploads\/2016\/02\/discover_madeira_cmyk-1024x578.jpg 1024w\" sizes=\"auto, (max-width: 149px) 100vw, 149px\" \/><\/a><\/td>\n<\/tr>\n<\/tbody>\n<\/table>\n<h2><\/h2>\n<h3><span style=\"color: #993300;\"><strong>Patrocinadores<\/strong> |\u00a0<strong>Sponsors<\/strong><\/span><\/h3>\n<table style=\"font-family: inherit; font-size: inherit;\">\n<tbody>\n<tr style=\"height: 164.1875px;\">\n<td style=\"height: 164.1875px;\">&nbsp;<\/p>\n<table>\n<tbody>\n<tr>\n<td><a href=\"http:\/\/www4.uma.pt\/cierl\/wp-content\/uploads\/2016\/02\/20.-Belmond-Reids-Palace-150x150-2.png\"><img loading=\"lazy\" decoding=\"async\" class=\"wp-image-5502 alignleft\" src=\"http:\/\/www4.uma.pt\/cierl\/wp-content\/uploads\/2016\/02\/20.-Belmond-Reids-Palace-150x150-2.png\" alt=\"\" width=\"132\" height=\"92\" \/><\/a><a href=\"http:\/\/www4.uma.pt\/cierl\/wp-content\/uploads\/2016\/06\/FOUR-VIEWS.png\"><img loading=\"lazy\" decoding=\"async\" class=\"alignnone wp-image-4264\" src=\"http:\/\/www4.uma.pt\/cierl\/wp-content\/uploads\/2016\/06\/FOUR-VIEWS-300x179.png\" alt=\"\" width=\"113\" height=\"67\" srcset=\"https:\/\/cierl.uma.pt\/wp-content\/uploads\/2016\/06\/FOUR-VIEWS-300x179.png 300w, https:\/\/cierl.uma.pt\/wp-content\/uploads\/2016\/06\/FOUR-VIEWS.png 409w\" sizes=\"auto, (max-width: 113px) 100vw, 113px\" \/><\/a>\u00a0 \u00a0<a href=\"http:\/\/www4.uma.pt\/cierl\/wp-content\/uploads\/2016\/10\/logo-equipvending.jpg\"><img loading=\"lazy\" decoding=\"async\" class=\"alignnone wp-image-4433\" src=\"http:\/\/www4.uma.pt\/cierl\/wp-content\/uploads\/2016\/10\/logo-equipvending.jpg\" alt=\"\" width=\"145\" height=\"134\" \/><\/a>\u00a0 <a href=\"http:\/\/www4.uma.pt\/cierl\/wp-content\/uploads\/2016\/10\/logo-insular.png\"><img loading=\"lazy\" decoding=\"async\" class=\"alignnone wp-image-4432\" src=\"http:\/\/www4.uma.pt\/cierl\/wp-content\/uploads\/2016\/10\/logo-insular.png\" alt=\"\" width=\"126\" height=\"95\" \/><\/a>\u00a0\u00a0<img loading=\"lazy\" decoding=\"async\" class=\"alignnone wp-image-6834 alignleft\" src=\"http:\/\/www4.uma.pt\/cierl\/wp-content\/uploads\/2016\/02\/707a6bd7.png\" alt=\"\" width=\"90\" height=\"90\" srcset=\"https:\/\/cierl.uma.pt\/wp-content\/uploads\/2016\/02\/707a6bd7.png 1024w, https:\/\/cierl.uma.pt\/wp-content\/uploads\/2016\/02\/707a6bd7-150x150.png 150w, https:\/\/cierl.uma.pt\/wp-content\/uploads\/2016\/02\/707a6bd7-300x300.png 300w, https:\/\/cierl.uma.pt\/wp-content\/uploads\/2016\/02\/707a6bd7-768x768.png 768w\" sizes=\"auto, (max-width: 90px) 100vw, 90px\" \/><\/td>\n<\/tr>\n<\/tbody>\n<\/table>\n<p>&nbsp;<\/td>\n<\/tr>\n<\/tbody>\n<\/table>\n<\/td>\n<\/tr>\n<tr style=\"height: 566px;\">\n<td style=\"width: 438px; height: 566px;\">\n<h2><\/h2>\n<h2><\/h2>\n<h3><\/h3>\n<p>&nbsp;<\/p>\n<h3><\/h3>\n<p>&nbsp;<\/p>\n<p>&nbsp;<\/td>\n<\/tr>\n<tr style=\"height: 476px;\">\n<td style=\"width: 438px; height: 476px;\"><\/td>\n<td style=\"width: 428px; height: 476px;\"><\/td>\n<\/tr>\n<tr style=\"height: 289px;\">\n<td style=\"width: 438px; height: 289px;\">\n<h3 style=\"text-align: center;\"><\/h3>\n<p>&nbsp;<\/td>\n<td style=\"width: 428px; height: 289px;\"><\/td>\n<\/tr>\n<tr style=\"height: 27px;\">\n<td style=\"width: 438px; height: 27px;\">\n<h3><\/h3>\n<p>&nbsp;<\/p>\n<p>&nbsp;<\/td>\n<td style=\"width: 428px; height: 27px;\">\n<h3><\/h3>\n<h3><span style=\"color: #a73307;\">\u00a0<\/span><\/h3>\n<p><span style=\"color: #ffffff;\">.<\/span><\/td>\n<\/tr>\n<\/tbody>\n<\/table>\n<p>&nbsp;<\/p>\n","protected":false},"excerpt":{"rendered":"<p>\u00a0 III Col\u00f3quio Internacional INSULA III INSULA\u00a0 International Colloquium \u00a0Para Al\u00e9m de Natureza \/Artif\u00edcio Beyond Nature \/Artifice III Confer\u00eancia Island Cities &amp; Urban Archipelagos &#8211;\u00a0ICUA III Island Cities &amp; Urban Archipelagos Conference\u00a0&#8211; ICUA 8 &#8211; 12 November 2017 Funchal &#8211; Madeira, Portugal | UMa-CIERL Data limite para submiss\u00e3o de propostas: (30 de Maio de 2017) &#8230; <a title=\"III INSULA &#038; III ICUA Para al\u00e9m de Natureza &#038; Artif\u00edcio. Beyond Nature &#038; Artifice\" class=\"read-more\" href=\"https:\/\/cierl.uma.pt\/?page_id=1909\" aria-label=\"More on III INSULA &#038; III ICUA Para al\u00e9m de Natureza &#038; Artif\u00edcio. Beyond Nature &#038; Artifice\">Read more<\/a><\/p>\n","protected":false},"author":101012,"featured_media":0,"parent":88,"menu_order":0,"comment_status":"closed","ping_status":"open","template":"","meta":{"footnotes":""},"language":[6],"class_list":{"0":"post-1909","1":"page","2":"type-page","3":"status-publish","5":"language-pt_pt"},"_links":{"self":[{"href":"https:\/\/cierl.uma.pt\/index.php?rest_route=\/wp\/v2\/pages\/1909","targetHints":{"allow":["GET"]}}],"collection":[{"href":"https:\/\/cierl.uma.pt\/index.php?rest_route=\/wp\/v2\/pages"}],"about":[{"href":"https:\/\/cierl.uma.pt\/index.php?rest_route=\/wp\/v2\/types\/page"}],"author":[{"embeddable":true,"href":"https:\/\/cierl.uma.pt\/index.php?rest_route=\/wp\/v2\/users\/101012"}],"replies":[{"embeddable":true,"href":"https:\/\/cierl.uma.pt\/index.php?rest_route=%2Fwp%2Fv2%2Fcomments&post=1909"}],"version-history":[{"count":312,"href":"https:\/\/cierl.uma.pt\/index.php?rest_route=\/wp\/v2\/pages\/1909\/revisions"}],"predecessor-version":[{"id":7731,"href":"https:\/\/cierl.uma.pt\/index.php?rest_route=\/wp\/v2\/pages\/1909\/revisions\/7731"}],"up":[{"embeddable":true,"href":"https:\/\/cierl.uma.pt\/index.php?rest_route=\/wp\/v2\/pages\/88"}],"wp:attachment":[{"href":"https:\/\/cierl.uma.pt\/index.php?rest_route=%2Fwp%2Fv2%2Fmedia&parent=1909"}],"wp:term":[{"taxonomy":"language","embeddable":true,"href":"https:\/\/cierl.uma.pt\/index.php?rest_route=%2Fwp%2Fv2%2Flanguage&post=1909"}],"curies":[{"name":"wp","href":"https:\/\/api.w.org\/{rel}","templated":true}]}}